{"id":13,"date":"2025-08-20T01:23:32","date_gmt":"2025-08-20T01:23:32","guid":{"rendered":"https:\/\/nexuscidadesinteligentes.com.br\/forum-transporte\/?page_id=13"},"modified":"2026-02-03T20:23:02","modified_gmt":"2026-02-03T20:23:02","slug":"home","status":"publish","type":"page","link":"https:\/\/nexuscidadesinteligentes.com.br\/forum-transporte\/","title":{"rendered":"Home"},"content":{"rendered":"\n<div class=\"row row-collapse row-full-width\"  id=\"row-1359328708\">\n\n\n\t<div id=\"col-1885567005\" class=\"col medium-9 small-12 large-9\"  >\n\t\t\t\t<div class=\"col-inner dark\"  >\n\t\t\t\n\t\t\t\n\n\t<div class=\"img has-hover hide-for-medium x md-x lg-x y md-y lg-y\" id=\"image_1606150530\">\n\t\t\t\t\t\t\t\t<div class=\"img-inner dark\" >\n\t\t\t<img loading=\"lazy\" decoding=\"async\" width=\"1\" height=\"1\" src=\"https:\/\/nexuscidadesinteligentes.com.br\/forum-transporte\/wp-content\/uploads\/2026\/01\/Group-13.svg\" class=\"attachment-large size-large\" alt=\"\" \/>\t\t\t\t\t\t\n\t\t\t\t\t<\/div>\n\t\t\t\t\t\t\t\t\n<style>\n#image_1606150530 {\n  width: 100%;\n}\n@media (min-width:550px) {\n  #image_1606150530 {\n    width: 57%;\n  }\n}\n<\/style>\n\t<\/div>\n\t\n\n\t<div class=\"img has-hover show-for-small x md-x lg-x y md-y lg-y\" id=\"image_691786782\">\n\t\t\t\t\t\t\t\t<div class=\"img-inner dark\" >\n\t\t\t<img loading=\"lazy\" decoding=\"async\" width=\"1\" height=\"1\" src=\"https:\/\/nexuscidadesinteligentes.com.br\/forum-transporte\/wp-content\/uploads\/2026\/01\/Group-13-1.svg\" class=\"attachment-large size-large\" alt=\"\" \/>\t\t\t\t\t\t\n\t\t\t\t\t<\/div>\n\t\t\t\t\t\t\t\t\n<style>\n#image_691786782 {\n  width: 93%;\n}\n@media (min-width:550px) {\n  #image_691786782 {\n    width: 45%;\n  }\n}\n<\/style>\n\t<\/div>\n\t\n\n\n\t\t<\/div>\n\t\t\t\t\n<style>\n#col-1885567005 > .col-inner {\n  padding: 30px 20px 30px 20px;\n}\n@media (min-width:550px) {\n  #col-1885567005 > .col-inner {\n    padding: 30px 30px 26px 150px;\n  }\n}\n<\/style>\n\t<\/div>\n\n\t\n\n\t<div id=\"col-666452629\" class=\"col medium-3 small-12 large-3\"  >\n\t\t\t\t<div class=\"col-inner\"  >\n\t\t\t\n\t\t\t\n\n\n  <div class=\"banner has-hover\" id=\"banner-100145141\">\n          <div class=\"banner-inner fill\">\n        <div class=\"banner-bg fill\" >\n            <div class=\"bg fill bg-fill \"><\/div>\n                                    \n                    <\/div>\n\t\t\n        <div class=\"banner-layers container\">\n            <div class=\"fill banner-link\"><\/div>            \n\n\t<div class=\"img has-hover x10 md-x10 lg-x10 y50 md-y50 lg-y50\" id=\"image_6398133\">\n\t\t<a class=\"\" href=\"https:\/\/www.sympla.com.br\/evento\/forum-de-transicao-energetica-no-transporte-publico-do-estado-do-rio-de-janeiro\/3263455\" target=\"_blank\" rel=\"noopener\" >\t\t\t\t\t\t<div class=\"img-inner dark\" >\n\t\t\t<img loading=\"lazy\" decoding=\"async\" width=\"1\" height=\"1\" src=\"https:\/\/nexuscidadesinteligentes.com.br\/forum-transporte\/wp-content\/uploads\/2026\/01\/inscrever-se.svg\" class=\"attachment-large size-large\" alt=\"\" \/>\t\t\t\t\t\t\n\t\t\t\t\t<\/div>\n\t\t\t\t\t\t<\/a>\t\t\n<style>\n#image_6398133 {\n  width: 58%;\n}\n<\/style>\n\t<\/div>\n\t\n\n\n        <\/div>\n      <\/div>\n\n            \n<style>\n#banner-100145141 {\n  padding-top: 98px;\n  background-color: #0a69d2;\n}\n<\/style>\n  <\/div>\n\n\n\n\t\t<\/div>\n\t\t\t\t\n<style>\n#col-666452629 > .col-inner {\n  margin: 0px 0px 0px 0px;\n}\n<\/style>\n\t<\/div>\n\n\t\n\n\n<style>\n#row-1359328708 > .col > .col-inner {\n  background-color: #042042;\n}\n<\/style>\n<\/div>\n\t<section class=\"section\" id=\"section_1157358242\">\n\t\t<div class=\"bg section-bg fill bg-fill  bg-loaded\" >\n\n\t\t\t\n\t\t\t\n\t\t\t\n\n\t\t<\/div>\n\n\t\t\n\n\t\t<div class=\"section-content relative\">\n\t\t\t\n\n\t<div id=\"gap-569623768\" class=\"gap-element clearfix\" style=\"display:block; height:auto;\">\n\t\t\n<style>\n#gap-569623768 {\n  padding-top: 15px;\n}\n@media (min-width:550px) {\n  #gap-569623768 {\n    padding-top: 30px;\n  }\n}\n<\/style>\n\t<\/div>\n\t\n\n<div class=\"row\"  id=\"row-135626528\">\n\n\n\t<div id=\"col-1390931758\" class=\"col medium-6 small-12 large-6\"  >\n\t\t\t\t<div class=\"col-inner\"  >\n\t\t\t\n\t\t\t\n\n\t<div class=\"img has-hover x md-x lg-x y md-y lg-y\" id=\"image_512970929\">\n\t\t<a class=\"\" href=\"https:\/\/nexuscidadesinteligentes.com.br\/forum-transporte\/\" >\t\t\t\t\t\t<div class=\"img-inner dark\" >\n\t\t\t<img loading=\"lazy\" decoding=\"async\" width=\"1020\" height=\"251\" src=\"https:\/\/nexuscidadesinteligentes.com.br\/forum-transporte\/wp-content\/uploads\/2026\/01\/LOGO_V1_PNG-1024x252-1.png\" class=\"attachment-large size-large\" alt=\"\" srcset=\"https:\/\/nexuscidadesinteligentes.com.br\/forum-transporte\/wp-content\/uploads\/2026\/01\/LOGO_V1_PNG-1024x252-1.png 1024w, https:\/\/nexuscidadesinteligentes.com.br\/forum-transporte\/wp-content\/uploads\/2026\/01\/LOGO_V1_PNG-1024x252-1-300x74.png 300w, https:\/\/nexuscidadesinteligentes.com.br\/forum-transporte\/wp-content\/uploads\/2026\/01\/LOGO_V1_PNG-1024x252-1-768x189.png 768w\" sizes=\"auto, (max-width: 1020px) 100vw, 1020px\" \/>\t\t\t\t\t\t\n\t\t\t\t\t<\/div>\n\t\t\t\t\t\t<\/a>\t\t\n<style>\n#image_512970929 {\n  width: 94%;\n}\n@media (min-width:550px) {\n  #image_512970929 {\n    width: 58%;\n  }\n}\n<\/style>\n\t<\/div>\n\t\n\n\n\t\t<\/div>\n\t\t\t\t\n<style>\n#col-1390931758 > .col-inner {\n  padding: 0px 20px 0px 20px;\n}\n<\/style>\n\t<\/div>\n\n\t\n\n\t<div id=\"col-1891369141\" class=\"col hide-for-medium medium-6 small-12 large-6\"  >\n\t\t\t\t<div class=\"col-inner\"  >\n\t\t\t\n\t\t\t\n\n\t<div id=\"text-688368607\" class=\"text\">\n\t\t\n\n<p class=\"uppercase\"><a href=\"#mais\">Sobre<\/a>&nbsp; &nbsp; &nbsp; <a href=\"#obj\">objetivo<\/a>&nbsp; &nbsp; &nbsp;<a href=\"#pro\">Programa\u00e7\u00e3o<\/a><\/p>\n\t\t\n<style>\n#text-688368607 {\n  font-size: 0.9rem;\n  text-align: right;\n}\n<\/style>\n\t<\/div>\n\t\n\n\t\t<\/div>\n\t\t\t\t\n<style>\n#col-1891369141 > .col-inner {\n  padding: 20px 0px 0px 0px;\n}\n<\/style>\n\t<\/div>\n\n\t\n\n<\/div>\n\t<div id=\"gap-1574250651\" class=\"gap-element clearfix\" style=\"display:block; height:auto;\">\n\t\t\n<style>\n#gap-1574250651 {\n  padding-top: 0px;\n}\n@media (min-width:550px) {\n  #gap-1574250651 {\n    padding-top: 30px;\n  }\n}\n<\/style>\n\t<\/div>\n\t\n\n<div class=\"row row-small\"  id=\"row-205111903\">\n\n\n\t<div id=\"col-564060182\" class=\"col medium-6 small-12 large-6\"  >\n\t\t\t\t<div class=\"col-inner\"  >\n\t\t\t\n\t\t\t\n\n\t<div class=\"img has-hover x md-x lg-x y md-y lg-y\" id=\"image_748068022\">\n\t\t\t\t\t\t<div data-animate=\"fadeInLeft\">\t\t<div class=\"img-inner dark\" >\n\t\t\t<img loading=\"lazy\" decoding=\"async\" width=\"1\" height=\"1\" src=\"https:\/\/nexuscidadesinteligentes.com.br\/forum-transporte\/wp-content\/uploads\/2026\/01\/Forum-de-Transicao-Energetica-no-Transporte-Publico-do-Estado-do-Rio-de-Janeiro.svg\" class=\"attachment-large size-large\" alt=\"\" \/>\t\t\t\t\t\t\n\t\t\t\t\t<\/div>\n\t\t<\/div>\t\t\t\t\t\t\n<style>\n#image_748068022 {\n  width: 100%;\n}\n<\/style>\n\t<\/div>\n\t\n\n\t<div id=\"gap-1808831982\" class=\"gap-element clearfix\" style=\"display:block; height:auto;\">\n\t\t\n<style>\n#gap-1808831982 {\n  padding-top: 20px;\n}\n@media (min-width:550px) {\n  #gap-1808831982 {\n    padding-top: 30px;\n  }\n}\n<\/style>\n\t<\/div>\n\t\n\n<a href=\"https:\/\/www.sympla.com.br\/evento\/forum-de-transicao-energetica-no-transporte-publico-do-estado-do-rio-de-janeiro\/3263455\" target=\"_blank\" class=\"button secondary reveal-icon hide-for-medium\" rel=\"noopener\"  style=\"border-radius:99px;padding:8px 50px 8px 50px;\">\n    <span>fa\u00e7a sua inscri\u00e7\u00e3o gratuita<\/span>\n  <i class=\"icon-angle-right\" aria-hidden=\"true\" ><\/i><\/a>\n\n\n<a href=\"https:\/\/www.sympla.com.br\/evento\/forum-de-transicao-energetica-no-transporte-publico-do-estado-do-rio-de-janeiro\/3263455\" target=\"_blank\" class=\"button success reveal-icon expand show-for-small\" rel=\"noopener\"  style=\"border-radius:99px;padding:8px 50px 8px 50px;\">\n    <span>fa\u00e7a sua inscri\u00e7\u00e3o gratuita<\/span>\n  <i class=\"icon-angle-right\" aria-hidden=\"true\" ><\/i><\/a>\n\n\n<a href=\"#mais\" class=\"button white is-outline reveal-icon hide-for-medium\"  style=\"border-radius:99px;padding:8px 20px 8px 20px;\">\n    <span>saiba mais<\/span>\n  <i class=\"icon-angle-right\" aria-hidden=\"true\" ><\/i><\/a>\n\n\n<a href=\"#mais\" class=\"button white is-outline expand show-for-small\"  style=\"border-radius:99px;padding:8px 20px 8px 20px;\">\n    <span>saiba mais<\/span>\n  <\/a>\n\n\n\t<div id=\"gap-288891047\" class=\"gap-element clearfix\" style=\"display:block; height:auto;\">\n\t\t\n<style>\n#gap-288891047 {\n  padding-top: 20px;\n}\n@media (min-width:550px) {\n  #gap-288891047 {\n    padding-top: 30px;\n  }\n}\n<\/style>\n\t<\/div>\n\t\n\n\t<div class=\"img has-hover x md-x lg-x y md-y lg-y\" id=\"image_89541473\">\n\t\t\t\t\t\t\t\t<div class=\"img-inner dark\" >\n\t\t\t<img loading=\"lazy\" decoding=\"async\" width=\"972\" height=\"153\" src=\"https:\/\/nexuscidadesinteligentes.com.br\/forum-transporte\/wp-content\/uploads\/2026\/01\/wqeqwe-1024x15deqweqas3.png\" class=\"attachment-large size-large\" alt=\"\" srcset=\"https:\/\/nexuscidadesinteligentes.com.br\/forum-transporte\/wp-content\/uploads\/2026\/01\/wqeqwe-1024x15deqweqas3.png 972w, https:\/\/nexuscidadesinteligentes.com.br\/forum-transporte\/wp-content\/uploads\/2026\/01\/wqeqwe-1024x15deqweqas3-300x47.png 300w, https:\/\/nexuscidadesinteligentes.com.br\/forum-transporte\/wp-content\/uploads\/2026\/01\/wqeqwe-1024x15deqweqas3-768x121.png 768w\" sizes=\"auto, (max-width: 972px) 100vw, 972px\" \/>\t\t\t\t\t\t\n\t\t\t\t\t<\/div>\n\t\t\t\t\t\t\t\t\n<style>\n#image_89541473 {\n  width: 100%;\n}\n@media (min-width:550px) {\n  #image_89541473 {\n    width: 49%;\n  }\n}\n<\/style>\n\t<\/div>\n\t\n\n\n\t\t<\/div>\n\t\t\t\t\n<style>\n#col-564060182 > .col-inner {\n  padding: 25px 10px 0px 10px;\n}\n@media (min-width:550px) {\n  #col-564060182 > .col-inner {\n    padding: 77px 0px 0px 0px;\n  }\n}\n<\/style>\n\t<\/div>\n\n\t\n\n\t<div id=\"col-826693719\" class=\"col medium-6 small-12 large-6 small-col-first\"  >\n\t\t\t\t<div class=\"col-inner\"  >\n\t\t\t\n\t\t\t\n\n\t<div class=\"img has-hover x md-x lg-x y md-y lg-y\" id=\"image_1788721168\">\n\t\t\t\t\t\t<div data-animate=\"bounceIn\">\t\t<div class=\"img-inner dark\" >\n\t\t\t<img loading=\"lazy\" decoding=\"async\" width=\"1020\" height=\"716\" src=\"https:\/\/nexuscidadesinteligentes.com.br\/forum-transporte\/wp-content\/uploads\/2026\/01\/onibus-1024x719.png\" class=\"attachment-large size-large\" alt=\"\" srcset=\"https:\/\/nexuscidadesinteligentes.com.br\/forum-transporte\/wp-content\/uploads\/2026\/01\/onibus-1024x719.png 1024w, https:\/\/nexuscidadesinteligentes.com.br\/forum-transporte\/wp-content\/uploads\/2026\/01\/onibus-300x211.png 300w, https:\/\/nexuscidadesinteligentes.com.br\/forum-transporte\/wp-content\/uploads\/2026\/01\/onibus-768x539.png 768w, https:\/\/nexuscidadesinteligentes.com.br\/forum-transporte\/wp-content\/uploads\/2026\/01\/onibus-1536x1078.png 1536w, https:\/\/nexuscidadesinteligentes.com.br\/forum-transporte\/wp-content\/uploads\/2026\/01\/onibus.png 1626w\" sizes=\"auto, (max-width: 1020px) 100vw, 1020px\" \/>\t\t\t\t\t\t\n\t\t\t\t\t<\/div>\n\t\t<\/div>\t\t\t\t\t\t\n<style>\n#image_1788721168 {\n  width: 100%;\n}\n<\/style>\n\t<\/div>\n\t\n\n\n\t\t<\/div>\n\t\t\t\t\n<style>\n#col-826693719 > .col-inner {\n  margin: 0px 0px -15px 0px;\n}\n<\/style>\n\t<\/div>\n\n\t\n\n<\/div>\n<span class=\"scroll-to\" data-label=\"Scroll to: #mais\" data-bullet=\"false\" data-link=\"#mais\" data-title=\"mais\" ><a name=\"mais\"><\/a><\/span>\n\n\n\t\t<\/div>\n\n\t\t\n<style>\n#section_1157358242 {\n  padding-top: 30px;\n  padding-bottom: 30px;\n}\n<\/style>\n\t<\/section>\n\t\n\t<section class=\"section\" id=\"section_857827580\">\n\t\t<div class=\"bg section-bg fill bg-fill  bg-loaded\" >\n\n\t\t\t\n\t\t\t\n\t\t\t\n\n\t\t<\/div>\n\n\t\t\n\n\t\t<div class=\"section-content relative\">\n\t\t\t\n\n<div class=\"row\"  id=\"row-1030515635\">\n\n\n\t<div id=\"col-1366917133\" class=\"col small-12 large-12\"  >\n\t\t\t\t<div class=\"col-inner text-center\"  >\n\t\t\t\n\t\t\t\n\n\t<div class=\"img has-hover hide-for-medium x md-x lg-x y md-y lg-y\" id=\"image_1792705349\">\n\t\t\t\t\t\t\t\t<div class=\"img-inner dark\" >\n\t\t\t<img loading=\"lazy\" decoding=\"async\" width=\"1\" height=\"1\" src=\"https:\/\/nexuscidadesinteligentes.com.br\/forum-transporte\/wp-content\/uploads\/2026\/01\/O-Governo-do-Estado-esta-trabalhando.svg\" class=\"attachment-large size-large\" alt=\"\" \/>\t\t\t\t\t\t\n\t\t\t\t\t<\/div>\n\t\t\t\t\t\t\t\t\n<style>\n#image_1792705349 {\n  width: 84%;\n}\n<\/style>\n\t<\/div>\n\t\n\n\t<div class=\"img has-hover show-for-small x md-x lg-x y md-y lg-y\" id=\"image_656313919\">\n\t\t\t\t\t\t\t\t<div class=\"img-inner dark\" >\n\t\t\t<img loading=\"lazy\" decoding=\"async\" width=\"1\" height=\"1\" src=\"https:\/\/nexuscidadesinteligentes.com.br\/forum-transporte\/wp-content\/uploads\/2026\/01\/O-Governo-do-Estado-esta-trabalhando_mobile3.svg\" class=\"attachment-large size-large\" alt=\"\" \/>\t\t\t\t\t\t\n\t\t\t\t\t<\/div>\n\t\t\t\t\t\t\t\t\n<style>\n#image_656313919 {\n  width: 100%;\n}\n@media (min-width:550px) {\n  #image_656313919 {\n    width: 100%;\n  }\n}\n<\/style>\n\t<\/div>\n\t\n\n\n\t\t<\/div>\n\t\t\t\t\n<style>\n#col-1366917133 > .col-inner {\n  padding: 0px 8px 0px 8px;\n}\n<\/style>\n\t<\/div>\n\n\t\n\n\t<div id=\"col-121362804\" class=\"col small-12 large-12\"  >\n\t\t\t\t<div class=\"col-inner text-center\"  >\n\t\t\t\n\t\t\t\n\n<p>Apoiadores e participa\u00e7\u00f5es<\/p>\n<div class=\"is-divider divider clearfix\" style=\"max-width:1103px;height:1px;\"><\/div>\n\n\t<div class=\"img has-hover hide-for-medium x md-x lg-x y md-y lg-y\" id=\"image_411093440\">\n\t\t\t\t\t\t\t\t<div class=\"img-inner dark\" >\n\t\t\t<img loading=\"lazy\" decoding=\"async\" width=\"1020\" height=\"285\" src=\"https:\/\/nexuscidadesinteligentes.com.br\/forum-transporte\/wp-content\/uploads\/2026\/01\/EWQEQWEQWE-1024x286.png\" class=\"attachment-large size-large\" alt=\"\" srcset=\"https:\/\/nexuscidadesinteligentes.com.br\/forum-transporte\/wp-content\/uploads\/2026\/01\/EWQEQWEQWE-1024x286.png 1024w, https:\/\/nexuscidadesinteligentes.com.br\/forum-transporte\/wp-content\/uploads\/2026\/01\/EWQEQWEQWE-300x84.png 300w, https:\/\/nexuscidadesinteligentes.com.br\/forum-transporte\/wp-content\/uploads\/2026\/01\/EWQEQWEQWE-768x214.png 768w, https:\/\/nexuscidadesinteligentes.com.br\/forum-transporte\/wp-content\/uploads\/2026\/01\/EWQEQWEQWE.png 1093w\" sizes=\"auto, (max-width: 1020px) 100vw, 1020px\" \/>\t\t\t\t\t\t\n\t\t\t\t\t<\/div>\n\t\t\t\t\t\t\t\t\n<style>\n#image_411093440 {\n  width: 83%;\n}\n<\/style>\n\t<\/div>\n\t\n\n\t<div class=\"img has-hover show-for-small x md-x lg-x y md-y lg-y\" id=\"image_544140350\">\n\t\t\t\t\t\t\t\t<div class=\"img-inner dark\" >\n\t\t\t<img loading=\"lazy\" decoding=\"async\" width=\"432\" height=\"724\" src=\"https:\/\/nexuscidadesinteligentes.com.br\/forum-transporte\/wp-content\/uploads\/2026\/01\/logos2cdsaordsadreto-2DAS.png\" class=\"attachment-large size-large\" alt=\"\" srcset=\"https:\/\/nexuscidadesinteligentes.com.br\/forum-transporte\/wp-content\/uploads\/2026\/01\/logos2cdsaordsadreto-2DAS.png 432w, https:\/\/nexuscidadesinteligentes.com.br\/forum-transporte\/wp-content\/uploads\/2026\/01\/logos2cdsaordsadreto-2DAS-179x300.png 179w\" sizes=\"auto, (max-width: 432px) 100vw, 432px\" \/>\t\t\t\t\t\t\n\t\t\t\t\t<\/div>\n\t\t\t\t\t\t\t\t\n<style>\n#image_544140350 {\n  width: 100%;\n}\n<\/style>\n\t<\/div>\n\t\n\n\n\t\t<\/div>\n\t\t\t\t\n<style>\n#col-121362804 > .col-inner {\n  padding: 0px 10px 0px 10px;\n}\n<\/style>\n\t<\/div>\n\n\t\n\n<\/div>\n\n\t\t<\/div>\n\n\t\t\n<style>\n#section_857827580 {\n  padding-top: 30px;\n  padding-bottom: 30px;\n}\n<\/style>\n\t<\/section>\n\t\n\t<section class=\"section show-for-small\" id=\"section_1425933355\">\n\t\t<div class=\"bg section-bg fill bg-fill  \" >\n\n\t\t\t\n\t\t\t\n\t\t\t\n\n\t\t<\/div>\n\n\t\t\n\n\t\t<div class=\"section-content relative\">\n\t\t\t\n\n\t<div id=\"gap-202539978\" class=\"gap-element clearfix\" style=\"display:block; height:auto;\">\n\t\t\n<style>\n#gap-202539978 {\n  padding-top: 30px;\n}\n<\/style>\n\t<\/div>\n\t\n\n<div class=\"row\"  id=\"row-2030634662\">\n\n\n\t<div id=\"col-1970233573\" class=\"col small-12 large-12\"  >\n\t\t\t\t<div class=\"col-inner text-center\"  >\n\t\t\t\n\t\t\t\n\n\t<div class=\"img has-hover x md-x lg-x y md-y lg-y\" id=\"image_1329546605\">\n\t\t\t\t\t\t<div data-animate=\"fadeInUp\">\t\t<div class=\"img-inner dark\" >\n\t\t\t<img loading=\"lazy\" decoding=\"async\" width=\"1\" height=\"1\" src=\"https:\/\/nexuscidadesinteligentes.com.br\/forum-transporte\/wp-content\/uploads\/2026\/01\/Por-que-estar-nesse-forum.svg\" class=\"attachment-large size-large\" alt=\"\" \/>\t\t\t\t\t\t\n\t\t\t\t\t<\/div>\n\t\t<\/div>\t\t\t\t\t\t\n<style>\n#image_1329546605 {\n  width: 81%;\n}\n@media (min-width:550px) {\n  #image_1329546605 {\n    width: 37%;\n  }\n}\n<\/style>\n\t<\/div>\n\t\n\n\n\t\t<\/div>\n\t\t\t\t\t<\/div>\n\n\t\n\n<\/div>\n<div class=\"row\"  id=\"row-523900162\">\n\n\n\t<div id=\"col-672779531\" class=\"col medium-3 small-12 large-3\"  >\n\t\t\t\t<div class=\"col-inner text-center dark\"  >\n\t\t\t\n\t<div class=\"is-border\"\n\t\tstyle=\"border-radius:15px;border-width:1px 1px 1px 1px;\">\n\t<\/div>\n\t\t\t\n\n\t<div class=\"img has-hover x md-x lg-x y md-y lg-y\" id=\"image_838772786\">\n\t\t\t\t\t\t\t\t<div class=\"img-inner dark\" >\n\t\t\t<img loading=\"lazy\" decoding=\"async\" width=\"1\" height=\"1\" src=\"https:\/\/nexuscidadesinteligentes.com.br\/forum-transporte\/wp-content\/uploads\/2026\/01\/bar_chart.svg\" class=\"attachment-large size-large\" alt=\"\" \/>\t\t\t\t\t\t\n\t\t\t\t\t<\/div>\n\t\t\t\t\t\t\t\t\n<style>\n#image_838772786 {\n  width: 17%;\n}\n@media (min-width:550px) {\n  #image_838772786 {\n    width: 18%;\n  }\n}\n<\/style>\n\t<\/div>\n\t\n\n\t<div id=\"gap-891100679\" class=\"gap-element clearfix\" style=\"display:block; height:auto;\">\n\t\t\n<style>\n#gap-891100679 {\n  padding-top: 10px;\n}\n<\/style>\n\t<\/div>\n\t\n\n\t<div id=\"text-742977804\" class=\"text\">\n\t\t\n\n<h2>Decis\u00e3o com base em dados e casos reais<\/h2>\n\t\t\n<style>\n#text-742977804 {\n  font-size: 1rem;\n}\n<\/style>\n\t<\/div>\n\t\n<p>Conhe\u00e7a resultados de testes e opera\u00e7\u00f5es com diferentes tecnologias.<\/p>\n\n\t\t<\/div>\n\t\t\t\t\n<style>\n#col-672779531 > .col-inner {\n  padding: 20px 20px 20px 20px;\n}\n<\/style>\n\t<\/div>\n\n\t\n\n\t<div id=\"col-1604228155\" class=\"col medium-3 small-12 large-3\"  >\n\t\t\t\t<div class=\"col-inner text-center dark\"  >\n\t\t\t\n\t<div class=\"is-border\"\n\t\tstyle=\"border-radius:15px;border-width:1px 1px 1px 1px;\">\n\t<\/div>\n\t\t\t\n\n\t<div class=\"img has-hover x md-x lg-x y md-y lg-y\" id=\"image_1876069173\">\n\t\t\t\t\t\t\t\t<div class=\"img-inner dark\" >\n\t\t\t<img loading=\"lazy\" decoding=\"async\" width=\"1\" height=\"1\" src=\"https:\/\/nexuscidadesinteligentes.com.br\/forum-transporte\/wp-content\/uploads\/2026\/01\/groups.svg\" class=\"attachment-large size-large\" alt=\"\" \/>\t\t\t\t\t\t\n\t\t\t\t\t<\/div>\n\t\t\t\t\t\t\t\t\n<style>\n#image_1876069173 {\n  width: 17%;\n}\n@media (min-width:550px) {\n  #image_1876069173 {\n    width: 18%;\n  }\n}\n<\/style>\n\t<\/div>\n\t\n\n\t<div id=\"gap-1664269799\" class=\"gap-element clearfix\" style=\"display:block; height:auto;\">\n\t\t\n<style>\n#gap-1664269799 {\n  padding-top: 10px;\n}\n<\/style>\n\t<\/div>\n\t\n\n<h2>Networking experiente<br \/>\ne qualificado<\/h2>\n<p>Encontro com autoridades, gestores p\u00fablicos, especialistas, operadores e setor privado.<\/p>\n\n\t\t<\/div>\n\t\t\t\t\n<style>\n#col-1604228155 > .col-inner {\n  padding: 42px 20px 20px 20px;\n}\n<\/style>\n\t<\/div>\n\n\t\n\n\t<div id=\"col-185551341\" class=\"col medium-3 small-12 large-3\"  >\n\t\t\t\t<div class=\"col-inner text-center dark\"  >\n\t\t\t\n\t<div class=\"is-border\"\n\t\tstyle=\"border-radius:15px;border-width:1px 1px 1px 1px;\">\n\t<\/div>\n\t\t\t\n\n\t<div class=\"img has-hover x md-x lg-x y md-y lg-y\" id=\"image_527014054\">\n\t\t\t\t\t\t\t\t<div class=\"img-inner dark\" >\n\t\t\t<img loading=\"lazy\" decoding=\"async\" width=\"1\" height=\"1\" src=\"https:\/\/nexuscidadesinteligentes.com.br\/forum-transporte\/wp-content\/uploads\/2026\/01\/category_search.svg\" class=\"attachment-large size-large\" alt=\"\" \/>\t\t\t\t\t\t\n\t\t\t\t\t<\/div>\n\t\t\t\t\t\t\t\t\n<style>\n#image_527014054 {\n  width: 17%;\n}\n@media (min-width:550px) {\n  #image_527014054 {\n    width: 18%;\n  }\n}\n<\/style>\n\t<\/div>\n\t\n\n\t<div id=\"gap-215940485\" class=\"gap-element clearfix\" style=\"display:block; height:auto;\">\n\t\t\n<style>\n#gap-215940485 {\n  padding-top: 10px;\n}\n<\/style>\n\t<\/div>\n\t\n\n<h2>Vis\u00e3o pr\u00e1tica \u201cdo planejamento \u00e0 opera\u00e7\u00e3o\u201d<\/h2>\n<p>Conhe\u00e7a resultados de testes e opera\u00e7\u00f5es com diferentes tecnologias.<\/p>\n\n\t\t<\/div>\n\t\t\t\t\n<style>\n#col-185551341 > .col-inner {\n  padding: 20px 20px 20px 20px;\n}\n<\/style>\n\t<\/div>\n\n\t\n\n\t<div id=\"col-1523880590\" class=\"col medium-3 small-12 large-3\"  >\n\t\t\t\t<div class=\"col-inner text-center dark\"  >\n\t\t\t\n\t<div class=\"is-border\"\n\t\tstyle=\"border-radius:15px;border-width:1px 1px 1px 1px;\">\n\t<\/div>\n\t\t\t\n\n\t<div class=\"img has-hover x md-x lg-x y md-y lg-y\" id=\"image_84809365\">\n\t\t\t\t\t\t\t\t<div class=\"img-inner dark\" >\n\t\t\t<img loading=\"lazy\" decoding=\"async\" width=\"1\" height=\"1\" src=\"https:\/\/nexuscidadesinteligentes.com.br\/forum-transporte\/wp-content\/uploads\/2026\/01\/airport_shuttle.svg\" class=\"attachment-large size-large\" alt=\"\" \/>\t\t\t\t\t\t\n\t\t\t\t\t<\/div>\n\t\t\t\t\t\t\t\t\n<style>\n#image_84809365 {\n  width: 17%;\n}\n@media (min-width:550px) {\n  #image_84809365 {\n    width: 18%;\n  }\n}\n<\/style>\n\t<\/div>\n\t\n\n\t<div id=\"gap-322756512\" class=\"gap-element clearfix\" style=\"display:block; height:auto;\">\n\t\t\n<style>\n#gap-322756512 {\n  padding-top: 10px;\n}\n<\/style>\n\t<\/div>\n\t\n\n<h2>Infraestrutura e implementa\u00e7\u00e3o<\/h2>\n<p>Solu\u00e7\u00f5es de recarga e desafios reais para ado\u00e7\u00e3o das novas tecnologias.<\/p>\n\n\t\t<\/div>\n\t\t\t\t\n<style>\n#col-1523880590 > .col-inner {\n  padding: 20px 20px 20px 20px;\n}\n<\/style>\n\t<\/div>\n\n\t\n\n<\/div>\n<div class=\"row\"  id=\"row-390511673\">\n\n\n\t<div id=\"col-1188472687\" class=\"col small-12 large-12\"  >\n\t\t\t\t<div class=\"col-inner text-center\"  >\n\t\t\t\n\t\t\t\n\n<a class=\"button success hide-for-medium\"  style=\"border-radius:99px;padding:8px 50px 8px 50px;\">\n    <span>fa\u00e7a sua inscri\u00e7\u00e3o gratuita<\/span>\n  <\/a>\n\n\n<a href=\"https:\/\/www.sympla.com.br\/evento\/forum-de-transicao-energetica-no-transporte-publico-do-estado-do-rio-de-janeiro\/3263455\" target=\"_blank\" class=\"button success reveal-icon expand show-for-small\" rel=\"noopener\"  style=\"border-radius:99px;padding:8px 50px 8px 50px;\">\n    <span>fa\u00e7a sua inscri\u00e7\u00e3o gratuita<\/span>\n  <i class=\"icon-angle-right\" aria-hidden=\"true\" ><\/i><\/a>\n\n\n\n\t\t<\/div>\n\t\t\t\t\n<style>\n#col-1188472687 > .col-inner {\n  margin: 15px 0px 0px 0px;\n}\n<\/style>\n\t<\/div>\n\n\t\n\n<\/div>\n\n\t\t<\/div>\n\n\t\t\n<style>\n#section_1425933355 {\n  padding-top: 30px;\n  padding-bottom: 30px;\n  background-color: #126ed3;\n}\n#section_1425933355 .section-bg.bg-loaded {\n  background-image: url(https:\/\/nexuscidadesinteligentes.com.br\/forum-transporte\/wp-content\/uploads\/2026\/01\/BG-03.png);\n}\n#section_1425933355 .section-bg {\n  background-position: 63% 0%;\n}\n<\/style>\n\t<\/section>\n\t\n\t<section class=\"section show-for-small\" id=\"section_423901157\">\n\t\t<div class=\"bg section-bg fill bg-fill  bg-loaded\" >\n\n\t\t\t\n\t\t\t\n\t\t\t\n\n\t\t<\/div>\n\n\t\t\n\n\t\t<div class=\"section-content relative\">\n\t\t\t\n\n\t<div id=\"gap-1570944424\" class=\"gap-element clearfix\" style=\"display:block; height:auto;\">\n\t\t\n<style>\n#gap-1570944424 {\n  padding-top: 30px;\n}\n<\/style>\n\t<\/div>\n\t\n\n<div class=\"row\"  id=\"row-64746303\">\n\n\n\t<div id=\"col-911167706\" class=\"col medium-2 small-12 large-2\"  >\n\t\t\t\t<div class=\"col-inner\"  >\n\t\t\t\n\t\t\t\n\n\t<div class=\"img has-hover x md-x lg-x y md-y lg-y\" id=\"image_2078037885\">\n\t\t\t\t\t\t\t\t<div class=\"img-inner dark\" >\n\t\t\t<img loading=\"lazy\" decoding=\"async\" width=\"1\" height=\"1\" src=\"https:\/\/nexuscidadesinteligentes.com.br\/forum-transporte\/wp-content\/uploads\/2026\/01\/prgramation.svg\" class=\"attachment-large size-large\" alt=\"\" \/>\t\t\t\t\t\t\n\t\t\t\t\t<\/div>\n\t\t\t\t\t\t\t\t\n<style>\n#image_2078037885 {\n  width: 52%;\n}\n@media (min-width:550px) {\n  #image_2078037885 {\n    width: 100%;\n  }\n}\n<\/style>\n\t<\/div>\n\t\n\n\n\t\t<\/div>\n\t\t\t\t\n<style>\n#col-911167706 > .col-inner {\n  margin: 0px 0px -15px 0px;\n}\n<\/style>\n\t<\/div>\n\n\t\n\n\t<div id=\"col-2014994549\" class=\"col medium-10 small-12 large-10\"  >\n\t\t\t\t<div class=\"col-inner\"  >\n\t\t\t\n\t\t\t\n\n\t<div class=\"img has-hover x md-x lg-x y md-y lg-y\" id=\"image_1092498036\">\n\t\t\t\t\t\t\t\t<div class=\"img-inner dark\" >\n\t\t\t<img loading=\"lazy\" decoding=\"async\" width=\"1\" height=\"1\" src=\"https:\/\/nexuscidadesinteligentes.com.br\/forum-transporte\/wp-content\/uploads\/2026\/01\/Paineis-e-palestras-focados-em-solucoes-reais.svg\" class=\"attachment-large size-large\" alt=\"\" \/>\t\t\t\t\t\t\n\t\t\t\t\t<\/div>\n\t\t\t\t\t\t\t\t\n<style>\n#image_1092498036 {\n  width: 100%;\n}\n@media (min-width:550px) {\n  #image_1092498036 {\n    width: 40%;\n  }\n}\n<\/style>\n\t<\/div>\n\t\n\n\t<div id=\"gap-1800027411\" class=\"gap-element clearfix\" style=\"display:block; height:auto;\">\n\t\t\n<style>\n#gap-1800027411 {\n  padding-top: 20px;\n}\n<\/style>\n\t<\/div>\n\t\n\n\n\t\t<div class=\"tabbed-content\">\n\t\t\t\n\t\t\t<ul class=\"nav nav-outline nav-uppercase nav-size-large nav-left\" role=\"tablist\"><li id=\"tab-3-de-fevereiro\" class=\"tab active has-icon\" role=\"presentation\"><a href=\"#tab_3-de-fevereiro\" role=\"tab\" aria-selected=\"true\" aria-controls=\"tab_3-de-fevereiro\"><span>3 de fevereiro<\/span><\/a><\/li>\n<li id=\"tab-4-de-fevereiro\" class=\"tab has-icon\" role=\"presentation\"><a href=\"#tab_4-de-fevereiro\" tabindex=\"-1\" role=\"tab\" aria-selected=\"false\" aria-controls=\"tab_4-de-fevereiro\"><span>4 de fevereiro<\/span><\/a><\/li><\/ul><div class=\"tab-panels\"><div id=\"tab_3-de-fevereiro\" class=\"panel active entry-content\" role=\"tabpanel\" aria-labelledby=\"tab-3-de-fevereiro\">\n\n\t<div id=\"gap-1346916313\" class=\"gap-element clearfix\" style=\"display:block; height:auto;\">\n\t\t\n<style>\n#gap-1346916313 {\n  padding-top: 30px;\n}\n<\/style>\n\t<\/div>\n\t\n\n<div class=\"row\"  id=\"row-1938551380\">\n\n\n\t<div id=\"col-116587796\" class=\"col small-12 large-12\"  >\n\t\t\t\t<div class=\"col-inner box-shadow-1\" style=\"background-color:rgb(255,255,255);\" >\n\t\t\t\n\t\t\t\n\n<div class=\"row\"  id=\"row-667652811\">\n\n\n\t<div id=\"col-822983355\" class=\"col medium-2 small-4 large-2\"  >\n\t\t\t\t<div class=\"col-inner\"  >\n\t\t\t\n\t\t\t\n\n\t<div id=\"text-809478372\" class=\"text\">\n\t\t\n\n<p>8:00<\/p>\n\t\t\n<style>\n#text-809478372 {\n  text-align: center;\n  color: #0a69d2;\n}\n#text-809478372 > * {\n  color: #0a69d2;\n}\n@media (min-width:550px) {\n  #text-809478372 {\n    text-align: center;\n  }\n}\n<\/style>\n\t<\/div>\n\t\n\n\t\t<\/div>\n\t\t\t\t\n<style>\n#col-822983355 > .col-inner {\n  margin: 0px 0px -20px 0px;\n}\n<\/style>\n\t<\/div>\n\n\t\n\n\t<div id=\"col-845926782\" class=\"col medium-10 small-12 large-10\"  >\n\t\t\t\t<div class=\"col-inner\"  >\n\t\t\t\n\t\t\t\n\n\t<div id=\"text-2437815840\" class=\"text\">\n\t\t\n\n<p>Credenciamento e Welcome Coffee<\/p>\n\t\t\n<style>\n#text-2437815840 {\n  color: rgb(0,0,0);\n}\n#text-2437815840 > * {\n  color: rgb(0,0,0);\n}\n<\/style>\n\t<\/div>\n\t\n\n\t\t<\/div>\n\t\t\t\t\n<style>\n#col-845926782 > .col-inner {\n  margin: 0px 0px -20px 0px;\n}\n<\/style>\n\t<\/div>\n\n\t\n\n<\/div>\n\n\t\t<\/div>\n\t\t\t\t\n<style>\n#col-116587796 > .col-inner {\n  padding: 20px 20px 10px 20px;\n  margin: 0px 0px -15px 0px;\n  border-radius: 15px;\n}\n<\/style>\n\t<\/div>\n\n\t\n\n\t<div id=\"col-651725562\" class=\"col small-12 large-12\"  >\n\t\t\t\t<div class=\"col-inner box-shadow-1\" style=\"background-color:rgb(255,255,255);\" >\n\t\t\t\n\t\t\t\n\n<div class=\"row\"  id=\"row-1207203889\">\n\n\n\t<div id=\"col-356614803\" class=\"col medium-2 small-4 large-2\"  >\n\t\t\t\t<div class=\"col-inner\"  >\n\t\t\t\n\t\t\t\n\n\t<div id=\"text-1894131621\" class=\"text\">\n\t\t\n\n<p>9:00<\/p>\n\t\t\n<style>\n#text-1894131621 {\n  text-align: center;\n  color: #0a69d2;\n}\n#text-1894131621 > * {\n  color: #0a69d2;\n}\n<\/style>\n\t<\/div>\n\t\n\n\t\t<\/div>\n\t\t\t\t\n<style>\n#col-356614803 > .col-inner {\n  margin: 0px 0px -20px 0px;\n}\n<\/style>\n\t<\/div>\n\n\t\n\n\t<div id=\"col-1749632610\" class=\"col medium-10 small-12 large-10\"  >\n\t\t\t\t<div class=\"col-inner\"  >\n\t\t\t\n\t\t\t\n\n\t<div id=\"text-376383156\" class=\"text\">\n\t\t\n\n<p>Solenidade de abertura<\/p>\n\t\t\n<style>\n#text-376383156 {\n  color: rgb(0,0,0);\n}\n#text-376383156 > * {\n  color: rgb(0,0,0);\n}\n<\/style>\n\t<\/div>\n\t\n<p><span style=\"color: #000000;\">Priscila Sakalem \u2013<\/span> Secret\u00e1ria de Estado de Transporte e Mobilidade Urbana<br \/><span style=\"color: #000000;\">Andre Moura \u2013<\/span> Secret\u00e1rio de Estado de Governo<br \/><span style=\"color: #000000;\">Cassio Coelho \u2013<\/span> Secret\u00e1rio de Estado de Energia e Economia do Mar<br \/><span style=\"color: #000000;\">Raphael Salgado \u2013<\/span> Presidente do Departamento de Transportes Rodovi\u00e1rios do Estado do RJ<br \/><span style=\"color: #000000;\">Luiz Carlos N\u00e9spoli \u2013<\/span> Superintendente da Associa\u00e7\u00e3o Nacional de Transportes P\u00fablicos- ANTP<br \/><span style=\"color: #000000;\">Armando Guerra \u2013<\/span> Presidente da Semove<br \/><span style=\"color: #000000;\">Tiago Santovito &#8211;<\/span> Diretor Executivo da ABiog\u00e1s<br \/><span style=\"color: #000000;\">Ma\u00edna Celid\u00f4nio \u2013<\/span> Vice-presidente do F\u00f3rum Nacional de Secret\u00e1rios de Mobilidade Urbana<\/p>\n\n\t\t<\/div>\n\t\t\t\t\n<style>\n#col-1749632610 > .col-inner {\n  margin: 0px 0px -20px 0px;\n}\n<\/style>\n\t<\/div>\n\n\t\n\n<\/div>\n\n\t\t<\/div>\n\t\t\t\t\n<style>\n#col-651725562 > .col-inner {\n  padding: 20px 20px 10px 20px;\n  margin: 0px 0px -15px 0px;\n  border-radius: 15px;\n}\n<\/style>\n\t<\/div>\n\n\t\n\n\t<div id=\"col-1503881641\" class=\"col small-12 large-12\"  >\n\t\t\t\t<div class=\"col-inner box-shadow-1\" style=\"background-color:rgb(255,255,255);\" >\n\t\t\t\n\t\t\t\n\n<div class=\"row\"  id=\"row-267767818\">\n\n\n\t<div id=\"col-449613513\" class=\"col medium-2 small-3 large-2\"  >\n\t\t\t\t<div class=\"col-inner\"  >\n\t\t\t\n\t\t\t\n\n\t<div id=\"text-301769058\" class=\"text\">\n\t\t\n\n<p>11:00<\/p>\n\t\t\n<style>\n#text-301769058 {\n  text-align: center;\n  color: rgb(105, 73, 243);\n}\n#text-301769058 > * {\n  color: rgb(105, 73, 243);\n}\n<\/style>\n\t<\/div>\n\t\n\n\t\t<\/div>\n\t\t\t\t\n<style>\n#col-449613513 > .col-inner {\n  margin: 0px 0px -20px 0px;\n}\n<\/style>\n\t<\/div>\n\n\t\n\n\t<div id=\"col-2092908269\" class=\"col medium-10 small-12 large-10\"  >\n\t\t\t\t<div class=\"col-inner\"  >\n\t\t\t\n\t\t\t\n\n\t<div id=\"text-3392549430\" class=\"text\">\n\t\t\n\n<p><span style=\"color: #6949f3;\">Palestra 1:<\/span> A viabilidade para eletrifica\u00e7\u00e3o no transporte p\u00fablico do Rio de Janeiro<\/p>\n\t\t\n<style>\n#text-3392549430 {\n  color: rgb(0,0,0);\n}\n#text-3392549430 > * {\n  color: rgb(0,0,0);\n}\n<\/style>\n\t<\/div>\n\t\n<p><p><span style=\"color: #000000;\">Palestrante: Sergio Habib<\/span> \u2013 Fundador do Grupo SHC e Presidente da JAC Motors<\/p><\/p>\n\n\t\t<\/div>\n\t\t\t\t\n<style>\n#col-2092908269 > .col-inner {\n  margin: 0px 0px -20px 0px;\n}\n<\/style>\n\t<\/div>\n\n\t\n\n<\/div>\n\n\t\t<\/div>\n\t\t\t\t\n<style>\n#col-1503881641 > .col-inner {\n  padding: 20px 20px 10px 20px;\n  margin: 0px 0px -15px 0px;\n  border-radius: 15px;\n}\n@media (min-width:550px) {\n  #col-1503881641 > .col-inner {\n    padding: 10px 20px 10px 20px;\n  }\n}\n<\/style>\n\t<\/div>\n\n\t\n\n\t<div id=\"col-1807641927\" class=\"col small-12 large-12\"  >\n\t\t\t\t<div class=\"col-inner box-shadow-1\" style=\"background-color:rgb(255,255,255);\" >\n\t\t\t\n\t\t\t\n\n<div class=\"row\"  id=\"row-547151972\">\n\n\n\t<div id=\"col-1975528245\" class=\"col medium-2 small-3 large-2\"  >\n\t\t\t\t<div class=\"col-inner\"  >\n\t\t\t\n\t\t\t\n\n\t<div id=\"text-2009560768\" class=\"text\">\n\t\t\n\n<p>12:00<\/p>\n\t\t\n<style>\n#text-2009560768 {\n  text-align: center;\n  color: #0a69d2;\n}\n#text-2009560768 > * {\n  color: #0a69d2;\n}\n<\/style>\n\t<\/div>\n\t\n\n\t\t<\/div>\n\t\t\t\t\n<style>\n#col-1975528245 > .col-inner {\n  margin: 0px 0px -20px 0px;\n}\n<\/style>\n\t<\/div>\n\n\t\n\n\t<div id=\"col-516203985\" class=\"col medium-10 small-12 large-10\"  >\n\t\t\t\t<div class=\"col-inner\"  >\n\t\t\t\n\t\t\t\n\n\t<div id=\"text-4277182827\" class=\"text\">\n\t\t\n\n<p>Intervalo<\/p>\n\t\t\n<style>\n#text-4277182827 {\n  color: rgb(0,0,0);\n}\n#text-4277182827 > * {\n  color: rgb(0,0,0);\n}\n<\/style>\n\t<\/div>\n\t\n\n\t\t<\/div>\n\t\t\t\t\n<style>\n#col-516203985 > .col-inner {\n  margin: 0px 0px -20px 0px;\n}\n<\/style>\n\t<\/div>\n\n\t\n\n<\/div>\n\n\t\t<\/div>\n\t\t\t\t\n<style>\n#col-1807641927 > .col-inner {\n  padding: 20px 20px 10px 20px;\n  margin: 0px 0px -15px 0px;\n  border-radius: 15px;\n}\n@media (min-width:550px) {\n  #col-1807641927 > .col-inner {\n    padding: 10px 20px 10px 20px;\n  }\n}\n<\/style>\n\t<\/div>\n\n\t\n\n\t<div id=\"col-3711403\" class=\"col small-12 large-12\"  >\n\t\t\t\t<div class=\"col-inner box-shadow-1\" style=\"background-color:rgb(255,255,255);\" >\n\t\t\t\n\t\t\t\n\n<div class=\"row\"  id=\"row-1204910719\">\n\n\n\t<div id=\"col-2136136641\" class=\"col medium-2 small-3 large-2\"  >\n\t\t\t\t<div class=\"col-inner\"  >\n\t\t\t\n\t\t\t\n\n\t<div id=\"text-527984666\" class=\"text\">\n\t\t\n\n<p>14:00<\/p>\n\t\t\n<style>\n#text-527984666 {\n  text-align: center;\n  color: rgb(255, 147, 30);\n}\n#text-527984666 > * {\n  color: rgb(255, 147, 30);\n}\n<\/style>\n\t<\/div>\n\t\n\n\t\t<\/div>\n\t\t\t\t\n<style>\n#col-2136136641 > .col-inner {\n  margin: 0px 0px -20px 0px;\n}\n<\/style>\n\t<\/div>\n\n\t\n\n\t<div id=\"col-139428516\" class=\"col medium-4 small-4 large-4\"  >\n\t\t\t\t<div class=\"col-inner\"  >\n\t\t\t\n\t\t\t\n\n\n\t\t<\/div>\n\t\t\t\t\t<\/div>\n\n\t\n\n\t<div id=\"col-1399005726\" class=\"col medium-10 small-12 large-10\"  >\n\t\t\t\t<div class=\"col-inner\"  >\n\t\t\t\n\t\t\t\n\n\t<div id=\"text-4065852436\" class=\"text\">\n\t\t\n\n<p><span style=\"color: #ff931e;\">Painel 1:<\/span> Alternativas de fontes de energia limpa para descarboniza\u00e7\u00e3o das frotas do transporte p\u00fablico coletivo<\/p>\n\t\t\n<style>\n#text-4065852436 {\n  color: rgb(0,0,0);\n}\n#text-4065852436 > * {\n  color: rgb(0,0,0);\n}\n<\/style>\n\t<\/div>\n\t\n<p><span style=\"color: #000000;\">Debatedores:<\/p>\n<p><span style=\"color: #000000;\">Tiago Santovito &#8211;<\/span> Diretor Executivo da ABiog\u00e1s<\/p>\n<p><span style=\"color: #000000;\">Cristian Malevic \u2013<\/span> Vice-presidente de Energia e Descarboniza\u00e7\u00e3o da MWM Motores e Geradores<\/p>\n<p><span style=\"color: #000000;\">Niege Chaves &#8211;<\/span> Presidente do Conselho da Mobibrasil<\/p>\n<p><span style=\"color: #000000;\">Guilherme Wilson &#8211;<\/span> Gerente de Planejamento e Controle da Semove.<\/p>\n<p><span style=\"color: #000000;\">Carolina Oliveira &#8211;<\/span> Superintendente de Efici\u00eancia Energ\u00e9tica da Secretaria de Estado de Energia e Economia do Mar \u2013 Seenemar Representante da Naturgy<\/p>\n<p><span style=\"color: #000000;\">Moderador:<\/span> Ol\u00edmpio de Melo Alvares J\u00fanior &#8211; Coordenador da Comiss\u00e3o de Meio Ambiente da ANTP<\/p>\n\n\t\t<\/div>\n\t\t\t\t\n<style>\n#col-1399005726 > .col-inner {\n  margin: 0px 0px -20px 0px;\n}\n<\/style>\n\t<\/div>\n\n\t\n\n<\/div>\n\n\t\t<\/div>\n\t\t\t\t\n<style>\n#col-3711403 > .col-inner {\n  padding: 20px 20px 10px 20px;\n  margin: 0px 0px -15px 0px;\n  border-radius: 15px;\n}\n@media (min-width:550px) {\n  #col-3711403 > .col-inner {\n    padding: 10px 20px 10px 20px;\n  }\n}\n<\/style>\n\t<\/div>\n\n\t\n\n\t<div id=\"col-1952173389\" class=\"col small-12 large-12\"  >\n\t\t\t\t<div class=\"col-inner box-shadow-1\" style=\"background-color:rgb(255,255,255);\" >\n\t\t\t\n\t\t\t\n\n<div class=\"row\"  id=\"row-257935476\">\n\n\n\t<div id=\"col-917613734\" class=\"col medium-2 small-3 large-2\"  >\n\t\t\t\t<div class=\"col-inner\"  >\n\t\t\t\n\t\t\t\n\n\t<div id=\"text-2881261033\" class=\"text\">\n\t\t\n\n<p>15:30<\/p>\n\t\t\n<style>\n#text-2881261033 {\n  text-align: center;\n  color: rgb(255, 147, 30);\n}\n#text-2881261033 > * {\n  color: rgb(255, 147, 30);\n}\n<\/style>\n\t<\/div>\n\t\n\n\t\t<\/div>\n\t\t\t\t\n<style>\n#col-917613734 > .col-inner {\n  margin: 0px 0px -20px 0px;\n}\n<\/style>\n\t<\/div>\n\n\t\n\n\t<div id=\"col-543221313\" class=\"col medium-10 small-12 large-10\"  >\n\t\t\t\t<div class=\"col-inner\"  >\n\t\t\t\n\t\t\t\n\n\t<div id=\"text-3565043524\" class=\"text\">\n\t\t\n\n<p><span style=\"color: #ff931e;\">Painel 2:<\/span> Experi\u00eancias das cidades com a eletrifica\u00e7\u00e3o de frotas do transporte p\u00fablico: do planejamento \u00e0 opera\u00e7\u00e3o<\/p>\n\t\t\n<style>\n#text-3565043524 {\n  color: rgb(0,0,0);\n}\n#text-3565043524 > * {\n  color: rgb(0,0,0);\n}\n<\/style>\n\t<\/div>\n\t\n\t<div id=\"text-1566553710\" class=\"text\">\n\t\t\n\n<p>Debatedores:<\/p>\n\t\t\n<style>\n#text-1566553710 {\n  color: rgb(0,0,0);\n}\n#text-1566553710 > * {\n  color: rgb(0,0,0);\n}\n<\/style>\n\t<\/div>\n\t\n<p><span style=\"color: #000000;\">Ad\u00e3o de Castro J\u00fanior &#8211;<\/span> Secret\u00e1rio Municipal de Mobilidade Urbana de Porto Alegre\/RS<br \/><span style=\"color: #000000;\">Vin\u00edcius Pereira Santos &#8211;<\/span> Diretor-Presidente da MCTrans de Montes Claros\/MG<br \/><span style=\"color: #000000;\">Mike Munhato &#8211;<\/span> Gerente Mobilidade El\u00e9trica da Mercedes-Benz<br \/><span style=\"color: #000000;\">Jean Carlos Flohr &#8211;<\/span> Gestor de Vendas EV Charging Infrastructure &#8211; WEG<br \/><span style=\"color: #000000;\">Dener Felipe de Lima Andrade \u2013<\/span> Key Account Manager na Nansen<br \/><span style=\"color: #000000;\">Eduardo Souza &#8211;<\/span> CEO da Electric Mobility Brasil<br \/><span style=\"color: #000000;\">Juliana Galiza &#8211;<\/span> Gerente de Engenharia e Estudos El\u00e9tricos da Light<\/p>\n<p><span style=\"color: #000000;\">Moderadora:<\/span> Aline Leite &#8211; Coordenadora de Transporte P\u00fablico no ITDP Brasil e doutoranda em Engenharia de Transportes pela UFRJ.<\/p>\n\n\t\t<\/div>\n\t\t\t\t\n<style>\n#col-543221313 > .col-inner {\n  margin: 0px 0px -20px 0px;\n}\n<\/style>\n\t<\/div>\n\n\t\n\n<\/div>\n\n\t\t<\/div>\n\t\t\t\t\n<style>\n#col-1952173389 > .col-inner {\n  padding: 20px 20px 10px 20px;\n  margin: 0px 0px -15px 0px;\n  border-radius: 15px;\n}\n@media (min-width:550px) {\n  #col-1952173389 > .col-inner {\n    padding: 10px 20px 10px 20px;\n  }\n}\n<\/style>\n\t<\/div>\n\n\t\n\n\t<div id=\"col-393169554\" class=\"col small-12 large-12\"  >\n\t\t\t\t<div class=\"col-inner box-shadow-1\" style=\"background-color:rgb(255,255,255);\" >\n\t\t\t\n\t\t\t\n\n<div class=\"row\"  id=\"row-607598944\">\n\n\n\t<div id=\"col-1205002932\" class=\"col medium-2 small-3 large-2\"  >\n\t\t\t\t<div class=\"col-inner\"  >\n\t\t\t\n\t\t\t\n\n\t<div id=\"text-3485853062\" class=\"text\">\n\t\t\n\n<p>17:15<\/p>\n\t\t\n<style>\n#text-3485853062 {\n  text-align: center;\n  color: rgb(105, 73, 243);\n}\n#text-3485853062 > * {\n  color: rgb(105, 73, 243);\n}\n<\/style>\n\t<\/div>\n\t\n\n\t\t<\/div>\n\t\t\t\t\n<style>\n#col-1205002932 > .col-inner {\n  margin: 0px 0px -20px 0px;\n}\n<\/style>\n\t<\/div>\n\n\t\n\n\t<div id=\"col-1438081788\" class=\"col medium-10 small-12 large-10\"  >\n\t\t\t\t<div class=\"col-inner\"  >\n\t\t\t\n\t\t\t\n\n\t<div id=\"text-986273449\" class=\"text\">\n\t\t\n\n<p><span style=\"color: #6949f3;\">Painel 3:<\/span> Os aspectos da licita\u00e7\u00e3o do transporte p\u00fablico metropolitano do Estado do Rio de Janeiro e o sistema de bilhetagem: biometria, efici\u00eancia, seguran\u00e7a e sustentabilidade<\/p>\n\t\t\n<style>\n#text-986273449 {\n  color: rgb(0,0,0);\n}\n#text-986273449 > * {\n  color: rgb(0,0,0);\n}\n<\/style>\n\t<\/div>\n\t\n<p><span style=\"color: #000000;\">Raphael Salgado \u2013<\/span> Presidente do Detro\/RJ<br \/><span style=\"color: #000000;\">Alexandre Daiuto &#8211;<\/span> Subsecret\u00e1rio de Integra\u00e7\u00e3o e Bilhetagem da Setram\/RJ<br \/><span style=\"color: #000000;\">Melissa Sartori \u2013<\/span> Gerente de Marketing e Produto na Mais.Mobi<\/p>\n<p><span style=\"color: #000000;\">Moderador:<\/span> Willian Alberto de Aquino Pereira &#8211; Coordenador Regional Rio de Janeiro da ANTP, Sub- coordenador t\u00e9cnico do contrato Detro &#8211; Cons\u00f3rcio Oficina, Logit e Sinergia<\/p>\n\n\t\t<\/div>\n\t\t\t\t\n<style>\n#col-1438081788 > .col-inner {\n  margin: 0px 0px -20px 0px;\n}\n<\/style>\n\t<\/div>\n\n\t\n\n<\/div>\n\n\t\t<\/div>\n\t\t\t\t\n<style>\n#col-393169554 > .col-inner {\n  padding: 20px 20px 10px 20px;\n  margin: 0px 0px -15px 0px;\n  border-radius: 15px;\n}\n@media (min-width:550px) {\n  #col-393169554 > .col-inner {\n    padding: 10px 20px 10px 20px;\n  }\n}\n<\/style>\n\t<\/div>\n\n\t\n\n\t<div id=\"col-627511860\" class=\"col small-12 large-12\"  >\n\t\t\t\t<div class=\"col-inner box-shadow-1\" style=\"background-color:rgb(255,255,255);\" >\n\t\t\t\n\t\t\t\n\n<div class=\"row\"  id=\"row-2033645312\">\n\n\n\t<div id=\"col-270223799\" class=\"col medium-2 small-3 large-2\"  >\n\t\t\t\t<div class=\"col-inner\"  >\n\t\t\t\n\t\t\t\n\n\t<div id=\"text-3762103950\" class=\"text\">\n\t\t\n\n<p>18:00<\/p>\n\t\t\n<style>\n#text-3762103950 {\n  text-align: center;\n  color: rgb(105, 73, 243);\n}\n#text-3762103950 > * {\n  color: rgb(105, 73, 243);\n}\n<\/style>\n\t<\/div>\n\t\n\n\t\t<\/div>\n\t\t\t\t\n<style>\n#col-270223799 > .col-inner {\n  margin: 0px 0px -20px 0px;\n}\n<\/style>\n\t<\/div>\n\n\t\n\n\t<div id=\"col-1918949987\" class=\"col medium-10 small-12 large-10\"  >\n\t\t\t\t<div class=\"col-inner\"  >\n\t\t\t\n\t\t\t\n\n\t<div id=\"text-4237816025\" class=\"text\">\n\t\t\n\n<p>ENCERRAMENTO<\/p>\n\t\t\n<style>\n#text-4237816025 {\n  color: rgb(0,0,0);\n}\n#text-4237816025 > * {\n  color: rgb(0,0,0);\n}\n<\/style>\n\t<\/div>\n\t\n\n\t\t<\/div>\n\t\t\t\t\n<style>\n#col-1918949987 > .col-inner {\n  margin: 0px 0px -20px 0px;\n}\n<\/style>\n\t<\/div>\n\n\t\n\n<\/div>\n\n\t\t<\/div>\n\t\t\t\t\n<style>\n#col-627511860 > .col-inner {\n  padding: 20px 20px 10px 20px;\n  margin: 0px 0px -15px 0px;\n  border-radius: 15px;\n}\n@media (min-width:550px) {\n  #col-627511860 > .col-inner {\n    padding: 10px 20px 10px 20px;\n  }\n}\n<\/style>\n\t<\/div>\n\n\t\n\n<\/div>\n\n<\/div>\n<div id=\"tab_4-de-fevereiro\" class=\"panel entry-content\" role=\"tabpanel\" aria-labelledby=\"tab-4-de-fevereiro\">\n\n\t<div id=\"gap-1046180674\" class=\"gap-element clearfix\" style=\"display:block; height:auto;\">\n\t\t\n<style>\n#gap-1046180674 {\n  padding-top: 30px;\n}\n<\/style>\n\t<\/div>\n\t\n\n<div class=\"row\"  id=\"row-654982427\">\n\n\n\t<div id=\"col-811872207\" class=\"col small-12 large-12\"  >\n\t\t\t\t<div class=\"col-inner box-shadow-1\" style=\"background-color:rgb(255,255,255);\" >\n\t\t\t\n\t\t\t\n\n<div class=\"row\"  id=\"row-142549184\">\n\n\n\t<div id=\"col-1602565909\" class=\"col medium-2 small-3 large-2\"  >\n\t\t\t\t<div class=\"col-inner\"  >\n\t\t\t\n\t\t\t\n\n\t<div id=\"text-2657851817\" class=\"text\">\n\t\t\n\n<p>8:00<\/p>\n\t\t\n<style>\n#text-2657851817 {\n  text-align: center;\n  color: #0a69d2;\n}\n#text-2657851817 > * {\n  color: #0a69d2;\n}\n<\/style>\n\t<\/div>\n\t\n\n\t\t<\/div>\n\t\t\t\t\n<style>\n#col-1602565909 > .col-inner {\n  margin: 0px 0px -20px 0px;\n}\n<\/style>\n\t<\/div>\n\n\t\n\n\t<div id=\"col-1184853003\" class=\"col medium-10 small-12 large-10\"  >\n\t\t\t\t<div class=\"col-inner\"  >\n\t\t\t\n\t\t\t\n\n\t<div id=\"text-476721702\" class=\"text\">\n\t\t\n\n<p>Welcome Coffee<\/p>\n\t\t\n<style>\n#text-476721702 {\n  color: rgb(0,0,0);\n}\n#text-476721702 > * {\n  color: rgb(0,0,0);\n}\n<\/style>\n\t<\/div>\n\t\n\n\t\t<\/div>\n\t\t\t\t\n<style>\n#col-1184853003 > .col-inner {\n  margin: 0px 0px -20px 0px;\n}\n<\/style>\n\t<\/div>\n\n\t\n\n<\/div>\n\n\t\t<\/div>\n\t\t\t\t\n<style>\n#col-811872207 > .col-inner {\n  padding: 20px 20px 10px 20px;\n  margin: 0px 0px -15px 0px;\n  border-radius: 15px;\n}\n<\/style>\n\t<\/div>\n\n\t\n\n\t<div id=\"col-517787523\" class=\"col small-12 large-12\"  >\n\t\t\t\t<div class=\"col-inner box-shadow-1\" style=\"background-color:rgb(255,255,255);\" >\n\t\t\t\n\t\t\t\n\n<div class=\"row\"  id=\"row-2082291195\">\n\n\n\t<div id=\"col-617401181\" class=\"col medium-2 small-3 large-2\"  >\n\t\t\t\t<div class=\"col-inner\"  >\n\t\t\t\n\t\t\t\n\n\t<div id=\"text-3711520585\" class=\"text\">\n\t\t\n\n<p>8:30<\/p>\n\t\t\n<style>\n#text-3711520585 {\n  text-align: center;\n  color: #0a69d2;\n}\n#text-3711520585 > * {\n  color: #0a69d2;\n}\n<\/style>\n\t<\/div>\n\t\n\n\t\t<\/div>\n\t\t\t\t\n<style>\n#col-617401181 > .col-inner {\n  margin: 0px 0px -20px 0px;\n}\n<\/style>\n\t<\/div>\n\n\t\n\n\t<div id=\"col-597610595\" class=\"col medium-10 small-12 large-10\"  >\n\t\t\t\t<div class=\"col-inner\"  >\n\t\t\t\n\t\t\t\n\n\t<div id=\"text-2790568999\" class=\"text\">\n\t\t\n\n<p><span style=\"color: #000000;\">Abertura<\/p>\n\t\t\n<style>\n#text-2790568999 {\n  color: rgb(0,0,0);\n}\n#text-2790568999 > * {\n  color: rgb(0,0,0);\n}\n<\/style>\n\t<\/div>\n\t\n\n\t\t<\/div>\n\t\t\t\t\n<style>\n#col-597610595 > .col-inner {\n  margin: 0px 0px -20px 0px;\n}\n<\/style>\n\t<\/div>\n\n\t\n\n<\/div>\n\n\t\t<\/div>\n\t\t\t\t\n<style>\n#col-517787523 > .col-inner {\n  padding: 20px 20px 10px 20px;\n  margin: 0px 0px -15px 0px;\n  border-radius: 15px;\n}\n<\/style>\n\t<\/div>\n\n\t\n\n\t<div id=\"col-639763356\" class=\"col small-12 large-12\"  >\n\t\t\t\t<div class=\"col-inner box-shadow-1\" style=\"background-color:rgb(255,255,255);\" >\n\t\t\t\n\t\t\t\n\n<div class=\"row\"  id=\"row-941787188\">\n\n\n\t<div id=\"col-2075857508\" class=\"col medium-2 small-3 large-2\"  >\n\t\t\t\t<div class=\"col-inner\"  >\n\t\t\t\n\t\t\t\n\n\t<div id=\"text-775743462\" class=\"text\">\n\t\t\n\n<p>9:00<\/p>\n\t\t\n<style>\n#text-775743462 {\n  text-align: center;\n  color: rgb(105, 73, 243);\n}\n#text-775743462 > * {\n  color: rgb(105, 73, 243);\n}\n<\/style>\n\t<\/div>\n\t\n\n\t\t<\/div>\n\t\t\t\t\n<style>\n#col-2075857508 > .col-inner {\n  margin: 0px 0px -20px 0px;\n}\n<\/style>\n\t<\/div>\n\n\t\n\n\t<div id=\"col-557814288\" class=\"col medium-10 small-12 large-10\"  >\n\t\t\t\t<div class=\"col-inner\"  >\n\t\t\t\n\t\t\t\n\n\t<div id=\"text-3853772410\" class=\"text\">\n\t\t\n\n<p><span style=\"color: #6949f3;\">Palestra 2:<\/span> Experi\u00eancia em Eletromobilidade de Santiago do Chile<\/p>\n\t\t\n<style>\n#text-3853772410 {\n  color: rgb(0,0,0);\n}\n#text-3853772410 > * {\n  color: rgb(0,0,0);\n}\n<\/style>\n\t<\/div>\n\t\n<p><span style=\"color: #000000;\">Palestrante:<\/span> Rodrigo Valladares &#8211; Secret\u00e1rio Regional Ministerial de Transportes e Telecomunica\u00e7\u00f5es de Santiago &#8211; Chile<\/p>\n\n\t\t<\/div>\n\t\t\t\t\n<style>\n#col-557814288 > .col-inner {\n  margin: 0px 0px -20px 0px;\n}\n<\/style>\n\t<\/div>\n\n\t\n\n<\/div>\n\n\t\t<\/div>\n\t\t\t\t\n<style>\n#col-639763356 > .col-inner {\n  padding: 20px 20px 10px 20px;\n  margin: 0px 0px -15px 0px;\n  border-radius: 15px;\n}\n<\/style>\n\t<\/div>\n\n\t\n\n\t<div id=\"col-943403179\" class=\"col small-12 large-12\"  >\n\t\t\t\t<div class=\"col-inner box-shadow-1\" style=\"background-color:rgb(255,255,255);\" >\n\t\t\t\n\t\t\t\n\n<div class=\"row\"  id=\"row-357869386\">\n\n\n\t<div id=\"col-294591382\" class=\"col medium-2 small-3 large-2\"  >\n\t\t\t\t<div class=\"col-inner\"  >\n\t\t\t\n\t\t\t\n\n\t<div id=\"text-1140971644\" class=\"text\">\n\t\t\n\n<p>10:00<\/p>\n\t\t\n<style>\n#text-1140971644 {\n  text-align: center;\n  color: rgb(255, 147, 30);\n}\n#text-1140971644 > * {\n  color: rgb(255, 147, 30);\n}\n<\/style>\n\t<\/div>\n\t\n\n\t\t<\/div>\n\t\t\t\t\n<style>\n#col-294591382 > .col-inner {\n  margin: 0px 0px -20px 0px;\n}\n<\/style>\n\t<\/div>\n\n\t\n\n\t<div id=\"col-1923831973\" class=\"col medium-10 small-12 large-10\"  >\n\t\t\t\t<div class=\"col-inner\"  >\n\t\t\t\n\t\t\t\n\n\t<div id=\"text-2784740398\" class=\"text\">\n\t\t\n\n<p><span style=\"color: #ff931e;\">Apresenta\u00e7\u00f5es:<\/span> Solu\u00e7\u00f5es em infraestrutura de recarga implementadas pelos gestores p\u00fablicos e privados para a opera\u00e7\u00e3o do transporte p\u00fablico coletivo<\/p>\n\t\t\n<style>\n#text-2784740398 {\n  color: rgb(0,0,0);\n}\n#text-2784740398 > * {\n  color: rgb(0,0,0);\n}\n<\/style>\n\t<\/div>\n\t\n<p><span style=\"color: #000000;\">Ricardo Estefano Rosa &#8211; <\/span>Gerente de Vendas EV Charging Solution \u2013 WEG<\/p>\n<p><span style=\"color: #000000;\">Dener Felipe de Lima Andrade \u2013<\/span> Key Account Manager na Nansen<\/p>\n<p><span style=\"color: #000000;\">Eduardo Souza &#8211;<\/span> CEO da Electric Mobility Brasil<\/p>\n<p><span style=\"color: #000000;\">Gabriel Kropsch &#8211;<\/span> S\u00f3cio-fundador da Sinerg\u00e1s e Diretor Executivo do Comit\u00ea Nacional do GNV<\/p>\n\n\t\t<\/div>\n\t\t\t\t\n<style>\n#col-1923831973 > .col-inner {\n  margin: 0px 0px -20px 0px;\n}\n<\/style>\n\t<\/div>\n\n\t\n\n<\/div>\n\n\t\t<\/div>\n\t\t\t\t\n<style>\n#col-943403179 > .col-inner {\n  padding: 20px 20px 10px 20px;\n  margin: 0px 0px -15px 0px;\n  border-radius: 15px;\n}\n@media (min-width:550px) {\n  #col-943403179 > .col-inner {\n    padding: 10px 20px 10px 20px;\n  }\n}\n<\/style>\n\t<\/div>\n\n\t\n\n\t<div id=\"col-28426483\" class=\"col small-12 large-12\"  >\n\t\t\t\t<div class=\"col-inner box-shadow-1\" style=\"background-color:rgb(255,255,255);\" >\n\t\t\t\n\t\t\t\n\n<div class=\"row\"  id=\"row-1641181102\">\n\n\n\t<div id=\"col-765207010\" class=\"col medium-2 small-3 large-2\"  >\n\t\t\t\t<div class=\"col-inner\"  >\n\t\t\t\n\t\t\t\n\n\t<div id=\"text-3656110934\" class=\"text\">\n\t\t\n\n<p>11:00<\/p>\n\t\t\n<style>\n#text-3656110934 {\n  text-align: center;\n  color: #ffa11e;\n}\n#text-3656110934 > * {\n  color: #ffa11e;\n}\n<\/style>\n\t<\/div>\n\t\n\n\t\t<\/div>\n\t\t\t\t\n<style>\n#col-765207010 > .col-inner {\n  margin: 0px 0px -20px 0px;\n}\n<\/style>\n\t<\/div>\n\n\t\n\n\t<div id=\"col-399152790\" class=\"col medium-10 small-12 large-10\"  >\n\t\t\t\t<div class=\"col-inner\"  >\n\t\t\t\n\t\t\t\n\n\t<div id=\"text-3977925559\" class=\"text\">\n\t\t\n\n<p><span style=\"color: #ff931e;\">Palestra 3:<\/span> Transi\u00e7\u00e3o energ\u00e9tica das Barcas<\/p>\n\t\t\n<style>\n#text-3977925559 {\n  color: rgb(0,0,0);\n}\n#text-3977925559 > * {\n  color: rgb(0,0,0);\n}\n<\/style>\n\t<\/div>\n\t\n<p><span style=\"color: #000000;\">Palestrante: Breno Tostes &#8211;<\/span> Assessor-chefe de Planejamento e Concess\u00f5es da Secretaria de Estado de Transporte e Mobilidade Urbana do Rio de Janeiro \u2013 Setram\/RJ<\/p>\n<p><span style=\"color: #000000;\">Palestrante: Hugo Rodrigues Aguiar &#8211;<\/span> Superintendente de \u00d3leo e G\u00e1s da Secretaria de Energia e Economia do Mar<\/p>\n<p><span style=\"color: #000000;\">Amauri Ribeiro \u2013<\/span> Diretor da Sorion\/Endurance<\/p>\n\n\t\t<\/div>\n\t\t\t\t\n<style>\n#col-399152790 > .col-inner {\n  margin: 0px 0px -20px 0px;\n}\n<\/style>\n\t<\/div>\n\n\t\n\n<\/div>\n\n\t\t<\/div>\n\t\t\t\t\n<style>\n#col-28426483 > .col-inner {\n  padding: 20px 20px 10px 20px;\n  margin: 0px 0px -15px 0px;\n  border-radius: 15px;\n}\n@media (min-width:550px) {\n  #col-28426483 > .col-inner {\n    padding: 10px 20px 10px 20px;\n  }\n}\n<\/style>\n\t<\/div>\n\n\t\n\n\t<div id=\"col-149438901\" class=\"col small-12 large-12\"  >\n\t\t\t\t<div class=\"col-inner box-shadow-1\" style=\"background-color:rgb(255,255,255);\" >\n\t\t\t\n\t\t\t\n\n<div class=\"row\"  id=\"row-352600361\">\n\n\n\t<div id=\"col-1958809644\" class=\"col medium-2 small-3 large-2\"  >\n\t\t\t\t<div class=\"col-inner\"  >\n\t\t\t\n\t\t\t\n\n\t<div id=\"text-4271438068\" class=\"text\">\n\t\t\n\n<p>11:30<\/p>\n\t\t\n<style>\n#text-4271438068 {\n  text-align: center;\n  color: #ffa11e;\n}\n#text-4271438068 > * {\n  color: #ffa11e;\n}\n<\/style>\n\t<\/div>\n\t\n\n\t\t<\/div>\n\t\t\t\t\n<style>\n#col-1958809644 > .col-inner {\n  margin: 0px 0px -20px 0px;\n}\n<\/style>\n\t<\/div>\n\n\t\n\n\t<div id=\"col-1439099969\" class=\"col medium-10 small-12 large-10\"  >\n\t\t\t\t<div class=\"col-inner\"  >\n\t\t\t\n\t\t\t\n\n\t<div id=\"text-744761082\" class=\"text\">\n\t\t\n\n<p><span style=\"color: #ff931e;\">Apresenta\u00e7\u00e3o:<\/span> Solu\u00e7\u00f5es para requalifica\u00e7\u00e3o do servi\u00e7o de transporte p\u00fablico coletivo<\/p>\n\t\t\n<style>\n#text-744761082 {\n  color: rgb(0,0,0);\n}\n#text-744761082 > * {\n  color: rgb(0,0,0);\n}\n<\/style>\n\t<\/div>\n\t\n<p><span style=\"color: #000000;\">Richele Cabral &#8211;<\/span> Diretora de Mobilidade Urbana da Semove<br \/><span style=\"color: #000000;\">Glaydston Ribeiro &#8211;<\/span> Professor do PET\/coppe\/UFRJ e diretor executivo da Funda\u00e7\u00e3o Coppetec<br \/><span style=\"color: #000000;\">Livia Pereira &#8211;<\/span> S\u00f3cia- diretora da Sinergia Estudos e Projetos<\/p>\n\n\t\t<\/div>\n\t\t\t\t\n<style>\n#col-1439099969 > .col-inner {\n  margin: 0px 0px -20px 0px;\n}\n<\/style>\n\t<\/div>\n\n\t\n\n<\/div>\n\n\t\t<\/div>\n\t\t\t\t\n<style>\n#col-149438901 > .col-inner {\n  padding: 20px 20px 10px 20px;\n  margin: 0px 0px -15px 0px;\n  border-radius: 15px;\n}\n@media (min-width:550px) {\n  #col-149438901 > .col-inner {\n    padding: 10px 20px 10px 20px;\n  }\n}\n<\/style>\n\t<\/div>\n\n\t\n\n\t<div id=\"col-2050568885\" class=\"col small-12 large-12\"  >\n\t\t\t\t<div class=\"col-inner box-shadow-1\" style=\"background-color:rgb(255,255,255);\" >\n\t\t\t\n\t\t\t\n\n<div class=\"row\"  id=\"row-370468443\">\n\n\n\t<div id=\"col-1722213583\" class=\"col medium-2 small-2 large-2\"  >\n\t\t\t\t<div class=\"col-inner\"  >\n\t\t\t\n\t\t\t\n\n\t<div id=\"text-1501544772\" class=\"text\">\n\t\t\n\n<p>12:30<\/p>\n\t\t\n<style>\n#text-1501544772 {\n  text-align: center;\n  color: #0a69d2;\n}\n#text-1501544772 > * {\n  color: #0a69d2;\n}\n<\/style>\n\t<\/div>\n\t\n\n\t\t<\/div>\n\t\t\t\t\n<style>\n#col-1722213583 > .col-inner {\n  margin: 0px 0px -20px 0px;\n}\n<\/style>\n\t<\/div>\n\n\t\n\n\t<div id=\"col-1278204552\" class=\"col medium-10 small-12 large-10\"  >\n\t\t\t\t<div class=\"col-inner\"  >\n\t\t\t\n\t\t\t\n\n\t<div id=\"text-2609486067\" class=\"text\">\n\t\t\n\n<p>Intervalo<\/p>\n\t\t\n<style>\n#text-2609486067 {\n  color: rgb(0,0,0);\n}\n#text-2609486067 > * {\n  color: rgb(0,0,0);\n}\n<\/style>\n\t<\/div>\n\t\n\n\t\t<\/div>\n\t\t\t\t\n<style>\n#col-1278204552 > .col-inner {\n  margin: 0px 0px -20px 0px;\n}\n<\/style>\n\t<\/div>\n\n\t\n\n<\/div>\n\n\t\t<\/div>\n\t\t\t\t\n<style>\n#col-2050568885 > .col-inner {\n  padding: 20px 20px 10px 20px;\n  margin: 0px 0px -15px 0px;\n  border-radius: 15px;\n}\n@media (min-width:550px) {\n  #col-2050568885 > .col-inner {\n    padding: 10px 20px 10px 20px;\n  }\n}\n<\/style>\n\t<\/div>\n\n\t\n\n\t<div id=\"col-465633605\" class=\"col small-12 large-12\"  >\n\t\t\t\t<div class=\"col-inner box-shadow-1\" style=\"background-color:rgb(255,255,255);\" >\n\t\t\t\n\t\t\t\n\n<div class=\"row\"  id=\"row-1333901461\">\n\n\n\t<div id=\"col-1173622931\" class=\"col medium-2 small-3 large-2\"  >\n\t\t\t\t<div class=\"col-inner\"  >\n\t\t\t\n\t\t\t\n\n\t<div id=\"text-1070944423\" class=\"text\">\n\t\t\n\n<p>14:00<\/p>\n\t\t\n<style>\n#text-1070944423 {\n  text-align: center;\n  color: rgb(255, 147, 30);\n}\n#text-1070944423 > * {\n  color: rgb(255, 147, 30);\n}\n<\/style>\n\t<\/div>\n\t\n\n\t\t<\/div>\n\t\t\t\t\n<style>\n#col-1173622931 > .col-inner {\n  margin: 0px 0px -20px 0px;\n}\n<\/style>\n\t<\/div>\n\n\t\n\n\t<div id=\"col-2003942198\" class=\"col medium-10 small-12 large-10\"  >\n\t\t\t\t<div class=\"col-inner\"  >\n\t\t\t\n\t\t\t\n\n\t<div id=\"text-2157937140\" class=\"text\">\n\t\t\n\n<p><span style=\"color: #ff931e;\">Painel 4:<\/span> Resultados obtidos em testes e opera\u00e7\u00f5es com diferentes tecnologias de \u00f4nibus do transporte p\u00fablico e os desafios para iniciar a transi\u00e7\u00e3o da matriz energ\u00e9tica<\/p>\n\t\t\n<style>\n#text-2157937140 {\n  color: rgb(0,0,0);\n}\n#text-2157937140 > * {\n  color: rgb(0,0,0);\n}\n<\/style>\n\t<\/div>\n\t\n\t<div id=\"text-4117133627\" class=\"text\">\n\t\t\n\n<p>Debatedores:<\/p>\n\t\t\n<style>\n#text-4117133627 {\n  color: rgb(0,0,0);\n}\n#text-4117133627 > * {\n  color: rgb(0,0,0);\n}\n<\/style>\n\t<\/div>\n\t\n<p><span style=\"color: #000000;\">Anderson Cesar Leite &#8211;<\/span> Gerente de Opera\u00e7\u00f5es BRT de Goi\u00e2nia\/GO<\/p>\n<p><span style=\"color: #000000;\">Thiago Augusto Sielski Marquardt &#8211;<\/span> Gestor de Planejamento e Desenvolvimento na URBS Curitiba<\/p>\n<p><span style=\"color: #000000;\">Vagner Rigon &#8211;<\/span> Diretor de Opera\u00e7\u00f5es Grupo SHC &#8211; Ankai Brasil<\/p>\n<p><span style=\"color: #000000;\">Ma\u00edna Celid\u00f4nio &#8211;<\/span> Secret\u00e1ria Municipal de Transportes do Rio de Janeiro\u00a0\u2013 RJ<\/p>\n<p><span style=\"color: #000000;\">Raphael Salgado \u2013<\/span> Presidente do Detro\/RJ<\/p>\n<p><span style=\"color: #000000;\">Celso Haddad Lopes &#8211;<\/span> Presidente da Empresa P\u00fablica de Transportes de Maric\u00e1\/RJ<\/p>\n<p><span style=\"color: #000000;\">Celso Bastos \u2013<\/span> Gestor de Projetos da G\u00e1s Verde<\/p>\n<p><span style=\"color: #000000;\">Moderador: <\/span>Ol\u00edmpio de Melo Alvares J\u00fanior &#8211; Coordenador da Comiss\u00e3o de Meio Ambiente da ANTP<\/p>\n\n\t\t<\/div>\n\t\t\t\t\n<style>\n#col-2003942198 > .col-inner {\n  margin: 0px 0px -20px 0px;\n}\n<\/style>\n\t<\/div>\n\n\t\n\n<\/div>\n\n\t\t<\/div>\n\t\t\t\t\n<style>\n#col-465633605 > .col-inner {\n  padding: 20px 20px 10px 20px;\n  margin: 0px 0px -15px 0px;\n  border-radius: 15px;\n}\n@media (min-width:550px) {\n  #col-465633605 > .col-inner {\n    padding: 10px 20px 10px 20px;\n  }\n}\n<\/style>\n\t<\/div>\n\n\t\n\n\t<div id=\"col-1830001442\" class=\"col small-12 large-12\"  >\n\t\t\t\t<div class=\"col-inner box-shadow-1\" style=\"background-color:rgb(255,255,255);\" >\n\t\t\t\n\t\t\t\n\n<div class=\"row\"  id=\"row-562993455\">\n\n\n\t<div id=\"col-952669165\" class=\"col medium-2 small-3 large-2\"  >\n\t\t\t\t<div class=\"col-inner\"  >\n\t\t\t\n\t\t\t\n\n\t<div id=\"text-3887455866\" class=\"text\">\n\t\t\n\n<p>15:30<\/p>\n\t\t\n<style>\n#text-3887455866 {\n  text-align: center;\n  color: rgb(255, 147, 30);\n}\n#text-3887455866 > * {\n  color: rgb(255, 147, 30);\n}\n<\/style>\n\t<\/div>\n\t\n\n\t\t<\/div>\n\t\t\t\t\n<style>\n#col-952669165 > .col-inner {\n  margin: 0px 0px -20px 0px;\n}\n<\/style>\n\t<\/div>\n\n\t\n\n\t<div id=\"col-413365441\" class=\"col medium-10 small-12 large-10\"  >\n\t\t\t\t<div class=\"col-inner\"  >\n\t\t\t\n\t\t\t\n\n\t<div id=\"text-2224472546\" class=\"text\">\n\t\t\n\n<p><span style=\"color: #ff931e;\">Painel 5:<\/span> Financiamentos: como captar recursos para implanta\u00e7\u00e3o de projetos de descarboniza\u00e7\u00e3o de frotas<\/p>\n\t\t\n<style>\n#text-2224472546 {\n  color: rgb(0,0,0);\n}\n#text-2224472546 > * {\n  color: rgb(0,0,0);\n}\n<\/style>\n\t<\/div>\n\t\n\t<div id=\"text-3114877091\" class=\"text\">\n\t\t\n\n<p>Debatedores:<\/p>\n\t\t\n<style>\n#text-3114877091 {\n  color: rgb(0,0,0);\n}\n#text-3114877091 > * {\n  color: rgb(0,0,0);\n}\n<\/style>\n\t<\/div>\n\t\n<p><span style=\"color: #000000;\">Rafael Murta Resende &#8211;<\/span> Superintendente de Mobilidade de Belo Horizonte\/MG<\/p>\n<p><span style=\"color: #000000;\">Pablo Souza &#8211;<\/span> Secret\u00e1rio de Mobilidade de Salvador\/BA<\/p>\n<p><span style=\"color: #000000;\">Cristina Albuquerque \u2013<\/span> Especialista em Mobilidade Urbana e Ex-Diretora Global de Mobilidade El\u00e9trica do WRI<\/p>\n<p><span style=\"color: #000000;\">Bernardo Serra &#8211;<\/span> Consultor em Transporte do Banco Mundial<\/p>\n<p><span style=\"color: #000000;\">Ana Paula Morais da Silva \u2013<\/span> Coordenadora-Geral de Projetos Especiais na Secretaria Nacional de Mobilidade Urbana\/MCID<\/p>\n<p><span style=\"color: #000000;\">Moderador:<\/span> Elimar Oliveira Jr &#8211; Colaborador do Portal de Boas Pr\u00e1ticas ANTP<\/p>\n\n\t\t<\/div>\n\t\t\t\t\n<style>\n#col-413365441 > .col-inner {\n  margin: 0px 0px -20px 0px;\n}\n<\/style>\n\t<\/div>\n\n\t\n\n<\/div>\n\n\t\t<\/div>\n\t\t\t\t\n<style>\n#col-1830001442 > .col-inner {\n  padding: 20px 20px 10px 20px;\n  margin: 0px 0px -15px 0px;\n  border-radius: 15px;\n}\n@media (min-width:550px) {\n  #col-1830001442 > .col-inner {\n    padding: 10px 20px 10px 20px;\n  }\n}\n<\/style>\n\t<\/div>\n\n\t\n\n\t<div id=\"col-1164408056\" class=\"col small-12 large-12\"  >\n\t\t\t\t<div class=\"col-inner box-shadow-1\" style=\"background-color:rgb(255,255,255);\" >\n\t\t\t\n\t\t\t\n\n<div class=\"row\"  id=\"row-2016160910\">\n\n\n\t<div id=\"col-122584764\" class=\"col medium-2 small-3 large-2\"  >\n\t\t\t\t<div class=\"col-inner\"  >\n\t\t\t\n\t\t\t\n\n\t<div id=\"text-2801100978\" class=\"text\">\n\t\t\n\n<p>16:30<\/p>\n\t\t\n<style>\n#text-2801100978 {\n  text-align: center;\n  color: rgb(105, 73, 243);\n}\n#text-2801100978 > * {\n  color: rgb(105, 73, 243);\n}\n<\/style>\n\t<\/div>\n\t\n\n\t\t<\/div>\n\t\t\t\t\n<style>\n#col-122584764 > .col-inner {\n  margin: 0px 0px -20px 0px;\n}\n<\/style>\n\t<\/div>\n\n\t\n\n\t<div id=\"col-1695646413\" class=\"col medium-10 small-12 large-10\"  >\n\t\t\t\t<div class=\"col-inner\"  >\n\t\t\t\n\t\t\t\n\n\t<div id=\"text-3083322939\" class=\"text\">\n\t\t\n\n<p>ENCERRAMENTO<\/p>\n\t\t\n<style>\n#text-3083322939 {\n  color: rgb(0,0,0);\n}\n#text-3083322939 > * {\n  color: rgb(0,0,0);\n}\n<\/style>\n\t<\/div>\n\t\n\n\t\t<\/div>\n\t\t\t\t\n<style>\n#col-1695646413 > .col-inner {\n  margin: 0px 0px -20px 0px;\n}\n<\/style>\n\t<\/div>\n\n\t\n\n<\/div>\n\n\t\t<\/div>\n\t\t\t\t\n<style>\n#col-1164408056 > .col-inner {\n  padding: 20px 20px 10px 20px;\n  margin: 0px 0px -15px 0px;\n  border-radius: 15px;\n}\n@media (min-width:550px) {\n  #col-1164408056 > .col-inner {\n    padding: 10px 20px 10px 20px;\n  }\n}\n<\/style>\n\t<\/div>\n\n\t\n\n<\/div>\n\n<\/div><\/div><\/div>\n\n\t\t<\/div>\n\t\t\t\t\n<style>\n#col-2014994549 > .col-inner {\n  padding: 0px 10px 0px 10px;\n}\n@media (min-width:550px) {\n  #col-2014994549 > .col-inner {\n    padding: 0px 0px 0px 20px;\n  }\n}\n<\/style>\n\t<\/div>\n\n\t\n\n<\/div>\n<div class=\"row\"  id=\"row-1599317506\">\n\n\n\t<div id=\"col-1583352961\" class=\"col small-12 large-12\"  >\n\t\t\t\t<div class=\"col-inner text-center\"  >\n\t\t\t\n\t\t\t\n\n<a class=\"button primary hide-for-medium\"  style=\"border-radius:99px;padding:8px 50px 8px 50px;\">\n    <span>fa\u00e7a sua inscri\u00e7\u00e3o gratuita<\/span>\n  <\/a>\n\n\n<a href=\"https:\/\/www.sympla.com.br\/evento\/forum-de-transicao-energetica-no-transporte-publico-do-estado-do-rio-de-janeiro\/3263455\" target=\"_blank\" class=\"button success reveal-icon expand show-for-small\" rel=\"noopener\"  style=\"border-radius:99px;padding:8px 50px 8px 50px;\">\n    <span>fa\u00e7a sua inscri\u00e7\u00e3o gratuita<\/span>\n  <i class=\"icon-angle-right\" aria-hidden=\"true\" ><\/i><\/a>\n\n\n\n\t\t<\/div>\n\t\t\t\t\t<\/div>\n\n\t\n\n<\/div>\n\n\t\t<\/div>\n\n\t\t\n<style>\n#section_423901157 {\n  padding-top: 30px;\n  padding-bottom: 30px;\n  background-color: rgb(245, 245, 245);\n}\n<\/style>\n\t<\/section>\n\t\n\t<section class=\"section show-for-small\" id=\"section_1928534256\">\n\t\t<div class=\"bg section-bg fill bg-fill  \" >\n\n\t\t\t\n\t\t\t\n\t\t\t\n\n\t\t<\/div>\n\n\t\t\n\n\t\t<div class=\"section-content relative\">\n\t\t\t\n\n<div class=\"row align-center\"  id=\"row-2118145918\">\n\n\n\t<div id=\"col-1653075932\" class=\"col medium-7 small-12 large-7\"  >\n\t\t\t\t<div class=\"col-inner text-center\"  >\n\t\t\t\n\t\t\t\n\n\t<div id=\"gap-313447290\" class=\"gap-element clearfix\" style=\"display:block; height:auto;\">\n\t\t\n<style>\n#gap-313447290 {\n  padding-top: 30px;\n}\n<\/style>\n\t<\/div>\n\t\n\n\t<div class=\"img has-hover x md-x lg-x y md-y lg-y\" id=\"image_386715920\">\n\t\t\t\t\t\t\t\t<div class=\"img-inner dark\" >\n\t\t\t<img loading=\"lazy\" decoding=\"async\" width=\"1\" height=\"1\" src=\"https:\/\/nexuscidadesinteligentes.com.br\/forum-transporte\/wp-content\/uploads\/2026\/01\/Palestrantes-e-Painelistas-Confirmados.svg\" class=\"attachment-large size-large\" alt=\"\" \/>\t\t\t\t\t\t\n\t\t\t\t\t<\/div>\n\t\t\t\t\t\t\t\t\n<style>\n#image_386715920 {\n  width: 90%;\n}\n@media (min-width:550px) {\n  #image_386715920 {\n    width: 60%;\n  }\n}\n<\/style>\n\t<\/div>\n\t\n\n\t<div id=\"gap-2021708451\" class=\"gap-element clearfix\" style=\"display:block; height:auto;\">\n\t\t\n<style>\n#gap-2021708451 {\n  padding-top: 15px;\n}\n<\/style>\n\t<\/div>\n\t\n\n\t<div id=\"text-1236868034\" class=\"text\">\n\t\t\n\n<p>O F\u00f3rum contar\u00e1 com especialistas, operadores, secret\u00e1rios e dirigentes de mobilidade urbana de grandes cidades, incluindo experi\u00eancias em fase de planejamento, implanta\u00e7\u00e3o e opera\u00e7\u00e3o.<\/p>\n\t\t\n<style>\n#text-1236868034 {\n  color: #042042;\n}\n#text-1236868034 > * {\n  color: #042042;\n}\n<\/style>\n\t<\/div>\n\t\n\n\t\t<\/div>\n\t\t\t\t\t<\/div>\n\n\t\n\n<\/div>\n<div class=\"row row-small\" style=\"max-width:1200px\" id=\"row-1200177658\">\n\n\n\t<div id=\"col-1341658594\" class=\"col medium-4 small-12 large-4\"  >\n\t\t\t\t<div class=\"col-inner text-center\" style=\"background-color:rgb(255,255,255);\" >\n\t\t\t\n\t\t\t\n\n\t<div class=\"img has-hover circle x md-x lg-x y md-y lg-y\" id=\"image_1322311378\">\n\t\t\t\t\t\t\t\t<div class=\"img-inner dark\" >\n\t\t\t<img loading=\"lazy\" decoding=\"async\" width=\"300\" height=\"300\" src=\"https:\/\/nexuscidadesinteligentes.com.br\/forum-transporte\/wp-content\/uploads\/2026\/01\/Pablo-Souza-300x300-1.png\" class=\"attachment-large size-large\" alt=\"\" srcset=\"https:\/\/nexuscidadesinteligentes.com.br\/forum-transporte\/wp-content\/uploads\/2026\/01\/Pablo-Souza-300x300-1.png 300w, https:\/\/nexuscidadesinteligentes.com.br\/forum-transporte\/wp-content\/uploads\/2026\/01\/Pablo-Souza-300x300-1-150x150.png 150w\" sizes=\"auto, (max-width: 300px) 100vw, 300px\" \/>\t\t\t\t\t\t\n\t\t\t\t\t<\/div>\n\t\t\t\t\t\t\t\t\n<style>\n#image_1322311378 {\n  width: 45%;\n}\n<\/style>\n\t<\/div>\n\t\n\n<h2>Pablo Souza<br \/>\n<\/h2>\n<p>Secret\u00e1rio de Mobilidade de Salvador-BA, Economista pela UFB e Especialista em Gerenciamento de Projetos pela FGV.<\/p>\n\n\t\t<\/div>\n\t\t\t\t\n<style>\n#col-1341658594 > .col-inner {\n  padding: 30px 30px 30px 30px;\n  border-radius: 15px;\n}\n@media (min-width:550px) {\n  #col-1341658594 > .col-inner {\n    padding: 30px 30px 58px 30px;\n  }\n}\n<\/style>\n\t<\/div>\n\n\t\n\n\t<div id=\"col-1840489945\" class=\"col medium-4 small-12 large-4\"  >\n\t\t\t\t<div class=\"col-inner text-center\" style=\"background-color:rgb(255,255,255);\" >\n\t\t\t\n\t\t\t\n\n\t<div class=\"img has-hover circle x md-x lg-x y md-y lg-y\" id=\"image_1660869577\">\n\t\t\t\t\t\t\t\t<div class=\"img-inner dark\" >\n\t\t\t<img loading=\"lazy\" decoding=\"async\" width=\"300\" height=\"300\" src=\"https:\/\/nexuscidadesinteligentes.com.br\/forum-transporte\/wp-content\/uploads\/2026\/01\/Adao-de-Castro-Junior-300x300-1.png\" class=\"attachment-large size-large\" alt=\"\" srcset=\"https:\/\/nexuscidadesinteligentes.com.br\/forum-transporte\/wp-content\/uploads\/2026\/01\/Adao-de-Castro-Junior-300x300-1.png 300w, https:\/\/nexuscidadesinteligentes.com.br\/forum-transporte\/wp-content\/uploads\/2026\/01\/Adao-de-Castro-Junior-300x300-1-150x150.png 150w\" sizes=\"auto, (max-width: 300px) 100vw, 300px\" \/>\t\t\t\t\t\t\n\t\t\t\t\t<\/div>\n\t\t\t\t\t\t\t\t\n<style>\n#image_1660869577 {\n  width: 45%;\n}\n<\/style>\n\t<\/div>\n\t\n\n<h2>Ad\u00e3o de Castro J\u00fanior<br \/>\n<\/h2>\n<p>Secret\u00e1rio Municipal de Mobilidade Urbana de Porto Alegre-RS, Especialista em Engenharia de Tr\u00e1fego, Mobilidade Urbana e Planejamento de Transportes.<\/p>\n\n\t\t<\/div>\n\t\t\t\t\n<style>\n#col-1840489945 > .col-inner {\n  padding: 30px 30px 30px 30px;\n  border-radius: 15px;\n}\n<\/style>\n\t<\/div>\n\n\t\n\n\t<div id=\"col-964342142\" class=\"col medium-4 small-12 large-4\"  >\n\t\t\t\t<div class=\"col-inner text-center\" style=\"background-color:rgb(255,255,255);\" >\n\t\t\t\n\t\t\t\n\n\t<div class=\"img has-hover circle x md-x lg-x y md-y lg-y\" id=\"image_1652008027\">\n\t\t\t\t\t\t\t\t<div class=\"img-inner dark\" >\n\t\t\t<img loading=\"lazy\" decoding=\"async\" width=\"300\" height=\"300\" src=\"https:\/\/nexuscidadesinteligentes.com.br\/forum-transporte\/wp-content\/uploads\/2026\/01\/Raphael-Salgado-300x300-1.png\" class=\"attachment-large size-large\" alt=\"\" srcset=\"https:\/\/nexuscidadesinteligentes.com.br\/forum-transporte\/wp-content\/uploads\/2026\/01\/Raphael-Salgado-300x300-1.png 300w, https:\/\/nexuscidadesinteligentes.com.br\/forum-transporte\/wp-content\/uploads\/2026\/01\/Raphael-Salgado-300x300-1-150x150.png 150w\" sizes=\"auto, (max-width: 300px) 100vw, 300px\" \/>\t\t\t\t\t\t\n\t\t\t\t\t<\/div>\n\t\t\t\t\t\t\t\t\n<style>\n#image_1652008027 {\n  width: 45%;\n}\n<\/style>\n\t<\/div>\n\t\n\n<h2>Raphael Salgado<br \/>\n<\/h2>\n<p>Presidente do Detro-RJ<\/p>\n\n\t\t<\/div>\n\t\t\t\t\n<style>\n#col-964342142 > .col-inner {\n  padding: 30px 30px 30px 30px;\n  border-radius: 15px;\n}\n@media (min-width:550px) {\n  #col-964342142 > .col-inner {\n    padding: 30px 30px 106px 30px;\n  }\n}\n<\/style>\n\t<\/div>\n\n\t\n\n\t<div id=\"col-875607766\" class=\"col medium-4 small-12 large-4\"  >\n\t\t\t\t<div class=\"col-inner text-center\" style=\"background-color:rgb(255,255,255);\" >\n\t\t\t\n\t\t\t\n\n\t<div class=\"img has-hover circle x md-x lg-x y md-y lg-y\" id=\"image_929539244\">\n\t\t\t\t\t\t\t\t<div class=\"img-inner dark\" >\n\t\t\t<img loading=\"lazy\" decoding=\"async\" width=\"300\" height=\"300\" src=\"https:\/\/nexuscidadesinteligentes.com.br\/forum-transporte\/wp-content\/uploads\/2026\/01\/Niege-Chaves-300x300-1.png\" class=\"attachment-large size-large\" alt=\"\" srcset=\"https:\/\/nexuscidadesinteligentes.com.br\/forum-transporte\/wp-content\/uploads\/2026\/01\/Niege-Chaves-300x300-1.png 300w, https:\/\/nexuscidadesinteligentes.com.br\/forum-transporte\/wp-content\/uploads\/2026\/01\/Niege-Chaves-300x300-1-150x150.png 150w\" sizes=\"auto, (max-width: 300px) 100vw, 300px\" \/>\t\t\t\t\t\t\n\t\t\t\t\t<\/div>\n\t\t\t\t\t\t\t\t\n<style>\n#image_929539244 {\n  width: 45%;\n}\n<\/style>\n\t<\/div>\n\t\n\n<h2>Niege Chaves<br \/>\n<\/h2>\n<p>Presidente do Conselho da Mobibrasil<\/p>\n\n\t\t<\/div>\n\t\t\t\t\n<style>\n#col-875607766 > .col-inner {\n  padding: 30px 30px 30px 30px;\n  border-radius: 15px;\n}\n@media (min-width:550px) {\n  #col-875607766 > .col-inner {\n    padding: 30px 30px 117px 30px;\n  }\n}\n<\/style>\n\t<\/div>\n\n\t\n\n\t<div id=\"col-191290128\" class=\"col medium-4 small-12 large-4\"  >\n\t\t\t\t<div class=\"col-inner text-center\" style=\"background-color:rgb(255,255,255);\" >\n\t\t\t\n\t\t\t\n\n\t<div class=\"img has-hover circle x md-x lg-x y md-y lg-y\" id=\"image_1832629443\">\n\t\t\t\t\t\t\t\t<div class=\"img-inner dark\" >\n\t\t\t<img loading=\"lazy\" decoding=\"async\" width=\"300\" height=\"300\" src=\"https:\/\/nexuscidadesinteligentes.com.br\/forum-transporte\/wp-content\/uploads\/2026\/01\/Tiago-Santovito-300x300-1.png\" class=\"attachment-large size-large\" alt=\"\" srcset=\"https:\/\/nexuscidadesinteligentes.com.br\/forum-transporte\/wp-content\/uploads\/2026\/01\/Tiago-Santovito-300x300-1.png 300w, https:\/\/nexuscidadesinteligentes.com.br\/forum-transporte\/wp-content\/uploads\/2026\/01\/Tiago-Santovito-300x300-1-150x150.png 150w\" sizes=\"auto, (max-width: 300px) 100vw, 300px\" \/>\t\t\t\t\t\t\n\t\t\t\t\t<\/div>\n\t\t\t\t\t\t\t\t\n<style>\n#image_1832629443 {\n  width: 45%;\n}\n<\/style>\n\t<\/div>\n\t\n\n<h2>Tiago Santovito<br \/>\n<\/h2>\n<p>Diretor Executivo da Abiog\u00e1s, Graduado em Contabilidade com especializa\u00e7\u00e3o em Controladoria, Petr\u00f3leo, G\u00e1s Natural e Energia Renov\u00e1vel.<\/p>\n\n\t\t<\/div>\n\t\t\t\t\n<style>\n#col-191290128 > .col-inner {\n  padding: 30px 30px 30px 30px;\n  border-radius: 15px;\n}\n@media (min-width:550px) {\n  #col-191290128 > .col-inner {\n    padding: 30px 30px 36px 30px;\n  }\n}\n<\/style>\n\t<\/div>\n\n\t\n\n\t<div id=\"col-2078602668\" class=\"col medium-4 small-12 large-4\"  >\n\t\t\t\t<div class=\"col-inner text-center\" style=\"background-color:rgb(255,255,255);\" >\n\t\t\t\n\t\t\t\n\n\t<div class=\"img has-hover circle x md-x lg-x y md-y lg-y\" id=\"image_11778100\">\n\t\t\t\t\t\t\t\t<div class=\"img-inner dark\" >\n\t\t\t<img loading=\"lazy\" decoding=\"async\" width=\"300\" height=\"300\" src=\"https:\/\/nexuscidadesinteligentes.com.br\/forum-transporte\/wp-content\/uploads\/2026\/01\/Rafael-Murta-Resende-300x300-1.png\" class=\"attachment-large size-large\" alt=\"\" srcset=\"https:\/\/nexuscidadesinteligentes.com.br\/forum-transporte\/wp-content\/uploads\/2026\/01\/Rafael-Murta-Resende-300x300-1.png 300w, https:\/\/nexuscidadesinteligentes.com.br\/forum-transporte\/wp-content\/uploads\/2026\/01\/Rafael-Murta-Resende-300x300-1-150x150.png 150w\" sizes=\"auto, (max-width: 300px) 100vw, 300px\" \/>\t\t\t\t\t\t\n\t\t\t\t\t<\/div>\n\t\t\t\t\t\t\t\t\n<style>\n#image_11778100 {\n  width: 45%;\n}\n<\/style>\n\t<\/div>\n\t\n\n<h2>Rafael Murta Resende<br \/>\n<\/h2>\n<p>Superintendente de Mobilidade de Belo Horizonte-MG, Engenheiro Civil, Mestre em Transportes, Especialista em Gest\u00e3o de Projetos e Gest\u00e3o P\u00fablica.<\/p>\n\n\t\t<\/div>\n\t\t\t\t\n<style>\n#col-2078602668 > .col-inner {\n  padding: 30px 30px 30px 30px;\n  border-radius: 15px;\n}\n@media (min-width:550px) {\n  #col-2078602668 > .col-inner {\n    padding: 30px 30px 35px 30px;\n  }\n}\n<\/style>\n\t<\/div>\n\n\t\n\n\t<div id=\"col-1199055160\" class=\"col medium-4 small-12 large-4\"  >\n\t\t\t\t<div class=\"col-inner text-center\" style=\"background-color:rgb(255,255,255);\" >\n\t\t\t\n\t\t\t\n\n\t<div class=\"img has-hover circle x md-x lg-x y md-y lg-y\" id=\"image_973382277\">\n\t\t\t\t\t\t\t\t<div class=\"img-inner dark\" >\n\t\t\t<img loading=\"lazy\" decoding=\"async\" width=\"300\" height=\"300\" src=\"https:\/\/nexuscidadesinteligentes.com.br\/forum-transporte\/wp-content\/uploads\/2026\/01\/Anderson-Cesar-Leite-300x300-1.png\" class=\"attachment-large size-large\" alt=\"\" srcset=\"https:\/\/nexuscidadesinteligentes.com.br\/forum-transporte\/wp-content\/uploads\/2026\/01\/Anderson-Cesar-Leite-300x300-1.png 300w, https:\/\/nexuscidadesinteligentes.com.br\/forum-transporte\/wp-content\/uploads\/2026\/01\/Anderson-Cesar-Leite-300x300-1-150x150.png 150w\" sizes=\"auto, (max-width: 300px) 100vw, 300px\" \/>\t\t\t\t\t\t\n\t\t\t\t\t<\/div>\n\t\t\t\t\t\t\t\t\n<style>\n#image_973382277 {\n  width: 45%;\n}\n<\/style>\n\t<\/div>\n\t\n\n<h2>Anderson Cesar Leite <\/h2>\n<p>Gerente de Opera\u00e7\u00f5es BRT do Cons\u00f3rcio BRT de Goi\u00e2nia-GO, Economista e MBA em Gest\u00e3o Empresarial pela FGV.<\/p>\n\n\t\t<\/div>\n\t\t\t\t\n<style>\n#col-1199055160 > .col-inner {\n  padding: 30px 30px 30px 30px;\n  border-radius: 15px;\n}\n@media (min-width:550px) {\n  #col-1199055160 > .col-inner {\n    padding: 30px 30px 131px 30px;\n  }\n}\n<\/style>\n\t<\/div>\n\n\t\n\n\t<div id=\"col-1259624012\" class=\"col medium-4 small-12 large-4\"  >\n\t\t\t\t<div class=\"col-inner text-center\" style=\"background-color:rgb(255,255,255);\" >\n\t\t\t\n\t\t\t\n\n\t<div class=\"img has-hover circle x md-x lg-x y md-y lg-y\" id=\"image_1398657241\">\n\t\t\t\t\t\t\t\t<div class=\"img-inner dark\" >\n\t\t\t<img loading=\"lazy\" decoding=\"async\" width=\"300\" height=\"300\" src=\"https:\/\/nexuscidadesinteligentes.com.br\/forum-transporte\/wp-content\/uploads\/2026\/01\/Richele-Cabral-300x300-1.png\" class=\"attachment-large size-large\" alt=\"\" srcset=\"https:\/\/nexuscidadesinteligentes.com.br\/forum-transporte\/wp-content\/uploads\/2026\/01\/Richele-Cabral-300x300-1.png 300w, https:\/\/nexuscidadesinteligentes.com.br\/forum-transporte\/wp-content\/uploads\/2026\/01\/Richele-Cabral-300x300-1-150x150.png 150w\" sizes=\"auto, (max-width: 300px) 100vw, 300px\" \/>\t\t\t\t\t\t\n\t\t\t\t\t<\/div>\n\t\t\t\t\t\t\t\t\n<style>\n#image_1398657241 {\n  width: 45%;\n}\n<\/style>\n\t<\/div>\n\t\n\n<h2>Richele Cabral<\/h2>\n<p>Diretora de Mobilidade Urbana da Semove \u2013 Federa\u00e7\u00e3o das Empresas de Mobilidade do Estado do Rio de Janeiro. Engenheira Civil pela UFMG, Mestre em Engenharia de Transportes pela Coppe\/UFRJ e MBA em Gest\u00e3o de Neg\u00f3cios com \u00eanfase em Transportes pela Funda\u00e7\u00e3o Dom Cabral.<\/p>\n\n\t\t<\/div>\n\t\t\t\t\n<style>\n#col-1259624012 > .col-inner {\n  padding: 30px 30px 30px 30px;\n  border-radius: 15px;\n}\n<\/style>\n\t<\/div>\n\n\t\n\n\t<div id=\"col-899588209\" class=\"col medium-4 small-12 large-4\"  >\n\t\t\t\t<div class=\"col-inner text-center\" style=\"background-color:rgb(255,255,255);\" >\n\t\t\t\n\t\t\t\n\n\t<div class=\"img has-hover circle x md-x lg-x y md-y lg-y\" id=\"image_76816435\">\n\t\t\t\t\t\t\t\t<div class=\"img-inner dark\" >\n\t\t\t<img loading=\"lazy\" decoding=\"async\" width=\"300\" height=\"292\" src=\"https:\/\/nexuscidadesinteligentes.com.br\/forum-transporte\/wp-content\/uploads\/2026\/01\/WhatsApp-Image-2026-01-12-at-16.45.10-300x292-1.jpeg\" class=\"attachment-large size-large\" alt=\"\" \/>\t\t\t\t\t\t\n\t\t\t\t\t<\/div>\n\t\t\t\t\t\t\t\t\n<style>\n#image_76816435 {\n  width: 45%;\n}\n<\/style>\n\t<\/div>\n\t\n\n<h2>Guilherme Wilson<br \/>\n<\/h2>\n<p>Gerente de Planejamento e Controle da SEMOVE. Engenheiro mec\u00e2nico formado pela UFMG, Mestrado em Planejamento Energ\u00e9tico pela Coppe\/UFRJ, p\u00f3s graduado em Direito Ambiental pela UERJ e MBA em Gest\u00e3o de Neg\u00f3cios com \u00eanfase em Transportes pela Funda\u00e7\u00e3o Dom Cabral.<\/p>\n\n\t\t<\/div>\n\t\t\t\t\n<style>\n#col-899588209 > .col-inner {\n  padding: 30px 30px 30px 30px;\n  border-radius: 15px;\n}\n@media (min-width:550px) {\n  #col-899588209 > .col-inner {\n    padding: 30px 30px 33px 30px;\n  }\n}\n<\/style>\n\t<\/div>\n\n\t\n\n\t<div id=\"col-300791503\" class=\"col medium-4 small-12 large-4\"  >\n\t\t\t\t<div class=\"col-inner text-center\" style=\"background-color:rgb(255,255,255);\" >\n\t\t\t\n\t\t\t\n\n\t<div class=\"img has-hover circle x md-x lg-x y md-y lg-y\" id=\"image_1442999193\">\n\t\t\t\t\t\t\t\t<div class=\"img-inner dark\" >\n\t\t\t<img loading=\"lazy\" decoding=\"async\" width=\"300\" height=\"300\" src=\"https:\/\/nexuscidadesinteligentes.com.br\/forum-transporte\/wp-content\/uploads\/2026\/01\/Cristina-Albuquerque-300x300-1.png\" class=\"attachment-large size-large\" alt=\"\" srcset=\"https:\/\/nexuscidadesinteligentes.com.br\/forum-transporte\/wp-content\/uploads\/2026\/01\/Cristina-Albuquerque-300x300-1.png 300w, https:\/\/nexuscidadesinteligentes.com.br\/forum-transporte\/wp-content\/uploads\/2026\/01\/Cristina-Albuquerque-300x300-1-150x150.png 150w\" sizes=\"auto, (max-width: 300px) 100vw, 300px\" \/>\t\t\t\t\t\t\n\t\t\t\t\t<\/div>\n\t\t\t\t\t\t\t\t\n<style>\n#image_1442999193 {\n  width: 45%;\n}\n<\/style>\n\t<\/div>\n\t\n\n<h2>Cristina Albuquerque<\/h2>\n<p>Especialista em Mobilidade Urbana, Transporte Sustent\u00e1vel e ex-diretora global do WRI.<\/p>\n\n\t\t<\/div>\n\t\t\t\t\n<style>\n#col-300791503 > .col-inner {\n  padding: 30px 30px 30px 30px;\n  border-radius: 15px;\n}\n@media (min-width:550px) {\n  #col-300791503 > .col-inner {\n    padding: 30px 30px 104px 30px;\n  }\n}\n<\/style>\n\t<\/div>\n\n\t\n\n\t<div id=\"col-1013303178\" class=\"col medium-4 small-12 large-4\"  >\n\t\t\t\t<div class=\"col-inner text-center\" style=\"background-color:rgb(255,255,255);\" >\n\t\t\t\n\t\t\t\n\n\t<div class=\"img has-hover circle x md-x lg-x y md-y lg-y\" id=\"image_706460022\">\n\t\t\t\t\t\t\t\t<div class=\"img-inner dark\" >\n\t\t\t<img loading=\"lazy\" decoding=\"async\" width=\"300\" height=\"300\" src=\"https:\/\/nexuscidadesinteligentes.com.br\/forum-transporte\/wp-content\/uploads\/2026\/01\/Rodrigo-Valladares-Marchant-300x300-1.png\" class=\"attachment-large size-large\" alt=\"\" srcset=\"https:\/\/nexuscidadesinteligentes.com.br\/forum-transporte\/wp-content\/uploads\/2026\/01\/Rodrigo-Valladares-Marchant-300x300-1.png 300w, https:\/\/nexuscidadesinteligentes.com.br\/forum-transporte\/wp-content\/uploads\/2026\/01\/Rodrigo-Valladares-Marchant-300x300-1-150x150.png 150w\" sizes=\"auto, (max-width: 300px) 100vw, 300px\" \/>\t\t\t\t\t\t\n\t\t\t\t\t<\/div>\n\t\t\t\t\t\t\t\t\n<style>\n#image_706460022 {\n  width: 45%;\n}\n<\/style>\n\t<\/div>\n\t\n\n<h2>Rodrigo Valladares Marchant<\/h2>\n<p>Secret\u00e1rio Ministerial Regional de Transportes e Telecomunica\u00e7\u00f5es da Regi\u00e3o Metropolitana de Santiago do Chile. Advogado pela Universidade Andr\u00e9s Bello, Mestre em Estudos de Conflitos e Desenvolvimento pela Universidade de Ghent, na B\u00e9lgica.<\/p>\n\n\t\t<\/div>\n\t\t\t\t\n<style>\n#col-1013303178 > .col-inner {\n  padding: 30px 30px 30px 30px;\n  border-radius: 15px;\n}\n@media (min-width:550px) {\n  #col-1013303178 > .col-inner {\n    padding: 30px 30px 26px 30px;\n  }\n}\n<\/style>\n\t<\/div>\n\n\t\n\n\t<div id=\"col-1076700228\" class=\"col medium-4 small-12 large-4\"  >\n\t\t\t\t<div class=\"col-inner text-center\" style=\"background-color:rgb(255,255,255);\" >\n\t\t\t\n\t\t\t\n\n\t<div class=\"img has-hover circle x md-x lg-x y md-y lg-y\" id=\"image_610163520\">\n\t\t\t\t\t\t\t\t<div class=\"img-inner dark\" >\n\t\t\t<img loading=\"lazy\" decoding=\"async\" width=\"300\" height=\"300\" src=\"https:\/\/nexuscidadesinteligentes.com.br\/forum-transporte\/wp-content\/uploads\/2026\/01\/Aline-Leite-300x300-1.jpeg\" class=\"attachment-large size-large\" alt=\"\" srcset=\"https:\/\/nexuscidadesinteligentes.com.br\/forum-transporte\/wp-content\/uploads\/2026\/01\/Aline-Leite-300x300-1.jpeg 300w, https:\/\/nexuscidadesinteligentes.com.br\/forum-transporte\/wp-content\/uploads\/2026\/01\/Aline-Leite-300x300-1-150x150.jpeg 150w\" sizes=\"auto, (max-width: 300px) 100vw, 300px\" \/>\t\t\t\t\t\t\n\t\t\t\t\t<\/div>\n\t\t\t\t\t\t\t\t\n<style>\n#image_610163520 {\n  width: 45%;\n}\n<\/style>\n\t<\/div>\n\t\n\n<h2>Aline Leite<\/h2>\n<p>Coordenadora de Transporte P\u00fablico do ITDP, Doutoranda, mestra em Engenharia de Transportes e especialista em Engenharia Urbana pela UFRJ. Especialista em Sistemas de Informa\u00e7\u00f5es Geogr\u00e1ficas (SIG) pela Universidade de Salzburgo, \u00c1ustria, e ge\u00f3grafa pela Universidade Federal do Amazonas (UFAM).<\/p>\n\n\t\t<\/div>\n\t\t\t\t\n<style>\n#col-1076700228 > .col-inner {\n  padding: 30px 30px 30px 30px;\n  border-radius: 15px;\n}\n@media (min-width:550px) {\n  #col-1076700228 > .col-inner {\n    padding: 30px 30px 0px 30px;\n  }\n}\n<\/style>\n\t<\/div>\n\n\t\n\n\t<div id=\"col-741636337\" class=\"col medium-4 small-12 large-4\"  >\n\t\t\t\t<div class=\"col-inner text-center\" style=\"background-color:rgb(255,255,255);\" >\n\t\t\t\n\t\t\t\n\n\t<div class=\"img has-hover circle x md-x lg-x y md-y lg-y\" id=\"image_1311413468\">\n\t\t\t\t\t\t\t\t<div class=\"img-inner dark\" >\n\t\t\t<img loading=\"lazy\" decoding=\"async\" width=\"194\" height=\"201\" src=\"https:\/\/nexuscidadesinteligentes.com.br\/forum-transporte\/wp-content\/uploads\/2026\/01\/Vagner-Rigon-.jpeg\" class=\"attachment-large size-large\" alt=\"\" \/>\t\t\t\t\t\t\n\t\t\t\t\t<\/div>\n\t\t\t\t\t\t\t\t\n<style>\n#image_1311413468 {\n  width: 45%;\n}\n<\/style>\n\t<\/div>\n\t\n\n<h2>Vagner Rigon<\/h2>\n<p>Diretor de Opera\u00e7\u00f5es do Grupo SHC, Ankai Brasil. Membro do LEVE \u2013 UNICAMP. Economista, com MBA em Marketing e mestrando em Pol\u00edtica Cient\u00edfica e Tecnol\u00f3gica, com \u00eanfase em Transporte P\u00fablico El\u00e9trico.<\/p>\n\n\t\t<\/div>\n\t\t\t\t\n<style>\n#col-741636337 > .col-inner {\n  padding: 30px 30px 30px 30px;\n  border-radius: 15px;\n}\n@media (min-width:550px) {\n  #col-741636337 > .col-inner {\n    padding: 30px 30px 77px 30px;\n  }\n}\n<\/style>\n\t<\/div>\n\n\t\n\n\t<div id=\"col-786096282\" class=\"col medium-4 small-12 large-4\"  >\n\t\t\t\t<div class=\"col-inner text-center\" style=\"background-color:rgb(255,255,255);\" >\n\t\t\t\n\t\t\t\n\n\t<div class=\"img has-hover circle x md-x lg-x y md-y lg-y\" id=\"image_262030840\">\n\t\t\t\t\t\t\t\t<div class=\"img-inner dark\" >\n\t\t\t<img loading=\"lazy\" decoding=\"async\" width=\"300\" height=\"300\" src=\"https:\/\/nexuscidadesinteligentes.com.br\/forum-transporte\/wp-content\/uploads\/2026\/01\/Olimpio-alvares-300x300-1.jpeg\" class=\"attachment-large size-large\" alt=\"\" srcset=\"https:\/\/nexuscidadesinteligentes.com.br\/forum-transporte\/wp-content\/uploads\/2026\/01\/Olimpio-alvares-300x300-1.jpeg 300w, https:\/\/nexuscidadesinteligentes.com.br\/forum-transporte\/wp-content\/uploads\/2026\/01\/Olimpio-alvares-300x300-1-150x150.jpeg 150w\" sizes=\"auto, (max-width: 300px) 100vw, 300px\" \/>\t\t\t\t\t\t\n\t\t\t\t\t<\/div>\n\t\t\t\t\t\t\t\t\n<style>\n#image_262030840 {\n  width: 45%;\n}\n<\/style>\n\t<\/div>\n\t\n\n<h2>Olimpio Alvares<\/h2>\n\t<div id=\"text-3474710688\" class=\"text\">\n\t\t\n\n<p>Coordenador da Comiss\u00e3o de Meio Ambiente da ANTP. Consultor do Banco Mundial, CAF, SUDERF (SC), GIZ, ANTP e SPUrbanuss. Engenheiro Mec\u00e2nico formado pela Escola Polit\u00e9cnica da USP, especializado no Jap\u00e3o e Su\u00e9cia em Controle de Emiss\u00f5es Veiculares e Transporte Sustent\u00e1vel.<\/p>\n\t\t\n<style>\n#text-3474710688 {\n  font-size: 1rem;\n}\n<\/style>\n\t<\/div>\n\t\n\n\t\t<\/div>\n\t\t\t\t\n<style>\n#col-786096282 > .col-inner {\n  padding: 30px 30px 30px 30px;\n  border-radius: 15px;\n}\n<\/style>\n\t<\/div>\n\n\t\n\n\t<div id=\"col-589726157\" class=\"col medium-4 small-12 large-4\"  >\n\t\t\t\t<div class=\"col-inner text-center\" style=\"background-color:rgb(255,255,255);\" >\n\t\t\t\n\t\t\t\n\n\t<div class=\"img has-hover circle x md-x lg-x y md-y lg-y\" id=\"image_883786548\">\n\t\t\t\t\t\t\t\t<div class=\"img-inner dark\" >\n\t\t\t<img loading=\"lazy\" decoding=\"async\" width=\"300\" height=\"300\" src=\"https:\/\/nexuscidadesinteligentes.com.br\/forum-transporte\/wp-content\/uploads\/2026\/01\/Carolina-Oliveira-300x300-1.png\" class=\"attachment-large size-large\" alt=\"\" srcset=\"https:\/\/nexuscidadesinteligentes.com.br\/forum-transporte\/wp-content\/uploads\/2026\/01\/Carolina-Oliveira-300x300-1.png 300w, https:\/\/nexuscidadesinteligentes.com.br\/forum-transporte\/wp-content\/uploads\/2026\/01\/Carolina-Oliveira-300x300-1-150x150.png 150w\" sizes=\"auto, (max-width: 300px) 100vw, 300px\" \/>\t\t\t\t\t\t\n\t\t\t\t\t<\/div>\n\t\t\t\t\t\t\t\t\n<style>\n#image_883786548 {\n  width: 45%;\n}\n<\/style>\n\t<\/div>\n\t\n\n<h2>Carolina Oliveira<\/h2>\n\t<div id=\"text-3884753667\" class=\"text\">\n\t\t\n\n<p>Superintendente de Efici\u00eancia Energ\u00e9tica da SEENEMAR e Coordenadora do Programa de governo dos Corredores Sustent\u00e1veis. Graduada em Administra\u00e7\u00e3o de pela PUCRJ e p\u00f3s graduada em Gest\u00e3o Empresarial pela FGV-RJ.<\/p>\n\t\t\n<style>\n#text-3884753667 {\n  font-size: 1rem;\n}\n<\/style>\n\t<\/div>\n\t\n\n\t\t<\/div>\n\t\t\t\t\n<style>\n#col-589726157 > .col-inner {\n  padding: 30px 30px 30px 30px;\n  border-radius: 15px;\n}\n@media (min-width:550px) {\n  #col-589726157 > .col-inner {\n    padding: 30px 30px 81px 30px;\n  }\n}\n<\/style>\n\t<\/div>\n\n\t\n\n\t<div id=\"col-478537415\" class=\"col medium-4 small-12 large-4\"  >\n\t\t\t\t<div class=\"col-inner text-center\" style=\"background-color:rgb(255,255,255);\" >\n\t\t\t\n\t\t\t\n\n\t<div class=\"img has-hover circle x md-x lg-x y md-y lg-y\" id=\"image_1386211636\">\n\t\t\t\t\t\t\t\t<div class=\"img-inner dark\" >\n\t\t\t<img loading=\"lazy\" decoding=\"async\" width=\"300\" height=\"300\" src=\"https:\/\/nexuscidadesinteligentes.com.br\/forum-transporte\/wp-content\/uploads\/2026\/01\/Vinicios-pereira-300x300-1.png\" class=\"attachment-large size-large\" alt=\"\" srcset=\"https:\/\/nexuscidadesinteligentes.com.br\/forum-transporte\/wp-content\/uploads\/2026\/01\/Vinicios-pereira-300x300-1.png 300w, https:\/\/nexuscidadesinteligentes.com.br\/forum-transporte\/wp-content\/uploads\/2026\/01\/Vinicios-pereira-300x300-1-150x150.png 150w\" sizes=\"auto, (max-width: 300px) 100vw, 300px\" \/>\t\t\t\t\t\t\n\t\t\t\t\t<\/div>\n\t\t\t\t\t\t\t\t\n<style>\n#image_1386211636 {\n  width: 45%;\n}\n<\/style>\n\t<\/div>\n\t\n\n<h2>Vin\u00edcius Pereira Santos<br \/>\n<\/h2>\n\t<div id=\"text-2468936607\" class=\"text\">\n\t\t\n\n<p>Presidente da Empresa Municipal de Planejamento, Gest\u00e3o e Educa\u00e7\u00e3o em Tr\u00e2nsito e Transportes de Montes Claros, Engenheiro Civil, Especialista em Engenharia de Tr\u00e1fego e Mestrando em Modelagem Computacional e Sistemas.<\/p>\n\t\t\n<style>\n#text-2468936607 {\n  font-size: 1rem;\n}\n<\/style>\n\t<\/div>\n\t\n\n\t\t<\/div>\n\t\t\t\t\n<style>\n#col-478537415 > .col-inner {\n  padding: 30px 30px 30px 30px;\n  border-radius: 15px;\n}\n<\/style>\n\t<\/div>\n\n\t\n\n\t<div id=\"col-1143647766\" class=\"col medium-4 small-12 large-4\"  >\n\t\t\t\t<div class=\"col-inner text-center\" style=\"background-color:rgb(255,255,255);\" >\n\t\t\t\n\t\t\t\n\n\t<div class=\"img has-hover circle x md-x lg-x y md-y lg-y\" id=\"image_480989862\">\n\t\t\t\t\t\t\t\t<div class=\"img-inner dark\" >\n\t\t\t<img loading=\"lazy\" decoding=\"async\" width=\"500\" height=\"500\" src=\"https:\/\/nexuscidadesinteligentes.com.br\/forum-transporte\/wp-content\/uploads\/2026\/01\/celso.png\" class=\"attachment-large size-large\" alt=\"\" srcset=\"https:\/\/nexuscidadesinteligentes.com.br\/forum-transporte\/wp-content\/uploads\/2026\/01\/celso.png 500w, https:\/\/nexuscidadesinteligentes.com.br\/forum-transporte\/wp-content\/uploads\/2026\/01\/celso-300x300.png 300w, https:\/\/nexuscidadesinteligentes.com.br\/forum-transporte\/wp-content\/uploads\/2026\/01\/celso-150x150.png 150w\" sizes=\"auto, (max-width: 500px) 100vw, 500px\" \/>\t\t\t\t\t\t\n\t\t\t\t\t<\/div>\n\t\t\t\t\t\t\t\t\n<style>\n#image_480989862 {\n  width: 45%;\n}\n<\/style>\n\t<\/div>\n\t\n\n<h2>Celso Haddad Lopes<br \/>\n<\/h2>\n\t<div id=\"text-3536918840\" class=\"text\">\n\t\t\n\n<p>Presidente da Empresa P\u00fablica de Transportes (EPT) de Maric\u00e1\/RJ. Bacharel em Direito pela Universidade Augusto Motta e p\u00f3s-graduado em Direito Eleitoral.<\/p>\n\t\t\n<style>\n#text-3536918840 {\n  font-size: 1rem;\n}\n<\/style>\n\t<\/div>\n\t\n\n\t\t<\/div>\n\t\t\t\t\n<style>\n#col-1143647766 > .col-inner {\n  padding: 30px 30px 30px 30px;\n  border-radius: 15px;\n}\n<\/style>\n\t<\/div>\n\n\t\n\n\t<div id=\"col-730675441\" class=\"col medium-4 small-12 large-4\"  >\n\t\t\t\t<div class=\"col-inner text-center\" style=\"background-color:rgb(255,255,255);\" >\n\t\t\t\n\t\t\t\n\n\t<div class=\"img has-hover circle x md-x lg-x y md-y lg-y\" id=\"image_2120631917\">\n\t\t\t\t\t\t\t\t<div class=\"img-inner dark\" >\n\t\t\t<img loading=\"lazy\" decoding=\"async\" width=\"500\" height=\"500\" src=\"https:\/\/nexuscidadesinteligentes.com.br\/forum-transporte\/wp-content\/uploads\/2026\/01\/breno.png\" class=\"attachment-large size-large\" alt=\"\" srcset=\"https:\/\/nexuscidadesinteligentes.com.br\/forum-transporte\/wp-content\/uploads\/2026\/01\/breno.png 500w, https:\/\/nexuscidadesinteligentes.com.br\/forum-transporte\/wp-content\/uploads\/2026\/01\/breno-300x300.png 300w, https:\/\/nexuscidadesinteligentes.com.br\/forum-transporte\/wp-content\/uploads\/2026\/01\/breno-150x150.png 150w\" sizes=\"auto, (max-width: 500px) 100vw, 500px\" \/>\t\t\t\t\t\t\n\t\t\t\t\t<\/div>\n\t\t\t\t\t\t\t\t\n<style>\n#image_2120631917 {\n  width: 45%;\n}\n<\/style>\n\t<\/div>\n\t\n\n<h2>Breno Tostes<br \/>\n<\/h2>\n\t<div id=\"text-2717419619\" class=\"text\">\n\t\t\n\n<p>Assessor-chefe de Planejamento e Concess\u00f5es da Secretaria de Estado de Transporte e Mobilidade Urbana do Rio de Janeiro &#8211; SETRAM-RJ.<br \/>\nMembro do Conselho Estadual de Tr\u00e2nsito (CETRAN) e do Conselho Municipal de Transporte e Mobilidade Urbana do RJ (CMTR). Graduado em Engenharia de Produ\u00e7\u00e3o pela UVA-RJ, \u00e9 Mestre e Doutor em Engenharia de Transportes pela UFRJ\/COPPE.<\/p>\n\t\t\n<style>\n#text-2717419619 {\n  font-size: 1rem;\n}\n<\/style>\n\t<\/div>\n\t\n\n\t\t<\/div>\n\t\t\t\t\n<style>\n#col-730675441 > .col-inner {\n  padding: 30px 30px 30px 30px;\n  border-radius: 15px;\n}\n<\/style>\n\t<\/div>\n\n\t\n\n\t<div id=\"col-208052473\" class=\"col medium-4 small-12 large-4\"  >\n\t\t\t\t<div class=\"col-inner text-center\" style=\"background-color:rgb(255,255,255);\" >\n\t\t\t\n\t\t\t\n\n\t<div class=\"img has-hover circle x md-x lg-x y md-y lg-y\" id=\"image_310130048\">\n\t\t\t\t\t\t\t\t<div class=\"img-inner dark\" >\n\t\t\t<img loading=\"lazy\" decoding=\"async\" width=\"500\" height=\"500\" src=\"https:\/\/nexuscidadesinteligentes.com.br\/forum-transporte\/wp-content\/uploads\/2026\/01\/CRISTIAN-MALEVIC.png\" class=\"attachment-large size-large\" alt=\"\" srcset=\"https:\/\/nexuscidadesinteligentes.com.br\/forum-transporte\/wp-content\/uploads\/2026\/01\/CRISTIAN-MALEVIC.png 500w, https:\/\/nexuscidadesinteligentes.com.br\/forum-transporte\/wp-content\/uploads\/2026\/01\/CRISTIAN-MALEVIC-300x300.png 300w, https:\/\/nexuscidadesinteligentes.com.br\/forum-transporte\/wp-content\/uploads\/2026\/01\/CRISTIAN-MALEVIC-150x150.png 150w\" sizes=\"auto, (max-width: 500px) 100vw, 500px\" \/>\t\t\t\t\t\t\n\t\t\t\t\t<\/div>\n\t\t\t\t\t\t\t\t\n<style>\n#image_310130048 {\n  width: 45%;\n}\n<\/style>\n\t<\/div>\n\t\n\n<h2>Cristian Malevic<br \/>\n<\/h2>\n\t<div id=\"text-1456855215\" class=\"text\">\n\t\t\n\n<p>Vice-Presidente de Energia e Descarboniza\u00e7\u00e3o da MWM Motores e Geradores. Engenheiro mec\u00e2nico pelo Instituto Mau\u00e1, com especializa\u00e7\u00e3o em desenvolvimento de gest\u00e3o pela FGV-SP e MBA pela BSP e Suffolk University \u2013 Sawyer Business School Boston-USA.<\/p>\n\t\t\n<style>\n#text-1456855215 {\n  font-size: 1rem;\n}\n<\/style>\n\t<\/div>\n\t\n\n\t\t<\/div>\n\t\t\t\t\n<style>\n#col-208052473 > .col-inner {\n  padding: 30px 30px 30px 30px;\n  border-radius: 15px;\n}\n<\/style>\n\t<\/div>\n\n\t\n\n\t<div id=\"col-1048095472\" class=\"col medium-4 small-12 large-4\"  >\n\t\t\t\t<div class=\"col-inner text-center\" style=\"background-color:rgb(255,255,255);\" >\n\t\t\t\n\t\t\t\n\n\t<div class=\"img has-hover circle x md-x lg-x y md-y lg-y\" id=\"image_617521857\">\n\t\t\t\t\t\t\t\t<div class=\"img-inner dark\" >\n\t\t\t<img loading=\"lazy\" decoding=\"async\" width=\"800\" height=\"800\" src=\"https:\/\/nexuscidadesinteligentes.com.br\/forum-transporte\/wp-content\/uploads\/2026\/01\/ALEXANDRE.png\" class=\"attachment-large size-large\" alt=\"\" srcset=\"https:\/\/nexuscidadesinteligentes.com.br\/forum-transporte\/wp-content\/uploads\/2026\/01\/ALEXANDRE.png 800w, https:\/\/nexuscidadesinteligentes.com.br\/forum-transporte\/wp-content\/uploads\/2026\/01\/ALEXANDRE-300x300.png 300w, https:\/\/nexuscidadesinteligentes.com.br\/forum-transporte\/wp-content\/uploads\/2026\/01\/ALEXANDRE-150x150.png 150w, https:\/\/nexuscidadesinteligentes.com.br\/forum-transporte\/wp-content\/uploads\/2026\/01\/ALEXANDRE-768x768.png 768w\" sizes=\"auto, (max-width: 800px) 100vw, 800px\" \/>\t\t\t\t\t\t\n\t\t\t\t\t<\/div>\n\t\t\t\t\t\t\t\t\n<style>\n#image_617521857 {\n  width: 45%;\n}\n<\/style>\n\t<\/div>\n\t\n\n<h2>Alexandre Daiuto<br \/>\n<\/h2>\n\t<div id=\"text-1166084602\" class=\"text\">\n\t\t\n\n<p>Subsecret\u00e1rio de Integra\u00e7\u00e3o e Bilhetagem da Secretaria de Transporte e Mobilidade Urbana do Rio de Janeiro (SETRAM-RJ). Professor universit\u00e1rio, nas disciplinas de Direito P\u00fabico, MBA em Direito da Economia e da Empresa, Mestre em Direito e P\u00f3s-graduado em Direito Processual.<\/p>\n\t\t\n<style>\n#text-1166084602 {\n  font-size: 1rem;\n}\n<\/style>\n\t<\/div>\n\t\n\n\t\t<\/div>\n\t\t\t\t\n<style>\n#col-1048095472 > .col-inner {\n  padding: 30px 30px 30px 30px;\n  border-radius: 15px;\n}\n<\/style>\n\t<\/div>\n\n\t\n\n\t<div id=\"col-528603469\" class=\"col medium-4 small-12 large-4\"  >\n\t\t\t\t<div class=\"col-inner text-center\" style=\"background-color:rgb(255,255,255);\" >\n\t\t\t\n\t\t\t\n\n\t<div class=\"img has-hover circle x md-x lg-x y md-y lg-y\" id=\"image_130407711\">\n\t\t\t\t\t\t\t\t<div class=\"img-inner dark\" >\n\t\t\t<img loading=\"lazy\" decoding=\"async\" width=\"800\" height=\"800\" src=\"https:\/\/nexuscidadesinteligentes.com.br\/forum-transporte\/wp-content\/uploads\/2026\/01\/JEAN.png\" class=\"attachment-large size-large\" alt=\"\" srcset=\"https:\/\/nexuscidadesinteligentes.com.br\/forum-transporte\/wp-content\/uploads\/2026\/01\/JEAN.png 800w, https:\/\/nexuscidadesinteligentes.com.br\/forum-transporte\/wp-content\/uploads\/2026\/01\/JEAN-300x300.png 300w, https:\/\/nexuscidadesinteligentes.com.br\/forum-transporte\/wp-content\/uploads\/2026\/01\/JEAN-150x150.png 150w, https:\/\/nexuscidadesinteligentes.com.br\/forum-transporte\/wp-content\/uploads\/2026\/01\/JEAN-768x768.png 768w\" sizes=\"auto, (max-width: 800px) 100vw, 800px\" \/>\t\t\t\t\t\t\n\t\t\t\t\t<\/div>\n\t\t\t\t\t\t\t\t\n<style>\n#image_130407711 {\n  width: 45%;\n}\n<\/style>\n\t<\/div>\n\t\n\n<h2>Jean Carlos Flohr<br \/>\n<\/h2>\n\t<div id=\"text-1154375848\" class=\"text\">\n\t\t\n\n<p>Gestor de Vendas EV Charging Infrastructure &#8211; WEG. Engenheiro Eletricista com MBA em Gest\u00e3o empresarial e MBA em Mobilidade el\u00e9trica e energias renov\u00e1veis.<\/p>\n\t\t\n<style>\n#text-1154375848 {\n  font-size: 1rem;\n}\n<\/style>\n\t<\/div>\n\t\n\n\t\t<\/div>\n\t\t\t\t\n<style>\n#col-528603469 > .col-inner {\n  padding: 30px 30px 30px 30px;\n  border-radius: 15px;\n}\n<\/style>\n\t<\/div>\n\n\t\n\n\t<div id=\"col-386826596\" class=\"col medium-4 small-12 large-4\"  >\n\t\t\t\t<div class=\"col-inner text-center\" style=\"background-color:rgb(255,255,255);\" >\n\t\t\t\n\t\t\t\n\n\t<div class=\"img has-hover circle x md-x lg-x y md-y lg-y\" id=\"image_836704802\">\n\t\t\t\t\t\t\t\t<div class=\"img-inner dark\" >\n\t\t\t<img loading=\"lazy\" decoding=\"async\" width=\"800\" height=\"800\" src=\"https:\/\/nexuscidadesinteligentes.com.br\/forum-transporte\/wp-content\/uploads\/2026\/01\/Ricardo.jpeg\" class=\"attachment-large size-large\" alt=\"\" srcset=\"https:\/\/nexuscidadesinteligentes.com.br\/forum-transporte\/wp-content\/uploads\/2026\/01\/Ricardo.jpeg 800w, https:\/\/nexuscidadesinteligentes.com.br\/forum-transporte\/wp-content\/uploads\/2026\/01\/Ricardo-300x300.jpeg 300w, https:\/\/nexuscidadesinteligentes.com.br\/forum-transporte\/wp-content\/uploads\/2026\/01\/Ricardo-150x150.jpeg 150w, https:\/\/nexuscidadesinteligentes.com.br\/forum-transporte\/wp-content\/uploads\/2026\/01\/Ricardo-768x768.jpeg 768w\" sizes=\"auto, (max-width: 800px) 100vw, 800px\" \/>\t\t\t\t\t\t\n\t\t\t\t\t<\/div>\n\t\t\t\t\t\t\t\t\n<style>\n#image_836704802 {\n  width: 45%;\n}\n<\/style>\n\t<\/div>\n\t\n\n<h2>Ricardo Estefano Rosa<br \/>\n<\/h2>\n\t<div id=\"text-1553323461\" class=\"text\">\n\t\t\n\n<p>Gerente de Vendas EV Charging Solution &#8211; WEG.<\/p>\n\t\t\n<style>\n#text-1553323461 {\n  font-size: 1rem;\n}\n<\/style>\n\t<\/div>\n\t\n\n\t\t<\/div>\n\t\t\t\t\n<style>\n#col-386826596 > .col-inner {\n  padding: 30px 30px 30px 30px;\n  border-radius: 15px;\n}\n<\/style>\n\t<\/div>\n\n\t\n\n\t<div id=\"col-917703724\" class=\"col medium-4 small-12 large-4\"  >\n\t\t\t\t<div class=\"col-inner text-center\" style=\"background-color:rgb(255,255,255);\" >\n\t\t\t\n\t\t\t\n\n\t<div class=\"img has-hover circle x md-x lg-x y md-y lg-y\" id=\"image_1444165388\">\n\t\t\t\t\t\t\t\t<div class=\"img-inner dark\" >\n\t\t\t<img loading=\"lazy\" decoding=\"async\" width=\"200\" height=\"200\" src=\"https:\/\/nexuscidadesinteligentes.com.br\/forum-transporte\/wp-content\/uploads\/2026\/01\/Thiago.jpeg\" class=\"attachment-large size-large\" alt=\"\" srcset=\"https:\/\/nexuscidadesinteligentes.com.br\/forum-transporte\/wp-content\/uploads\/2026\/01\/Thiago.jpeg 200w, https:\/\/nexuscidadesinteligentes.com.br\/forum-transporte\/wp-content\/uploads\/2026\/01\/Thiago-150x150.jpeg 150w\" sizes=\"auto, (max-width: 200px) 100vw, 200px\" \/>\t\t\t\t\t\t\n\t\t\t\t\t<\/div>\n\t\t\t\t\t\t\t\t\n<style>\n#image_1444165388 {\n  width: 45%;\n}\n<\/style>\n\t<\/div>\n\t\n\n<h2>Thiago Augusto Sielski<br \/>\n<\/h2>\n\t<div id=\"text-1649908639\" class=\"text\">\n\t\t\n\n<p>Gestor de Planejamento e Desenvolvimento na URBS Curitiba. Engenheiro Industrial Mec\u00e2nico pela UTFPR, MBA em Gest\u00e3o Empresarial pela FGV, P\u00f3s Graduado em Finan\u00e7as pela FAE.<\/p>\n\t\t\n<style>\n#text-1649908639 {\n  font-size: 1rem;\n}\n<\/style>\n\t<\/div>\n\t\n\n\t\t<\/div>\n\t\t\t\t\n<style>\n#col-917703724 > .col-inner {\n  padding: 30px 30px 30px 30px;\n  border-radius: 15px;\n}\n<\/style>\n\t<\/div>\n\n\t\n\n\t<div id=\"col-26970182\" class=\"col medium-4 small-12 large-4\"  >\n\t\t\t\t<div class=\"col-inner text-center\" style=\"background-color:rgb(255,255,255);\" >\n\t\t\t\n\t\t\t\n\n\t<div class=\"img has-hover circle x md-x lg-x y md-y lg-y\" id=\"image_1324781843\">\n\t\t\t\t\t\t\t\t<div class=\"img-inner dark\" >\n\t\t\t<img loading=\"lazy\" decoding=\"async\" width=\"1020\" height=\"1020\" src=\"https:\/\/nexuscidadesinteligentes.com.br\/forum-transporte\/wp-content\/uploads\/2026\/01\/hugo-1024x1024.png\" class=\"attachment-large size-large\" alt=\"\" srcset=\"https:\/\/nexuscidadesinteligentes.com.br\/forum-transporte\/wp-content\/uploads\/2026\/01\/hugo-1024x1024.png 1024w, https:\/\/nexuscidadesinteligentes.com.br\/forum-transporte\/wp-content\/uploads\/2026\/01\/hugo-300x300.png 300w, https:\/\/nexuscidadesinteligentes.com.br\/forum-transporte\/wp-content\/uploads\/2026\/01\/hugo-150x150.png 150w, https:\/\/nexuscidadesinteligentes.com.br\/forum-transporte\/wp-content\/uploads\/2026\/01\/hugo-768x768.png 768w, https:\/\/nexuscidadesinteligentes.com.br\/forum-transporte\/wp-content\/uploads\/2026\/01\/hugo.png 1080w\" sizes=\"auto, (max-width: 1020px) 100vw, 1020px\" \/>\t\t\t\t\t\t\n\t\t\t\t\t<\/div>\n\t\t\t\t\t\t\t\t\n<style>\n#image_1324781843 {\n  width: 45%;\n}\n<\/style>\n\t<\/div>\n\t\n\n<h2>Hugo Rodrigues Aguiar <br \/>\n<\/h2>\n\t<div id=\"text-3391797226\" class=\"text\">\n\t\t\n\n<p>Superintendente de \u00d3leo e G\u00e1s da Secretaria de Energia e Economia do Mar &#8211; SEENEMAR. Formado em Engenharia Industrial Mec\u00e2nica, p\u00f3s-graduado em Marketing e Administra\u00e7\u00e3o de Empresas e Neg\u00f3cios pela FGV.<\/p>\n\t\t\n<style>\n#text-3391797226 {\n  font-size: 1rem;\n}\n<\/style>\n\t<\/div>\n\t\n\n\t\t<\/div>\n\t\t\t\t\n<style>\n#col-26970182 > .col-inner {\n  padding: 30px 30px 30px 30px;\n  border-radius: 15px;\n}\n<\/style>\n\t<\/div>\n\n\t\n\n\t<div id=\"col-361862104\" class=\"col medium-4 small-12 large-4\"  >\n\t\t\t\t<div class=\"col-inner text-center\" style=\"background-color:rgb(255,255,255);\" >\n\t\t\t\n\t\t\t\n\n\t<div class=\"img has-hover circle x md-x lg-x y md-y lg-y\" id=\"image_1121573522\">\n\t\t\t\t\t\t\t\t<div class=\"img-inner dark\" >\n\t\t\t<img loading=\"lazy\" decoding=\"async\" width=\"1020\" height=\"1020\" src=\"https:\/\/nexuscidadesinteligentes.com.br\/forum-transporte\/wp-content\/uploads\/2026\/01\/sergio-1024x1024.png\" class=\"attachment-large size-large\" alt=\"\" srcset=\"https:\/\/nexuscidadesinteligentes.com.br\/forum-transporte\/wp-content\/uploads\/2026\/01\/sergio-1024x1024.png 1024w, https:\/\/nexuscidadesinteligentes.com.br\/forum-transporte\/wp-content\/uploads\/2026\/01\/sergio-300x300.png 300w, https:\/\/nexuscidadesinteligentes.com.br\/forum-transporte\/wp-content\/uploads\/2026\/01\/sergio-150x150.png 150w, https:\/\/nexuscidadesinteligentes.com.br\/forum-transporte\/wp-content\/uploads\/2026\/01\/sergio-768x768.png 768w, https:\/\/nexuscidadesinteligentes.com.br\/forum-transporte\/wp-content\/uploads\/2026\/01\/sergio.png 1080w\" sizes=\"auto, (max-width: 1020px) 100vw, 1020px\" \/>\t\t\t\t\t\t\n\t\t\t\t\t<\/div>\n\t\t\t\t\t\t\t\t\n<style>\n#image_1121573522 {\n  width: 45%;\n}\n<\/style>\n\t<\/div>\n\t\n\n<h2>Sergio Habib<br \/>\n<\/h2>\n\t<div id=\"text-4292962934\" class=\"text\">\n\t\t\n\n<p>Fundador do Grupo SHC e Presidente da JAC Motors<\/p>\n\t\t\n<style>\n#text-4292962934 {\n  font-size: 1rem;\n}\n<\/style>\n\t<\/div>\n\t\n\n\t\t<\/div>\n\t\t\t\t\n<style>\n#col-361862104 > .col-inner {\n  padding: 30px 30px 30px 30px;\n  border-radius: 15px;\n}\n<\/style>\n\t<\/div>\n\n\t\n\n\t<div id=\"col-1031069432\" class=\"col medium-4 small-12 large-4\"  >\n\t\t\t\t<div class=\"col-inner text-center\" style=\"background-color:rgb(255,255,255);\" >\n\t\t\t\n\t\t\t\n\n\t<div class=\"img has-hover circle x md-x lg-x y md-y lg-y\" id=\"image_177670737\">\n\t\t\t\t\t\t\t\t<div class=\"img-inner dark\" >\n\t\t\t<img loading=\"lazy\" decoding=\"async\" width=\"720\" height=\"720\" src=\"https:\/\/nexuscidadesinteligentes.com.br\/forum-transporte\/wp-content\/uploads\/2026\/01\/mike.png\" class=\"attachment-large size-large\" alt=\"\" srcset=\"https:\/\/nexuscidadesinteligentes.com.br\/forum-transporte\/wp-content\/uploads\/2026\/01\/mike.png 720w, https:\/\/nexuscidadesinteligentes.com.br\/forum-transporte\/wp-content\/uploads\/2026\/01\/mike-300x300.png 300w, https:\/\/nexuscidadesinteligentes.com.br\/forum-transporte\/wp-content\/uploads\/2026\/01\/mike-150x150.png 150w\" sizes=\"auto, (max-width: 720px) 100vw, 720px\" \/>\t\t\t\t\t\t\n\t\t\t\t\t<\/div>\n\t\t\t\t\t\t\t\t\n<style>\n#image_177670737 {\n  width: 45%;\n}\n<\/style>\n\t<\/div>\n\t\n\n<h2>Mike Munhato<br \/>\n<\/h2>\n\t<div id=\"text-2330998923\" class=\"text\">\n\t\t\n\n<p> Gerente de mobilidade el\u00e9trica na Mercedes-Benz Caminh\u00f5es o \u00d4nibus. Formado em Engenharia Mecatr\u00f4nica e Tecnologia em Produ\u00e7\u00e3o Industrial, especialista em Gest\u00e3o de Produtos, Mobilidade El\u00e9trica e con MBA Executivo no Insper.De<\/p>\n\t\t\n<style>\n#text-2330998923 {\n  font-size: 1rem;\n}\n<\/style>\n\t<\/div>\n\t\n\n\t\t<\/div>\n\t\t\t\t\n<style>\n#col-1031069432 > .col-inner {\n  padding: 30px 30px 30px 30px;\n  border-radius: 15px;\n}\n<\/style>\n\t<\/div>\n\n\t\n\n\t<div id=\"col-1001199866\" class=\"col medium-4 small-12 large-4\"  >\n\t\t\t\t<div class=\"col-inner text-center\" style=\"background-color:rgb(255,255,255);\" >\n\t\t\t\n\t\t\t\n\n\t<div class=\"img has-hover circle x md-x lg-x y md-y lg-y\" id=\"image_989710962\">\n\t\t\t\t\t\t\t\t<div class=\"img-inner dark\" >\n\t\t\t<img loading=\"lazy\" decoding=\"async\" width=\"720\" height=\"720\" src=\"https:\/\/nexuscidadesinteligentes.com.br\/forum-transporte\/wp-content\/uploads\/2026\/01\/dener.png\" class=\"attachment-large size-large\" alt=\"\" srcset=\"https:\/\/nexuscidadesinteligentes.com.br\/forum-transporte\/wp-content\/uploads\/2026\/01\/dener.png 720w, https:\/\/nexuscidadesinteligentes.com.br\/forum-transporte\/wp-content\/uploads\/2026\/01\/dener-300x300.png 300w, https:\/\/nexuscidadesinteligentes.com.br\/forum-transporte\/wp-content\/uploads\/2026\/01\/dener-150x150.png 150w\" sizes=\"auto, (max-width: 720px) 100vw, 720px\" \/>\t\t\t\t\t\t\n\t\t\t\t\t<\/div>\n\t\t\t\t\t\t\t\t\n<style>\n#image_989710962 {\n  width: 45%;\n}\n<\/style>\n\t<\/div>\n\t\n\n<h2>Dener Felipe de Lima Andrade<br \/>\n<\/h2>\n\t<div id=\"text-1211033839\" class=\"text\">\n\t\t\n\n<p>Key Account Manager da Nansen. MBA Gest\u00e3o de vendas &#8211; USP ESALQ. Engenheiro eletr\u00f4nico e telecomunica\u00e7\u00f5es &#8211; PUC MG e T\u00e9cnico em eletr\u00f4nica &#8211; CEFET BH\n<\/p>\n\t\t\n<style>\n#text-1211033839 {\n  font-size: 1rem;\n}\n<\/style>\n\t<\/div>\n\t\n\n\t\t<\/div>\n\t\t\t\t\n<style>\n#col-1001199866 > .col-inner {\n  padding: 30px 30px 30px 30px;\n  border-radius: 15px;\n}\n<\/style>\n\t<\/div>\n\n\t\n\n\t<div id=\"col-1318146182\" class=\"col medium-4 small-12 large-4\"  >\n\t\t\t\t<div class=\"col-inner text-center\" style=\"background-color:rgb(255,255,255);\" >\n\t\t\t\n\t\t\t\n\n\t<div class=\"img has-hover circle x md-x lg-x y md-y lg-y\" id=\"image_340926297\">\n\t\t\t\t\t\t\t\t<div class=\"img-inner dark\" >\n\t\t\t<img loading=\"lazy\" decoding=\"async\" width=\"1020\" height=\"1020\" src=\"https:\/\/nexuscidadesinteligentes.com.br\/forum-transporte\/wp-content\/uploads\/2026\/01\/Juliana-Galiza-1024x1024.png\" class=\"attachment-large size-large\" alt=\"\" srcset=\"https:\/\/nexuscidadesinteligentes.com.br\/forum-transporte\/wp-content\/uploads\/2026\/01\/Juliana-Galiza-1024x1024.png 1024w, https:\/\/nexuscidadesinteligentes.com.br\/forum-transporte\/wp-content\/uploads\/2026\/01\/Juliana-Galiza-300x300.png 300w, https:\/\/nexuscidadesinteligentes.com.br\/forum-transporte\/wp-content\/uploads\/2026\/01\/Juliana-Galiza-150x150.png 150w, https:\/\/nexuscidadesinteligentes.com.br\/forum-transporte\/wp-content\/uploads\/2026\/01\/Juliana-Galiza-768x768.png 768w, https:\/\/nexuscidadesinteligentes.com.br\/forum-transporte\/wp-content\/uploads\/2026\/01\/Juliana-Galiza.png 1080w\" sizes=\"auto, (max-width: 1020px) 100vw, 1020px\" \/>\t\t\t\t\t\t\n\t\t\t\t\t<\/div>\n\t\t\t\t\t\t\t\t\n<style>\n#image_340926297 {\n  width: 45%;\n}\n<\/style>\n\t<\/div>\n\t\n\n<h2>Juliana Galiza<br \/>\n<\/h2>\n\t<div id=\"text-2141710118\" class=\"text\">\n\t\t\n\n<p>Gerente de Engenharia e Estudos El\u00e9tricos da Light, formada pelo CEFET\/RJ e MBA em Gest\u00e3o Empresarial pela FGV\/RJ.\n<\/p>\n\t\t\n<style>\n#text-2141710118 {\n  font-size: 1rem;\n}\n<\/style>\n\t<\/div>\n\t\n\n\t\t<\/div>\n\t\t\t\t\n<style>\n#col-1318146182 > .col-inner {\n  padding: 30px 30px 30px 30px;\n  border-radius: 15px;\n}\n<\/style>\n\t<\/div>\n\n\t\n\n\t<div id=\"col-352097336\" class=\"col medium-4 small-12 large-4\"  >\n\t\t\t\t<div class=\"col-inner text-center\" style=\"background-color:rgb(255,255,255);\" >\n\t\t\t\n\t\t\t\n\n\t<div class=\"img has-hover circle x md-x lg-x y md-y lg-y\" id=\"image_1990627408\">\n\t\t\t\t\t\t\t\t<div class=\"img-inner dark\" >\n\t\t\t<img loading=\"lazy\" decoding=\"async\" width=\"1020\" height=\"1020\" src=\"https:\/\/nexuscidadesinteligentes.com.br\/forum-transporte\/wp-content\/uploads\/2026\/01\/DSADASD-1024x1024.png\" class=\"attachment-large size-large\" alt=\"\" srcset=\"https:\/\/nexuscidadesinteligentes.com.br\/forum-transporte\/wp-content\/uploads\/2026\/01\/DSADASD-1024x1024.png 1024w, https:\/\/nexuscidadesinteligentes.com.br\/forum-transporte\/wp-content\/uploads\/2026\/01\/DSADASD-300x300.png 300w, https:\/\/nexuscidadesinteligentes.com.br\/forum-transporte\/wp-content\/uploads\/2026\/01\/DSADASD-150x150.png 150w, https:\/\/nexuscidadesinteligentes.com.br\/forum-transporte\/wp-content\/uploads\/2026\/01\/DSADASD-768x768.png 768w, https:\/\/nexuscidadesinteligentes.com.br\/forum-transporte\/wp-content\/uploads\/2026\/01\/DSADASD.png 1080w\" sizes=\"auto, (max-width: 1020px) 100vw, 1020px\" \/>\t\t\t\t\t\t\n\t\t\t\t\t<\/div>\n\t\t\t\t\t\t\t\t\n<style>\n#image_1990627408 {\n  width: 45%;\n}\n<\/style>\n\t<\/div>\n\t\n\n<h2>Willian Alberto de Aquino<br \/>\n<\/h2>\n\t<div id=\"text-32091678\" class=\"text\">\n\t\t\n\n<p>Coordenador Regional Rio de Janeiro da ANTP e S\u00f3cio Diretor T\u00e9cnico da Sinergia Estudos e Projetos. Engenheiro Civil (EEUFJF), Mestre em Ci\u00eancias (COPPE-UFRJ), p\u00f3s-gradua\u00e7\u00e3o em n\u00edvel de Doutorado nos cursos de especializa\u00e7\u00e3o em pavimenta\u00e7\u00e3o rodovi\u00e1ria (IPR\/DNER\/UFJF), concreto protendido (EEUFJF), transporte a\u00e9reo (PUC-RJ), engenharia ferrovi\u00e1ria (USU-RJ).\n<\/p>\n\t\t\n<style>\n#text-32091678 {\n  font-size: 1rem;\n}\n<\/style>\n\t<\/div>\n\t\n\n\t\t<\/div>\n\t\t\t\t\n<style>\n#col-352097336 > .col-inner {\n  padding: 30px 30px 30px 30px;\n  border-radius: 15px;\n}\n<\/style>\n\t<\/div>\n\n\t\n\n\t<div id=\"col-1027530821\" class=\"col medium-4 small-12 large-4\"  >\n\t\t\t\t<div class=\"col-inner text-center\" style=\"background-color:rgb(255,255,255);\" >\n\t\t\t\n\t\t\t\n\n\t<div class=\"img has-hover circle x md-x lg-x y md-y lg-y\" id=\"image_864245267\">\n\t\t\t\t\t\t\t\t<div class=\"img-inner dark\" >\n\t\t\t<img loading=\"lazy\" decoding=\"async\" width=\"1020\" height=\"1020\" src=\"https:\/\/nexuscidadesinteligentes.com.br\/forum-transporte\/wp-content\/uploads\/2026\/01\/GABRI-1024x1024.png\" class=\"attachment-large size-large\" alt=\"\" srcset=\"https:\/\/nexuscidadesinteligentes.com.br\/forum-transporte\/wp-content\/uploads\/2026\/01\/GABRI-1024x1024.png 1024w, https:\/\/nexuscidadesinteligentes.com.br\/forum-transporte\/wp-content\/uploads\/2026\/01\/GABRI-300x300.png 300w, https:\/\/nexuscidadesinteligentes.com.br\/forum-transporte\/wp-content\/uploads\/2026\/01\/GABRI-150x150.png 150w, https:\/\/nexuscidadesinteligentes.com.br\/forum-transporte\/wp-content\/uploads\/2026\/01\/GABRI-768x768.png 768w, https:\/\/nexuscidadesinteligentes.com.br\/forum-transporte\/wp-content\/uploads\/2026\/01\/GABRI.png 1080w\" sizes=\"auto, (max-width: 1020px) 100vw, 1020px\" \/>\t\t\t\t\t\t\n\t\t\t\t\t<\/div>\n\t\t\t\t\t\t\t\t\n<style>\n#image_864245267 {\n  width: 45%;\n}\n<\/style>\n\t<\/div>\n\t\n\n<h2>Gabriel Kropsch<br \/>\n<\/h2>\n\t<div id=\"text-3896099725\" class=\"text\">\n\t\t\n\n<p>Presidente do Conselho Empresarial de Energia e Transi\u00e7\u00e3o Energ\u00e9tica da ACRJ, fundador e conselheiro da ABiog\u00e1s e Diretor Executivo do Comit\u00ea Nacional do GNV. Formado em Administra\u00e7\u00e3o pela PUC\/RJ, com MBA pela Coppead\/UFRJ e certifica\u00e7\u00e3o em Governan\u00e7a Corporativa pela FGV. Alumni do programa OPM da Harvard Business School.<\/p>\n\t\t\n<style>\n#text-3896099725 {\n  font-size: 1rem;\n}\n<\/style>\n\t<\/div>\n\t\n\n\t\t<\/div>\n\t\t\t\t\n<style>\n#col-1027530821 > .col-inner {\n  padding: 30px 30px 30px 30px;\n  border-radius: 15px;\n}\n<\/style>\n\t<\/div>\n\n\t\n\n\t<div id=\"col-1926716584\" class=\"col medium-4 small-12 large-4\"  >\n\t\t\t\t<div class=\"col-inner text-center\" style=\"background-color:rgb(255,255,255);\" >\n\t\t\t\n\t\t\t\n\n\t<div class=\"img has-hover circle x md-x lg-x y md-y lg-y\" id=\"image_1472506423\">\n\t\t\t\t\t\t\t\t<div class=\"img-inner dark\" >\n\t\t\t<img loading=\"lazy\" decoding=\"async\" width=\"1020\" height=\"1020\" src=\"https:\/\/nexuscidadesinteligentes.com.br\/forum-transporte\/wp-content\/uploads\/2026\/01\/sdqwe-1024x1024.png\" class=\"attachment-large size-large\" alt=\"\" srcset=\"https:\/\/nexuscidadesinteligentes.com.br\/forum-transporte\/wp-content\/uploads\/2026\/01\/sdqwe-1024x1024.png 1024w, https:\/\/nexuscidadesinteligentes.com.br\/forum-transporte\/wp-content\/uploads\/2026\/01\/sdqwe-300x300.png 300w, https:\/\/nexuscidadesinteligentes.com.br\/forum-transporte\/wp-content\/uploads\/2026\/01\/sdqwe-150x150.png 150w, https:\/\/nexuscidadesinteligentes.com.br\/forum-transporte\/wp-content\/uploads\/2026\/01\/sdqwe-768x768.png 768w, https:\/\/nexuscidadesinteligentes.com.br\/forum-transporte\/wp-content\/uploads\/2026\/01\/sdqwe.png 1080w\" sizes=\"auto, (max-width: 1020px) 100vw, 1020px\" \/>\t\t\t\t\t\t\n\t\t\t\t\t<\/div>\n\t\t\t\t\t\t\t\t\n<style>\n#image_1472506423 {\n  width: 45%;\n}\n<\/style>\n\t<\/div>\n\t\n\n<h2>Elimar Oliveira Jr<br \/>\n<\/h2>\n\t<div id=\"text-656556654\" class=\"text\">\n\t\t\n\n<p>Diretor Administrativo do F\u00f3rum Baiano de Secret\u00e1rios e Dirigentes de Mobilidade Urbana e Assessor da Diretoria Executiva do F\u00f3rum Nacional de Secret\u00e1rios e Dirigentes de Mobilidade Urbana<\/p>\n\t\t\n<style>\n#text-656556654 {\n  font-size: 1rem;\n}\n<\/style>\n\t<\/div>\n\t\n\n\t\t<\/div>\n\t\t\t\t\n<style>\n#col-1926716584 > .col-inner {\n  padding: 30px 30px 30px 30px;\n  border-radius: 15px;\n}\n<\/style>\n\t<\/div>\n\n\t\n\n\t<div id=\"col-1816480243\" class=\"col medium-4 small-12 large-4\"  >\n\t\t\t\t<div class=\"col-inner text-center\" style=\"background-color:rgb(255,255,255);\" >\n\t\t\t\n\t\t\t\n\n\t<div class=\"img has-hover circle x md-x lg-x y md-y lg-y\" id=\"image_117800880\">\n\t\t\t\t\t\t\t\t<div class=\"img-inner dark\" >\n\t\t\t<img loading=\"lazy\" decoding=\"async\" width=\"768\" height=\"768\" src=\"https:\/\/nexuscidadesinteligentes.com.br\/forum-transporte\/wp-content\/uploads\/2026\/01\/glaydston.png\" class=\"attachment-large size-large\" alt=\"\" srcset=\"https:\/\/nexuscidadesinteligentes.com.br\/forum-transporte\/wp-content\/uploads\/2026\/01\/glaydston.png 768w, https:\/\/nexuscidadesinteligentes.com.br\/forum-transporte\/wp-content\/uploads\/2026\/01\/glaydston-300x300.png 300w, https:\/\/nexuscidadesinteligentes.com.br\/forum-transporte\/wp-content\/uploads\/2026\/01\/glaydston-150x150.png 150w\" sizes=\"auto, (max-width: 768px) 100vw, 768px\" \/>\t\t\t\t\t\t\n\t\t\t\t\t<\/div>\n\t\t\t\t\t\t\t\t\n<style>\n#image_117800880 {\n  width: 45%;\n}\n<\/style>\n\t<\/div>\n\t\n\n<h2>Glaydston Ribeiro<br \/>\n<\/h2>\n\t<div id=\"text-1741430892\" class=\"text\">\n\t\t\n\n<p>Professor do PET\/COPPE\/UFRJ e diretor executivo da Funda\u00e7\u00e3o Coppetec. Possui Gradua\u00e7\u00e3o em Engenharia Civil pela UFES, Mestrado em Engenharia de Transportes pelo IME e Doutorado em Computa\u00e7\u00e3o Aplicada pelo INPE. P\u00f3s-Doutorado pela HEC-Montr\u00e9al\/Universidade de Montr\u00e9al.<\/p>\n\t\t\n<style>\n#text-1741430892 {\n  font-size: 1rem;\n}\n<\/style>\n\t<\/div>\n\t\n\n\t\t<\/div>\n\t\t\t\t\n<style>\n#col-1816480243 > .col-inner {\n  padding: 30px 30px 30px 30px;\n  border-radius: 15px;\n}\n<\/style>\n\t<\/div>\n\n\t\n\n\t<div id=\"col-1643027790\" class=\"col medium-4 small-12 large-4\"  >\n\t\t\t\t<div class=\"col-inner text-center\" style=\"background-color:rgb(255,255,255);\" >\n\t\t\t\n\t\t\t\n\n\t<div class=\"img has-hover circle x md-x lg-x y md-y lg-y\" id=\"image_1312467565\">\n\t\t\t\t\t\t\t\t<div class=\"img-inner dark\" >\n\t\t\t<img loading=\"lazy\" decoding=\"async\" width=\"768\" height=\"768\" src=\"https:\/\/nexuscidadesinteligentes.com.br\/forum-transporte\/wp-content\/uploads\/2026\/01\/Eduardo.png\" class=\"attachment-large size-large\" alt=\"\" srcset=\"https:\/\/nexuscidadesinteligentes.com.br\/forum-transporte\/wp-content\/uploads\/2026\/01\/Eduardo.png 768w, https:\/\/nexuscidadesinteligentes.com.br\/forum-transporte\/wp-content\/uploads\/2026\/01\/Eduardo-300x300.png 300w, https:\/\/nexuscidadesinteligentes.com.br\/forum-transporte\/wp-content\/uploads\/2026\/01\/Eduardo-150x150.png 150w\" sizes=\"auto, (max-width: 768px) 100vw, 768px\" \/>\t\t\t\t\t\t\n\t\t\t\t\t<\/div>\n\t\t\t\t\t\t\t\t\n<style>\n#image_1312467565 {\n  width: 45%;\n}\n<\/style>\n\t<\/div>\n\t\n\n<h2>Eduardo Jos\u00e9 de Sousa<br \/>\n<\/h2>\n\t<div id=\"text-147073673\" class=\"text\">\n\t\t\n\n<p>Fundador e CEO da Electric Mobility Brasil. Formado em Engenharia Eletr\u00f4nica Industrial na Universidade do Minho em Portugal e especialista em telecomunica\u00e7\u00f5es, energia e transportes p\u00fablicos.<\/p>\n\t\t\n<style>\n#text-147073673 {\n  font-size: 1rem;\n}\n<\/style>\n\t<\/div>\n\t\n\n\t\t<\/div>\n\t\t\t\t\n<style>\n#col-1643027790 > .col-inner {\n  padding: 30px 30px 30px 30px;\n  border-radius: 15px;\n}\n<\/style>\n\t<\/div>\n\n\t\n\n\t<div id=\"col-287860730\" class=\"col medium-4 small-12 large-4\"  >\n\t\t\t\t<div class=\"col-inner text-center\" style=\"background-color:rgb(255,255,255);\" >\n\t\t\t\n\t\t\t\n\n\t<div class=\"img has-hover circle x md-x lg-x y md-y lg-y\" id=\"image_371453176\">\n\t\t\t\t\t\t\t\t<div class=\"img-inner dark\" >\n\t\t\t<img loading=\"lazy\" decoding=\"async\" width=\"768\" height=\"768\" src=\"https:\/\/nexuscidadesinteligentes.com.br\/forum-transporte\/wp-content\/uploads\/2026\/01\/Livia.png\" class=\"attachment-large size-large\" alt=\"\" srcset=\"https:\/\/nexuscidadesinteligentes.com.br\/forum-transporte\/wp-content\/uploads\/2026\/01\/Livia.png 768w, https:\/\/nexuscidadesinteligentes.com.br\/forum-transporte\/wp-content\/uploads\/2026\/01\/Livia-300x300.png 300w, https:\/\/nexuscidadesinteligentes.com.br\/forum-transporte\/wp-content\/uploads\/2026\/01\/Livia-150x150.png 150w\" sizes=\"auto, (max-width: 768px) 100vw, 768px\" \/>\t\t\t\t\t\t\n\t\t\t\t\t<\/div>\n\t\t\t\t\t\t\t\t\n<style>\n#image_371453176 {\n  width: 45%;\n}\n<\/style>\n\t<\/div>\n\t\n\n<h2>Livia Pereira<br \/>\n<\/h2>\n\t<div id=\"text-688144666\" class=\"text\">\n\t\t\n\n<p>Socia- diretora da Sinergia Estudos e Projetos. Engenheira de Produ\u00e7\u00e3o pela UFRJ, M.Sc. pelo COPPEAD\/UFRJ com interc\u00e2mbio na ESSEC Business School.<\/p>\n\t\t\n<style>\n#text-688144666 {\n  font-size: 1rem;\n}\n<\/style>\n\t<\/div>\n\t\n\n\t\t<\/div>\n\t\t\t\t\n<style>\n#col-287860730 > .col-inner {\n  padding: 30px 30px 30px 30px;\n  border-radius: 15px;\n}\n<\/style>\n\t<\/div>\n\n\t\n\n\t<div id=\"col-53537969\" class=\"col medium-4 small-12 large-4\"  >\n\t\t\t\t<div class=\"col-inner text-center\" style=\"background-color:rgb(255,255,255);\" >\n\t\t\t\n\t\t\t\n\n\t<div class=\"img has-hover circle x md-x lg-x y md-y lg-y\" id=\"image_501178995\">\n\t\t\t\t\t\t\t\t<div class=\"img-inner dark\" >\n\t\t\t<img loading=\"lazy\" decoding=\"async\" width=\"800\" height=\"800\" src=\"https:\/\/nexuscidadesinteligentes.com.br\/forum-transporte\/wp-content\/uploads\/2026\/01\/Melissa-.jpeg\" class=\"attachment-large size-large\" alt=\"\" srcset=\"https:\/\/nexuscidadesinteligentes.com.br\/forum-transporte\/wp-content\/uploads\/2026\/01\/Melissa-.jpeg 800w, https:\/\/nexuscidadesinteligentes.com.br\/forum-transporte\/wp-content\/uploads\/2026\/01\/Melissa--300x300.jpeg 300w, https:\/\/nexuscidadesinteligentes.com.br\/forum-transporte\/wp-content\/uploads\/2026\/01\/Melissa--150x150.jpeg 150w, https:\/\/nexuscidadesinteligentes.com.br\/forum-transporte\/wp-content\/uploads\/2026\/01\/Melissa--768x768.jpeg 768w\" sizes=\"auto, (max-width: 800px) 100vw, 800px\" \/>\t\t\t\t\t\t\n\t\t\t\t\t<\/div>\n\t\t\t\t\t\t\t\t\n<style>\n#image_501178995 {\n  width: 45%;\n}\n<\/style>\n\t<\/div>\n\t\n\n<h2>Melissa Sartori<br \/>\n<\/h2>\n\t<div id=\"text-663758723\" class=\"text\">\n\t\t\n\n<p>Gerente de Marketing e Produto na Mais.Mobi. Formada em Comunica\u00e7\u00e3o Social, com MBA em Marketing e certifica\u00e7\u00f5es em Customer Experience, Inbound e Outbound Marketing.\n<\/p>\n\t\t\n<style>\n#text-663758723 {\n  font-size: 1rem;\n}\n<\/style>\n\t<\/div>\n\t\n\n\t\t<\/div>\n\t\t\t\t\n<style>\n#col-53537969 > .col-inner {\n  padding: 30px 30px 30px 30px;\n  border-radius: 15px;\n}\n<\/style>\n\t<\/div>\n\n\t\n\n\t<div id=\"col-1130900101\" class=\"col medium-4 small-12 large-4\"  >\n\t\t\t\t<div class=\"col-inner text-center\" style=\"background-color:rgb(255,255,255);\" >\n\t\t\t\n\t\t\t\n\n\t<div class=\"img has-hover circle x md-x lg-x y md-y lg-y\" id=\"image_2039336808\">\n\t\t\t\t\t\t\t\t<div class=\"img-inner dark\" >\n\t\t\t<img loading=\"lazy\" decoding=\"async\" width=\"768\" height=\"768\" src=\"https:\/\/nexuscidadesinteligentes.com.br\/forum-transporte\/wp-content\/uploads\/2026\/01\/Maina.png\" class=\"attachment-large size-large\" alt=\"\" srcset=\"https:\/\/nexuscidadesinteligentes.com.br\/forum-transporte\/wp-content\/uploads\/2026\/01\/Maina.png 768w, https:\/\/nexuscidadesinteligentes.com.br\/forum-transporte\/wp-content\/uploads\/2026\/01\/Maina-300x300.png 300w, https:\/\/nexuscidadesinteligentes.com.br\/forum-transporte\/wp-content\/uploads\/2026\/01\/Maina-150x150.png 150w\" sizes=\"auto, (max-width: 768px) 100vw, 768px\" \/>\t\t\t\t\t\t\n\t\t\t\t\t<\/div>\n\t\t\t\t\t\t\t\t\n<style>\n#image_2039336808 {\n  width: 45%;\n}\n<\/style>\n\t<\/div>\n\t\n\n<h2>Ma\u00edna Celidonio<br \/>\n<\/h2>\n\t<div id=\"text-1770831963\" class=\"text\">\n\t\t\n\n<p>Doutora em Economia na PUC-Rio e Secret\u00e1ria Municipal de Transportes do Rio de Janeiro. Formada em Economia pela PUC-Rio, tem mestrado em Economia com \u00eanfase em Estudos do Trabalho e Pol\u00edticas Sociais. Foi diretora de Desenvolvimento Econ\u00f4mico do Instituto Pereira Passos e analista em Avalia\u00e7\u00e3o de Impacto para Ger\u00eancia de Projetos do Ita\u00fa Unibanco.<\/p>\n\t\t\n<style>\n#text-1770831963 {\n  font-size: 1rem;\n}\n<\/style>\n\t<\/div>\n\t\n\n\t\t<\/div>\n\t\t\t\t\n<style>\n#col-1130900101 > .col-inner {\n  padding: 30px 30px 30px 30px;\n  border-radius: 15px;\n}\n<\/style>\n\t<\/div>\n\n\t\n\n\t<div id=\"col-1949435549\" class=\"col medium-4 small-12 large-4\"  >\n\t\t\t\t<div class=\"col-inner text-center\" style=\"background-color:rgb(255,255,255);\" >\n\t\t\t\n\t\t\t\n\n\t<div class=\"img has-hover circle x md-x lg-x y md-y lg-y\" id=\"image_1153240367\">\n\t\t\t\t\t\t\t\t<div class=\"img-inner dark\" >\n\t\t\t<img loading=\"lazy\" decoding=\"async\" width=\"500\" height=\"500\" src=\"https:\/\/nexuscidadesinteligentes.com.br\/forum-transporte\/wp-content\/uploads\/2026\/02\/celso-dsad-2.png\" class=\"attachment-large size-large\" alt=\"\" srcset=\"https:\/\/nexuscidadesinteligentes.com.br\/forum-transporte\/wp-content\/uploads\/2026\/02\/celso-dsad-2.png 500w, https:\/\/nexuscidadesinteligentes.com.br\/forum-transporte\/wp-content\/uploads\/2026\/02\/celso-dsad-2-300x300.png 300w, https:\/\/nexuscidadesinteligentes.com.br\/forum-transporte\/wp-content\/uploads\/2026\/02\/celso-dsad-2-150x150.png 150w\" sizes=\"auto, (max-width: 500px) 100vw, 500px\" \/>\t\t\t\t\t\t\n\t\t\t\t\t<\/div>\n\t\t\t\t\t\t\t\t\n<style>\n#image_1153240367 {\n  width: 45%;\n}\n<\/style>\n\t<\/div>\n\t\n\n<h2>Celso Bastos<br \/>\n<\/h2>\n\t<div id=\"text-3326564590\" class=\"text\">\n\t\t\n\n<p>Gestor de projetos da G\u00e1s Verde. Formado em ci\u00eancias econ\u00f4micas pela UFRJ, ex-Superintendente de G\u00e1s e Infraestrutura do Governo do Estado do Rio de Janeiro.<\/p>\n\t\t\n<style>\n#text-3326564590 {\n  font-size: 1rem;\n}\n<\/style>\n\t<\/div>\n\t\n\n\t\t<\/div>\n\t\t\t\t\n<style>\n#col-1949435549 > .col-inner {\n  padding: 30px 30px 30px 30px;\n  border-radius: 15px;\n}\n<\/style>\n\t<\/div>\n\n\t\n\n\t<div id=\"col-1978738339\" class=\"col medium-4 small-12 large-4\"  >\n\t\t\t\t<div class=\"col-inner text-center\" style=\"background-color:rgb(255,255,255);\" >\n\t\t\t\n\t\t\t\n\n\t<div class=\"img has-hover circle x md-x lg-x y md-y lg-y\" id=\"image_684097815\">\n\t\t\t\t\t\t\t\t<div class=\"img-inner dark\" >\n\t\t\t<img loading=\"lazy\" decoding=\"async\" width=\"1020\" height=\"1020\" src=\"https:\/\/nexuscidadesinteligentes.com.br\/forum-transporte\/wp-content\/uploads\/2026\/02\/Amauri.jpeg\" class=\"attachment-large size-large\" alt=\"\" srcset=\"https:\/\/nexuscidadesinteligentes.com.br\/forum-transporte\/wp-content\/uploads\/2026\/02\/Amauri.jpeg 1024w, https:\/\/nexuscidadesinteligentes.com.br\/forum-transporte\/wp-content\/uploads\/2026\/02\/Amauri-300x300.jpeg 300w, https:\/\/nexuscidadesinteligentes.com.br\/forum-transporte\/wp-content\/uploads\/2026\/02\/Amauri-150x150.jpeg 150w, https:\/\/nexuscidadesinteligentes.com.br\/forum-transporte\/wp-content\/uploads\/2026\/02\/Amauri-768x768.jpeg 768w\" sizes=\"auto, (max-width: 1020px) 100vw, 1020px\" \/>\t\t\t\t\t\t\n\t\t\t\t\t<\/div>\n\t\t\t\t\t\t\t\t\n<style>\n#image_684097815 {\n  width: 45%;\n}\n<\/style>\n\t<\/div>\n\t\n\n<h2>Amauri Ribeiro<br \/>\n<\/h2>\n\t<div id=\"text-2151659723\" class=\"text\">\n\t\t\n\n<p>Diretor da Sorion Automa\u00e7\u00e3o de Processos. Engenheiro eletricista e p\u00f3s-graduado em Administra\u00e7\u00e3o. Participou e coordenou o desenvolvimento de solu\u00e7\u00f5es com RFID, medi\u00e7\u00e3o de vaz\u00e3o, instrumenta\u00e7\u00e3o eletr\u00f4nica avan\u00e7ada e sistemas de automa\u00e7\u00e3o industrial, com certifica\u00e7\u00f5es junto a \u00f3rg\u00e3os como INMETRO e parcerias com institui\u00e7\u00f5es acad\u00eamicas de refer\u00eancia, como a University of Oxford.<\/p>\n\t\t\n<style>\n#text-2151659723 {\n  font-size: 1rem;\n}\n<\/style>\n\t<\/div>\n\t\n\n\t\t<\/div>\n\t\t\t\t\n<style>\n#col-1978738339 > .col-inner {\n  padding: 30px 30px 30px 30px;\n  border-radius: 15px;\n}\n<\/style>\n\t<\/div>\n\n\t\n\n\t<div id=\"col-1714508889\" class=\"col medium-4 small-12 large-4\"  >\n\t\t\t\t<div class=\"col-inner text-center\" style=\"background-color:rgb(255,255,255);\" >\n\t\t\t\n\t\t\t\n\n\t<div class=\"img has-hover circle x md-x lg-x y md-y lg-y\" id=\"image_2011274096\">\n\t\t\t\t\t\t\t\t<div class=\"img-inner dark\" >\n\t\t\t<img loading=\"lazy\" decoding=\"async\" width=\"640\" height=\"641\" src=\"https:\/\/nexuscidadesinteligentes.com.br\/forum-transporte\/wp-content\/uploads\/2026\/02\/Ana-paula-.jpeg\" class=\"attachment-large size-large\" alt=\"\" srcset=\"https:\/\/nexuscidadesinteligentes.com.br\/forum-transporte\/wp-content\/uploads\/2026\/02\/Ana-paula-.jpeg 640w, https:\/\/nexuscidadesinteligentes.com.br\/forum-transporte\/wp-content\/uploads\/2026\/02\/Ana-paula--300x300.jpeg 300w, https:\/\/nexuscidadesinteligentes.com.br\/forum-transporte\/wp-content\/uploads\/2026\/02\/Ana-paula--150x150.jpeg 150w\" sizes=\"auto, (max-width: 640px) 100vw, 640px\" \/>\t\t\t\t\t\t\n\t\t\t\t\t<\/div>\n\t\t\t\t\t\t\t\t\n<style>\n#image_2011274096 {\n  width: 45%;\n}\n<\/style>\n\t<\/div>\n\t\n\n<h2>Ana Paula Morais da Silva<br \/>\n<\/h2>\n\t<div id=\"text-149840453\" class=\"text\">\n\t\t\n\n<p>Coordenadora-Geral de Projetos Especiais na Secretaria Nacional de Mobilidade Urbana do Minist\u00e9rio das Cidades. Arquiteta e Urbanista, \u00e9 ex-Secret\u00e1ria Municipal de Tr\u00e2nsito, Transporte e Mobilidade de Patos de Minas\/MG.<\/p>\n\t\t\n<style>\n#text-149840453 {\n  font-size: 1rem;\n}\n<\/style>\n\t<\/div>\n\t\n\n\t\t<\/div>\n\t\t\t\t\n<style>\n#col-1714508889 > .col-inner {\n  padding: 30px 30px 30px 30px;\n  border-radius: 15px;\n}\n<\/style>\n\t<\/div>\n\n\t\n\n<\/div>\n<div class=\"row\"  id=\"row-565366221\">\n\n\n\t<div id=\"col-1837714368\" class=\"col small-12 large-12\"  >\n\t\t\t\t<div class=\"col-inner text-center\"  >\n\t\t\t\n\t\t\t\n\n<a href=\"https:\/\/www.sympla.com.br\/evento\/forum-de-transicao-energetica-no-transporte-publico-do-estado-do-rio-de-janeiro\/3263455\" target=\"_blank\" class=\"button success reveal-icon expand show-for-small\" rel=\"noopener\"  style=\"border-radius:99px;padding:8px 50px 8px 50px;\">\n    <span>fa\u00e7a sua inscri\u00e7\u00e3o gratuita<\/span>\n  <i class=\"icon-angle-right\" aria-hidden=\"true\" ><\/i><\/a>\n\n\n\n\t\t<\/div>\n\t\t\t\t\n<style>\n#col-1837714368 > .col-inner {\n  margin: 15px 0px 0px 0px;\n}\n<\/style>\n\t<\/div>\n\n\t\n\n<\/div>\n\n\t\t<\/div>\n\n\t\t\n<style>\n#section_1928534256 {\n  padding-top: 30px;\n  padding-bottom: 30px;\n}\n#section_1928534256 .section-bg.bg-loaded {\n  background-image: url(https:\/\/nexuscidadesinteligentes.com.br\/forum-transporte\/wp-content\/uploads\/2026\/01\/BG-05.png);\n}\n#section_1928534256 .section-bg {\n  background-position: 0% 0%;\n}\n<\/style>\n\t<\/section>\n\t\n\t<section class=\"section hide-for-medium\" id=\"section_1013378750\">\n\t\t<div class=\"bg section-bg fill bg-fill  \" >\n\n\t\t\t\n\t\t\t<div class=\"section-bg-overlay absolute fill\"><\/div>\n\t\t\t\n\n\t\t<\/div>\n\n\t\t\n\n\t\t<div class=\"section-content relative\">\n\t\t\t\n\n\t<div id=\"gap-1415524181\" class=\"gap-element clearfix\" style=\"display:block; height:auto;\">\n\t\t\n<style>\n#gap-1415524181 {\n  padding-top: 30px;\n}\n<\/style>\n\t<\/div>\n\t\n\n<div class=\"row\"  id=\"row-275994050\">\n\n\n\t<div id=\"col-1930091322\" class=\"col small-12 large-12\"  >\n\t\t\t\t<div class=\"col-inner text-center\"  >\n\t\t\t\n\t\t\t\n\n\t<div class=\"img has-hover x md-x lg-x y md-y lg-y\" id=\"image_216659998\">\n\t\t\t\t\t\t<div data-animate=\"fadeInUp\">\t\t<div class=\"img-inner dark\" >\n\t\t\t<img loading=\"lazy\" decoding=\"async\" width=\"1\" height=\"1\" src=\"https:\/\/nexuscidadesinteligentes.com.br\/forum-transporte\/wp-content\/uploads\/2026\/01\/Por-que-estar-nesse-forum.svg\" class=\"attachment-large size-large\" alt=\"\" \/>\t\t\t\t\t\t\n\t\t\t\t\t<\/div>\n\t\t<\/div>\t\t\t\t\t\t\n<style>\n#image_216659998 {\n  width: 81%;\n}\n@media (min-width:550px) {\n  #image_216659998 {\n    width: 37%;\n  }\n}\n<\/style>\n\t<\/div>\n\t\n\n\t<div id=\"gap-110505835\" class=\"gap-element clearfix\" style=\"display:block; height:auto;\">\n\t\t\n<style>\n#gap-110505835 {\n  padding-top: 30px;\n}\n<\/style>\n\t<\/div>\n\t\n\n\n\t\t<\/div>\n\t\t\t\t\t<\/div>\n\n\t\n\n<\/div>\n<div class=\"row\"  id=\"row-162121173\">\n\n\n\t<div id=\"col-864254\" class=\"col medium-3 small-12 large-3\"  >\n\t\t\t\t<div class=\"col-inner text-center dark\"  >\n\t\t\t\n\t<div class=\"is-border\"\n\t\tstyle=\"border-radius:15px;border-width:1px 1px 1px 1px;\">\n\t<\/div>\n\t\t\t\n\n\t<div class=\"img has-hover x md-x lg-x y md-y lg-y\" id=\"image_169578569\">\n\t\t\t\t\t\t\t\t<div class=\"img-inner dark\" >\n\t\t\t<img loading=\"lazy\" decoding=\"async\" width=\"1\" height=\"1\" src=\"https:\/\/nexuscidadesinteligentes.com.br\/forum-transporte\/wp-content\/uploads\/2026\/01\/bar_chart.svg\" class=\"attachment-large size-large\" alt=\"\" \/>\t\t\t\t\t\t\n\t\t\t\t\t<\/div>\n\t\t\t\t\t\t\t\t\n<style>\n#image_169578569 {\n  width: 17%;\n}\n@media (min-width:550px) {\n  #image_169578569 {\n    width: 18%;\n  }\n}\n<\/style>\n\t<\/div>\n\t\n\n\t<div id=\"gap-1248069112\" class=\"gap-element clearfix\" style=\"display:block; height:auto;\">\n\t\t\n<style>\n#gap-1248069112 {\n  padding-top: 10px;\n}\n<\/style>\n\t<\/div>\n\t\n\n\t<div id=\"text-2926823028\" class=\"text\">\n\t\t\n\n<h2>Decis\u00e3o com base em dados e casos reais<\/h2>\n\t\t\n<style>\n#text-2926823028 {\n  font-size: 1rem;\n}\n<\/style>\n\t<\/div>\n\t\n<p>Conhe\u00e7a resultados de testes e opera\u00e7\u00f5es com diferentes tecnologias.<\/p>\n\n\t\t<\/div>\n\t\t\t\t\n<style>\n#col-864254 > .col-inner {\n  padding: 20px 20px 54px 20px;\n}\n<\/style>\n\t<\/div>\n\n\t\n\n\t<div id=\"col-431766428\" class=\"col medium-3 small-12 large-3\"  >\n\t\t\t\t<div class=\"col-inner text-center dark\"  >\n\t\t\t\n\t<div class=\"is-border\"\n\t\tstyle=\"border-radius:15px;border-width:1px 1px 1px 1px;\">\n\t<\/div>\n\t\t\t\n\n\t<div class=\"img has-hover x md-x lg-x y md-y lg-y\" id=\"image_531682107\">\n\t\t\t\t\t\t\t\t<div class=\"img-inner dark\" >\n\t\t\t<img loading=\"lazy\" decoding=\"async\" width=\"1\" height=\"1\" src=\"https:\/\/nexuscidadesinteligentes.com.br\/forum-transporte\/wp-content\/uploads\/2026\/01\/groups.svg\" class=\"attachment-large size-large\" alt=\"\" \/>\t\t\t\t\t\t\n\t\t\t\t\t<\/div>\n\t\t\t\t\t\t\t\t\n<style>\n#image_531682107 {\n  width: 17%;\n}\n@media (min-width:550px) {\n  #image_531682107 {\n    width: 18%;\n  }\n}\n<\/style>\n\t<\/div>\n\t\n\n\t<div id=\"gap-163779703\" class=\"gap-element clearfix\" style=\"display:block; height:auto;\">\n\t\t\n<style>\n#gap-163779703 {\n  padding-top: 10px;\n}\n<\/style>\n\t<\/div>\n\t\n\n<h2>Networking experiente<br \/>\ne qualificado<\/h2>\n<p>Encontro com autoridades, gestores p\u00fablicos, especialistas, operadores e setor privado.<\/p>\n\n\t\t<\/div>\n\t\t\t\t\n<style>\n#col-431766428 > .col-inner {\n  padding: 42px 20px 20px 20px;\n}\n<\/style>\n\t<\/div>\n\n\t\n\n\t<div id=\"col-362527784\" class=\"col medium-3 small-12 large-3\"  >\n\t\t\t\t<div class=\"col-inner text-center dark\"  >\n\t\t\t\n\t<div class=\"is-border\"\n\t\tstyle=\"border-radius:15px;border-width:1px 1px 1px 1px;\">\n\t<\/div>\n\t\t\t\n\n\t<div class=\"img has-hover x md-x lg-x y md-y lg-y\" id=\"image_809560032\">\n\t\t\t\t\t\t\t\t<div class=\"img-inner dark\" >\n\t\t\t<img loading=\"lazy\" decoding=\"async\" width=\"1\" height=\"1\" src=\"https:\/\/nexuscidadesinteligentes.com.br\/forum-transporte\/wp-content\/uploads\/2026\/01\/category_search.svg\" class=\"attachment-large size-large\" alt=\"\" \/>\t\t\t\t\t\t\n\t\t\t\t\t<\/div>\n\t\t\t\t\t\t\t\t\n<style>\n#image_809560032 {\n  width: 17%;\n}\n@media (min-width:550px) {\n  #image_809560032 {\n    width: 18%;\n  }\n}\n<\/style>\n\t<\/div>\n\t\n\n\t<div id=\"gap-1288711065\" class=\"gap-element clearfix\" style=\"display:block; height:auto;\">\n\t\t\n<style>\n#gap-1288711065 {\n  padding-top: 10px;\n}\n<\/style>\n\t<\/div>\n\t\n\n<h2>Vis\u00e3o pr\u00e1tica \u201cdo planejamento \u00e0 opera\u00e7\u00e3o\u201d<\/h2>\n<p>Conhe\u00e7a resultados de testes e opera\u00e7\u00f5es com diferentes tecnologias.<\/p>\n\n\t\t<\/div>\n\t\t\t\t\n<style>\n#col-362527784 > .col-inner {\n  padding: 20px 20px 20px 20px;\n}\n<\/style>\n\t<\/div>\n\n\t\n\n\t<div id=\"col-735319213\" class=\"col medium-3 small-12 large-3\"  >\n\t\t\t\t<div class=\"col-inner text-center dark\"  >\n\t\t\t\n\t<div class=\"is-border\"\n\t\tstyle=\"border-radius:15px;border-width:1px 1px 1px 1px;\">\n\t<\/div>\n\t\t\t\n\n\t<div class=\"img has-hover x md-x lg-x y md-y lg-y\" id=\"image_549080569\">\n\t\t\t\t\t\t\t\t<div class=\"img-inner dark\" >\n\t\t\t<img loading=\"lazy\" decoding=\"async\" width=\"1\" height=\"1\" src=\"https:\/\/nexuscidadesinteligentes.com.br\/forum-transporte\/wp-content\/uploads\/2026\/01\/airport_shuttle.svg\" class=\"attachment-large size-large\" alt=\"\" \/>\t\t\t\t\t\t\n\t\t\t\t\t<\/div>\n\t\t\t\t\t\t\t\t\n<style>\n#image_549080569 {\n  width: 17%;\n}\n@media (min-width:550px) {\n  #image_549080569 {\n    width: 18%;\n  }\n}\n<\/style>\n\t<\/div>\n\t\n\n\t<div id=\"gap-2006391481\" class=\"gap-element clearfix\" style=\"display:block; height:auto;\">\n\t\t\n<style>\n#gap-2006391481 {\n  padding-top: 10px;\n}\n<\/style>\n\t<\/div>\n\t\n\n<h2>Infraestrutura e implementa\u00e7\u00e3o<\/h2>\n<p>Solu\u00e7\u00f5es de recarga e desafios reais para ado\u00e7\u00e3o das novas tecnologias.<\/p>\n\n\t\t<\/div>\n\t\t\t\t\n<style>\n#col-735319213 > .col-inner {\n  padding: 20px 20px 54px 20px;\n}\n<\/style>\n\t<\/div>\n\n\t\n\n<\/div>\n<div class=\"row\"  id=\"row-1457168557\">\n\n\n\t<div id=\"col-301446703\" class=\"col small-12 large-12\"  >\n\t\t\t\t<div class=\"col-inner text-center\"  >\n\t\t\t\n\t\t\t\n\n<a href=\"https:\/\/www.sympla.com.br\/evento\/forum-de-transicao-energetica-no-transporte-publico-do-estado-do-rio-de-janeiro\/3263455\" target=\"_blank\" class=\"button success reveal-icon hide-for-medium\" rel=\"noopener\"  style=\"border-radius:99px;padding:8px 50px 8px 50px;\">\n    <span>fa\u00e7a sua inscri\u00e7\u00e3o gratuita<\/span>\n  <i class=\"icon-angle-right\" aria-hidden=\"true\" ><\/i><\/a>\n\n\n<span class=\"scroll-to\" data-label=\"Scroll to: #pro\" data-bullet=\"false\" data-link=\"#pro\" data-title=\"pro\" ><a name=\"pro\"><\/a><\/span>\n\n<a class=\"button success expand show-for-small\"  style=\"border-radius:99px;padding:8px 50px 8px 50px;\">\n    <span>fa\u00e7a sua inscri\u00e7\u00e3o gratuita<\/span>\n  <\/a>\n\n\n\n\t\t<\/div>\n\t\t\t\t\n<style>\n#col-301446703 > .col-inner {\n  margin: 15px 0px 0px 0px;\n}\n<\/style>\n\t<\/div>\n\n\t\n\n<\/div>\n\t<div id=\"gap-372014842\" class=\"gap-element clearfix\" style=\"display:block; height:auto;\">\n\t\t\n<style>\n#gap-372014842 {\n  padding-top: 50px;\n}\n<\/style>\n\t<\/div>\n\t\n\n<div class=\"row\"  id=\"row-1370088131\">\n\n\n\t<div id=\"col-1968655321\" class=\"col medium-2 small-12 large-2\"  >\n\t\t\t\t<div class=\"col-inner\"  >\n\t\t\t\n\t\t\t\n\n\t<div class=\"img has-hover x md-x lg-x y md-y lg-y\" id=\"image_1742108182\">\n\t\t\t\t\t\t\t\t<div class=\"img-inner dark\" >\n\t\t\t<img loading=\"lazy\" decoding=\"async\" width=\"1\" height=\"1\" src=\"https:\/\/nexuscidadesinteligentes.com.br\/forum-transporte\/wp-content\/uploads\/2026\/01\/prgramation.svg\" class=\"attachment-large size-large\" alt=\"\" \/>\t\t\t\t\t\t\n\t\t\t\t\t<\/div>\n\t\t\t\t\t\t\t\t\n<style>\n#image_1742108182 {\n  width: 100%;\n}\n<\/style>\n\t<\/div>\n\t\n\n\n\t\t<\/div>\n\t\t\t\t\t<\/div>\n\n\t\n\n\t<div id=\"col-1374328148\" class=\"col medium-10 small-12 large-10\"  >\n\t\t\t\t<div class=\"col-inner\"  >\n\t\t\t\n\t\t\t\n\n\t<div class=\"img has-hover x md-x lg-x y md-y lg-y\" id=\"image_367913292\">\n\t\t\t\t\t\t\t\t<div class=\"img-inner dark\" >\n\t\t\t<img loading=\"lazy\" decoding=\"async\" width=\"1\" height=\"1\" src=\"https:\/\/nexuscidadesinteligentes.com.br\/forum-transporte\/wp-content\/uploads\/2026\/01\/Paineis-e-palestras-focados-em-solucoes-reais.svg\" class=\"attachment-large size-large\" alt=\"\" \/>\t\t\t\t\t\t\n\t\t\t\t\t<\/div>\n\t\t\t\t\t\t\t\t\n<style>\n#image_367913292 {\n  width: 40%;\n}\n<\/style>\n\t<\/div>\n\t\n\n\t<div id=\"gap-1456610087\" class=\"gap-element clearfix\" style=\"display:block; height:auto;\">\n\t\t\n<style>\n#gap-1456610087 {\n  padding-top: 20px;\n}\n<\/style>\n\t<\/div>\n\t\n\n\n\t\t<div class=\"tabbed-content\">\n\t\t\t\n\t\t\t<ul class=\"nav nav-pills nav-uppercase nav-size-large nav-left\" role=\"tablist\"><li id=\"tab-3-de-fevereiro\" class=\"tab active has-icon\" role=\"presentation\"><a href=\"#tab_3-de-fevereiro\" role=\"tab\" aria-selected=\"true\" aria-controls=\"tab_3-de-fevereiro\"><span>3 de fevereiro<\/span><\/a><\/li>\n<li id=\"tab-4-de-fevereiro\" class=\"tab has-icon\" role=\"presentation\"><a href=\"#tab_4-de-fevereiro\" tabindex=\"-1\" role=\"tab\" aria-selected=\"false\" aria-controls=\"tab_4-de-fevereiro\"><span>4 de fevereiro<\/span><\/a><\/li><\/ul><div class=\"tab-panels\"><div id=\"tab_3-de-fevereiro\" class=\"panel active entry-content\" role=\"tabpanel\" aria-labelledby=\"tab-3-de-fevereiro\">\n\n\t<div id=\"gap-73062250\" class=\"gap-element clearfix\" style=\"display:block; height:auto;\">\n\t\t\n<style>\n#gap-73062250 {\n  padding-top: 30px;\n}\n<\/style>\n\t<\/div>\n\t\n\n<div class=\"row\"  id=\"row-875609847\">\n\n\n\t<div id=\"col-997298629\" class=\"col small-12 large-12\"  >\n\t\t\t\t<div class=\"col-inner box-shadow-1\" style=\"background-color:rgb(255,255,255);\" >\n\t\t\t\n\t\t\t\n\n<div class=\"row\"  id=\"row-820246245\">\n\n\n\t<div id=\"col-158312066\" class=\"col medium-2 small-12 large-2\"  >\n\t\t\t\t<div class=\"col-inner\"  >\n\t\t\t\n\t\t\t\n\n\t<div id=\"text-3568813449\" class=\"text\">\n\t\t\n\n<p>8:00<\/p>\n\t\t\n<style>\n#text-3568813449 {\n  text-align: center;\n  color: #0a69d2;\n}\n#text-3568813449 > * {\n  color: #0a69d2;\n}\n<\/style>\n\t<\/div>\n\t\n\n\t\t<\/div>\n\t\t\t\t\n<style>\n#col-158312066 > .col-inner {\n  margin: 0px 0px -20px 0px;\n}\n<\/style>\n\t<\/div>\n\n\t\n\n\t<div id=\"col-16644631\" class=\"col medium-10 small-12 large-10\"  >\n\t\t\t\t<div class=\"col-inner\"  >\n\t\t\t\n\t\t\t\n\n\t<div id=\"text-20076968\" class=\"text\">\n\t\t\n\n<p>Credenciamento e Welcome Coffee<\/p>\n\t\t\n<style>\n#text-20076968 {\n  color: rgb(0,0,0);\n}\n#text-20076968 > * {\n  color: rgb(0,0,0);\n}\n<\/style>\n\t<\/div>\n\t\n\n\t\t<\/div>\n\t\t\t\t\n<style>\n#col-16644631 > .col-inner {\n  margin: 0px 0px -20px 0px;\n}\n<\/style>\n\t<\/div>\n\n\t\n\n<\/div>\n\n\t\t<\/div>\n\t\t\t\t\n<style>\n#col-997298629 > .col-inner {\n  padding: 20px 20px 10px 20px;\n  margin: 0px 0px -15px 0px;\n  border-radius: 15px;\n}\n<\/style>\n\t<\/div>\n\n\t\n\n\t<div id=\"col-1826255593\" class=\"col small-12 large-12\"  >\n\t\t\t\t<div class=\"col-inner box-shadow-1\" style=\"background-color:rgb(255,255,255);\" >\n\t\t\t\n\t\t\t\n\n<div class=\"row\"  id=\"row-1164409160\">\n\n\n\t<div id=\"col-308956920\" class=\"col medium-2 small-12 large-2\"  >\n\t\t\t\t<div class=\"col-inner\"  >\n\t\t\t\n\t\t\t\n\n\t<div id=\"text-60532100\" class=\"text\">\n\t\t\n\n<p>9:00<\/p>\n\t\t\n<style>\n#text-60532100 {\n  text-align: center;\n  color: #0a69d2;\n}\n#text-60532100 > * {\n  color: #0a69d2;\n}\n<\/style>\n\t<\/div>\n\t\n\n\t\t<\/div>\n\t\t\t\t\n<style>\n#col-308956920 > .col-inner {\n  margin: 0px 0px -20px 0px;\n}\n<\/style>\n\t<\/div>\n\n\t\n\n\t<div id=\"col-204850952\" class=\"col medium-10 small-12 large-10\"  >\n\t\t\t\t<div class=\"col-inner\"  >\n\t\t\t\n\t\t\t\n\n\t<div id=\"text-2494638068\" class=\"text\">\n\t\t\n\n<p>Solenidade de abertura <\/p>\n\t\t\n<style>\n#text-2494638068 {\n  color: rgb(0,0,0);\n}\n#text-2494638068 > * {\n  color: rgb(0,0,0);\n}\n<\/style>\n\t<\/div>\n\t\n\t<div id=\"text-3926108611\" class=\"text\">\n\t\t\n\n<p><span style=\"color: #000000;\">Priscila Sakalem \u2013<\/span> Secret\u00e1ria de Estado de Transporte e Mobilidade Urbana<\/p>\n<p><br \/><span style=\"color: #000000;\">Andre Moura \u2013<\/span> Secret\u00e1rio de Estado de Governo<\/p>\n<p><br \/><span style=\"color: #000000;\">Cassio Coelho \u2013<\/span> Secret\u00e1rio de Estado de Energia e Economia do Mar<\/p>\n<p><br \/><span style=\"color: #000000;\">Raphael Salgado \u2013<\/span> Presidente do Departamento de Transportes Rodovi\u00e1rios do Estado do RJ<\/p>\n<p><br \/><span style=\"color: #000000;\">Luiz Carlos N\u00e9spoli \u2013<\/span> Superintendente da Associa\u00e7\u00e3o Nacional de Transportes P\u00fablicos- ANTP<\/p>\n<p><br \/><span style=\"color: #000000;\">Armando Guerra \u2013<\/span> Presidente da Semove<\/p>\n<p><br \/><span style=\"color: #000000;\">Tiago Santovito &#8211;<\/span> Diretor Executivo da ABiog\u00e1s<\/p>\n<p><br \/><span style=\"color: #000000;\">Ma\u00edna Celid\u00f4nio \u2013<\/span> Vice-presidente do F\u00f3rum Nacional de Secret\u00e1rios de Mobilidade Urbana<\/p>\n\t\t\n<style>\n#text-3926108611 {\n  line-height: 2;\n}\n<\/style>\n\t<\/div>\n\t\n\n\t\t<\/div>\n\t\t\t\t\n<style>\n#col-204850952 > .col-inner {\n  margin: 0px 0px -20px 0px;\n}\n<\/style>\n\t<\/div>\n\n\t\n\n<\/div>\n\n\t\t<\/div>\n\t\t\t\t\n<style>\n#col-1826255593 > .col-inner {\n  padding: 20px 20px 10px 20px;\n  margin: 0px 0px -15px 0px;\n  border-radius: 15px;\n}\n<\/style>\n\t<\/div>\n\n\t\n\n\t<div id=\"col-487503725\" class=\"col small-12 large-12\"  >\n\t\t\t\t<div class=\"col-inner box-shadow-1\" style=\"background-color:rgb(255,255,255);\" >\n\t\t\t\n\t\t\t\n\n<div class=\"row\"  id=\"row-418378869\">\n\n\n\t<div id=\"col-805070866\" class=\"col medium-2 small-12 large-2\"  >\n\t\t\t\t<div class=\"col-inner\"  >\n\t\t\t\n\t\t\t\n\n\t<div id=\"text-1199334817\" class=\"text\">\n\t\t\n\n<p>11:00<\/p>\n\t\t\n<style>\n#text-1199334817 {\n  text-align: center;\n  color: rgb(105, 73, 243);\n}\n#text-1199334817 > * {\n  color: rgb(105, 73, 243);\n}\n<\/style>\n\t<\/div>\n\t\n\n\t\t<\/div>\n\t\t\t\t\n<style>\n#col-805070866 > .col-inner {\n  margin: 0px 0px -20px 0px;\n}\n<\/style>\n\t<\/div>\n\n\t\n\n\t<div id=\"col-670493678\" class=\"col medium-10 small-12 large-10\"  >\n\t\t\t\t<div class=\"col-inner\"  >\n\t\t\t\n\t\t\t\n\n\t<div id=\"text-80054361\" class=\"text\">\n\t\t\n\n<p><span style=\"color: #6949f3;\">Palestra 1:<\/span> A viabilidade para eletrifica\u00e7\u00e3o no transporte p\u00fablico do Rio de Janeiro<\/p>\n\t\t\n<style>\n#text-80054361 {\n  color: rgb(0,0,0);\n}\n#text-80054361 > * {\n  color: rgb(0,0,0);\n}\n<\/style>\n\t<\/div>\n\t\n<p><span style=\"color: #000000;\">Palestrante: Sergio Habib \u2013<\/span> Fundador do Grupo SHC, Presidente da JAC Motors e Presidente da Ankai<\/p>\n\n\t\t<\/div>\n\t\t\t\t\n<style>\n#col-670493678 > .col-inner {\n  margin: 0px 0px -20px 0px;\n}\n<\/style>\n\t<\/div>\n\n\t\n\n<\/div>\n\n\t\t<\/div>\n\t\t\t\t\n<style>\n#col-487503725 > .col-inner {\n  padding: 20px 20px 10px 20px;\n  margin: 0px 0px -15px 0px;\n  border-radius: 15px;\n}\n<\/style>\n\t<\/div>\n\n\t\n\n\t<div id=\"col-1609413070\" class=\"col small-12 large-12\"  >\n\t\t\t\t<div class=\"col-inner box-shadow-1\" style=\"background-color:rgb(255,255,255);\" >\n\t\t\t\n\t\t\t\n\n<div class=\"row\"  id=\"row-1125757270\">\n\n\n\t<div id=\"col-1051701149\" class=\"col medium-2 small-12 large-2\"  >\n\t\t\t\t<div class=\"col-inner\"  >\n\t\t\t\n\t\t\t\n\n\t<div id=\"text-403758216\" class=\"text\">\n\t\t\n\n<p>12:00<\/p>\n\t\t\n<style>\n#text-403758216 {\n  text-align: center;\n  color: #0a69d2;\n}\n#text-403758216 > * {\n  color: #0a69d2;\n}\n<\/style>\n\t<\/div>\n\t\n\n\t\t<\/div>\n\t\t\t\t\n<style>\n#col-1051701149 > .col-inner {\n  margin: 0px 0px -20px 0px;\n}\n<\/style>\n\t<\/div>\n\n\t\n\n\t<div id=\"col-218505630\" class=\"col medium-10 small-12 large-10\"  >\n\t\t\t\t<div class=\"col-inner\"  >\n\t\t\t\n\t\t\t\n\n\t<div id=\"text-614122675\" class=\"text\">\n\t\t\n\n<p>Intervalo<\/p>\n\t\t\n<style>\n#text-614122675 {\n  color: rgb(0,0,0);\n}\n#text-614122675 > * {\n  color: rgb(0,0,0);\n}\n<\/style>\n\t<\/div>\n\t\n\n\t\t<\/div>\n\t\t\t\t\n<style>\n#col-218505630 > .col-inner {\n  margin: 0px 0px -20px 0px;\n}\n<\/style>\n\t<\/div>\n\n\t\n\n<\/div>\n\n\t\t<\/div>\n\t\t\t\t\n<style>\n#col-1609413070 > .col-inner {\n  padding: 20px 20px 10px 20px;\n  margin: 0px 0px -15px 0px;\n  border-radius: 15px;\n}\n<\/style>\n\t<\/div>\n\n\t\n\n\t<div id=\"col-1610185425\" class=\"col small-12 large-12\"  >\n\t\t\t\t<div class=\"col-inner box-shadow-1\" style=\"background-color:rgb(255,255,255);\" >\n\t\t\t\n\t\t\t\n\n<div class=\"row\"  id=\"row-500242272\">\n\n\n\t<div id=\"col-1064562876\" class=\"col medium-2 small-12 large-2\"  >\n\t\t\t\t<div class=\"col-inner\"  >\n\t\t\t\n\t\t\t\n\n\t<div id=\"text-219582231\" class=\"text\">\n\t\t\n\n<p>14:00<\/p>\n\t\t\n<style>\n#text-219582231 {\n  text-align: center;\n  color: rgb(255, 147, 30);\n}\n#text-219582231 > * {\n  color: rgb(255, 147, 30);\n}\n<\/style>\n\t<\/div>\n\t\n\n\t\t<\/div>\n\t\t\t\t\n<style>\n#col-1064562876 > .col-inner {\n  margin: 0px 0px -20px 0px;\n}\n<\/style>\n\t<\/div>\n\n\t\n\n\t<div id=\"col-1984550928\" class=\"col medium-10 small-12 large-10\"  >\n\t\t\t\t<div class=\"col-inner\"  >\n\t\t\t\n\t\t\t\n\n\t<div id=\"text-3175367526\" class=\"text\">\n\t\t\n\n<p><span style=\"color: #ff931e;\">Painel 1:<\/span> Alternativas de fontes de energia limpa para descarboniza\u00e7\u00e3o das frotas do transporte p\u00fablico coletivo<\/p>\n\t\t\n<style>\n#text-3175367526 {\n  color: rgb(0,0,0);\n}\n#text-3175367526 > * {\n  color: rgb(0,0,0);\n}\n<\/style>\n\t<\/div>\n\t\n\t<div id=\"text-454554058\" class=\"text\">\n\t\t\n\n<p>Debatedores:<\/p>\n\t\t\n<style>\n#text-454554058 {\n  color: rgb(0,0,0);\n}\n#text-454554058 > * {\n  color: rgb(0,0,0);\n}\n<\/style>\n\t<\/div>\n\t\n<p><span style=\"color: #000000;\">Tiago Santovito &#8211;<\/span> Diretor Executivo da ABiog\u00e1s<\/p>\n<p><span style=\"color: #000000;\">Cristian Malevic \u2013<\/span> Vice-presidente de Energia e Descarboniza\u00e7\u00e3o da MWM Motores e Geradores<\/p>\n<p><span style=\"color: #000000;\">Niege Chaves &#8211;<\/span> Presidente do Conselho da Mobibrasil<\/p>\n<p><span style=\"color: #000000;\">Guilherme Wilson &#8211;<\/span> Gerente de Planejamento e Controle da Semove.<\/p>\n<p><span style=\"color: #000000;\">Carolina Oliveira &#8211;<\/span> Superintendente de Efici\u00eancia Energ\u00e9tica da Secretaria de Estado de Energia e Economia do Mar \u2013 Seenemar Representante da Naturgy<\/p>\n<p><span style=\"color: #000000;\">Moderador:<\/span> Ol\u00edmpio de Melo Alvares J\u00fanior &#8211; Coordenador da Comiss\u00e3o de Meio Ambiente da ANTP<\/p>\n\n\t\t<\/div>\n\t\t\t\t\n<style>\n#col-1984550928 > .col-inner {\n  margin: 0px 0px -20px 0px;\n}\n<\/style>\n\t<\/div>\n\n\t\n\n<\/div>\n\n\t\t<\/div>\n\t\t\t\t\n<style>\n#col-1610185425 > .col-inner {\n  padding: 20px 20px 10px 20px;\n  margin: 0px 0px -15px 0px;\n  border-radius: 15px;\n}\n<\/style>\n\t<\/div>\n\n\t\n\n\t<div id=\"col-373144766\" class=\"col small-12 large-12\"  >\n\t\t\t\t<div class=\"col-inner box-shadow-1\" style=\"background-color:rgb(255,255,255);\" >\n\t\t\t\n\t\t\t\n\n<div class=\"row\"  id=\"row-1138057769\">\n\n\n\t<div id=\"col-297329721\" class=\"col medium-2 small-12 large-2\"  >\n\t\t\t\t<div class=\"col-inner\"  >\n\t\t\t\n\t\t\t\n\n\t<div id=\"text-3015656815\" class=\"text\">\n\t\t\n\n<p>15:30<\/p>\n\t\t\n<style>\n#text-3015656815 {\n  text-align: center;\n  color: rgb(255, 147, 30);\n}\n#text-3015656815 > * {\n  color: rgb(255, 147, 30);\n}\n<\/style>\n\t<\/div>\n\t\n\n\t\t<\/div>\n\t\t\t\t\n<style>\n#col-297329721 > .col-inner {\n  margin: 0px 0px -20px 0px;\n}\n<\/style>\n\t<\/div>\n\n\t\n\n\t<div id=\"col-383131454\" class=\"col medium-10 small-12 large-10\"  >\n\t\t\t\t<div class=\"col-inner\"  >\n\t\t\t\n\t\t\t\n\n\t<div id=\"text-2294702897\" class=\"text\">\n\t\t\n\n<p><span style=\"color: #ff931e;\">Painel 2:<\/span> Experi\u00eancias das cidades com a eletrifica\u00e7\u00e3o de frotas do transporte p\u00fablico: do planejamento \u00e0 opera\u00e7\u00e3o<\/p>\n\t\t\n<style>\n#text-2294702897 {\n  color: rgb(0,0,0);\n}\n#text-2294702897 > * {\n  color: rgb(0,0,0);\n}\n<\/style>\n\t<\/div>\n\t\n\t<div id=\"text-2613136578\" class=\"text\">\n\t\t\n\n<p>Debatedores:<\/p>\n\t\t\n<style>\n#text-2613136578 {\n  color: rgb(0,0,0);\n}\n#text-2613136578 > * {\n  color: rgb(0,0,0);\n}\n<\/style>\n\t<\/div>\n\t\n<p><span style=\"color: #000000;\">Ad\u00e3o de Castro J\u00fanior &#8211;<\/span> Secret\u00e1rio Municipal de Mobilidade Urbana de Porto Alegre\/RS<\/p>\n<p><span style=\"color: #000000;\">Vin\u00edcius Pereira Santos &#8211;<\/span> Diretor-Presidente da MCTrans de Montes Claros\/MG<\/p>\n<p><span style=\"color: #000000;\">Mike Munhato &#8211;<\/span> Gerente Mobilidade El\u00e9trica da Mercedes-Benz<\/p>\n<p><span style=\"color: #000000;\">Jean Carlos Flohr &#8211;<\/span> Gestor de Vendas EV Charging Infrastructure &#8211; WEG<\/p>\n<p><span style=\"color: #000000;\">Dener Felipe de Lima Andrade \u2013<\/span> Key Account Manager na Nansen<\/p>\n<p><span style=\"color: #000000;\">Eduardo Souza &#8211;<\/span> CEO da Electric Mobility Brasil<\/p>\n<p><span style=\"color: #000000;\">Juliana Galiza &#8211;<\/span> Gerente de Engenharia e Estudos El\u00e9tricos da Light<\/p>\n<p><span style=\"color: #000000;\">Moderadora:<\/span> Aline Leite &#8211; Coordenadora de Transporte P\u00fablico no ITDP Brasil e doutoranda em Engenharia de Transportes pela UFRJ.<\/p>\n\n\t\t<\/div>\n\t\t\t\t\n<style>\n#col-383131454 > .col-inner {\n  margin: 0px 0px -20px 0px;\n}\n<\/style>\n\t<\/div>\n\n\t\n\n<\/div>\n\n\t\t<\/div>\n\t\t\t\t\n<style>\n#col-373144766 > .col-inner {\n  padding: 20px 20px 10px 20px;\n  margin: 0px 0px -15px 0px;\n  border-radius: 15px;\n}\n<\/style>\n\t<\/div>\n\n\t\n\n\t<div id=\"col-184475487\" class=\"col small-12 large-12\"  >\n\t\t\t\t<div class=\"col-inner box-shadow-1\" style=\"background-color:rgb(255,255,255);\" >\n\t\t\t\n\t\t\t\n\n<div class=\"row\"  id=\"row-839155498\">\n\n\n\t<div id=\"col-386649979\" class=\"col medium-2 small-12 large-2\"  >\n\t\t\t\t<div class=\"col-inner\"  >\n\t\t\t\n\t\t\t\n\n\t<div id=\"text-4058911318\" class=\"text\">\n\t\t\n\n<p>17:15<\/p>\n\t\t\n<style>\n#text-4058911318 {\n  text-align: center;\n  color: rgb(105, 73, 243);\n}\n#text-4058911318 > * {\n  color: rgb(105, 73, 243);\n}\n<\/style>\n\t<\/div>\n\t\n\n\t\t<\/div>\n\t\t\t\t\n<style>\n#col-386649979 > .col-inner {\n  margin: 0px 0px -20px 0px;\n}\n<\/style>\n\t<\/div>\n\n\t\n\n\t<div id=\"col-17323822\" class=\"col medium-10 small-12 large-10\"  >\n\t\t\t\t<div class=\"col-inner\"  >\n\t\t\t\n\t\t\t\n\n\t<div id=\"text-1807032656\" class=\"text\">\n\t\t\n\n<p><span style=\"color: #6949f3;\">Painel 3:<\/span> Os aspectos da licita\u00e7\u00e3o do transporte p\u00fablico metropolitano do Estado do<br \/>\nRio de Janeiro e o sistema de bilhetagem: biometria, efici\u00eancia, seguran\u00e7a e sustentabilidade<\/p>\n\t\t\n<style>\n#text-1807032656 {\n  color: rgb(0,0,0);\n}\n#text-1807032656 > * {\n  color: rgb(0,0,0);\n}\n<\/style>\n\t<\/div>\n\t\n<p><span style=\"color: #000000;\">Raphael Salgado \u2013<\/span> Presidente do Detro\/RJ<\/p>\n<p><span style=\"color: #000000;\">Alexandre Daiuto &#8211;<\/span> Subsecret\u00e1rio de Integra\u00e7\u00e3o e Bilhetagem da Setram\/RJ<\/p>\n<p><span style=\"color: #000000;\">Melissa Sartori \u2013<\/span> Gerente de Marketing e Produto na Mais.Mobi<\/p>\n<p><span style=\"color: #000000;\">Moderador:<\/span> Willian Alberto de Aquino Pereira &#8211; Coordenador Regional Rio de Janeiro da ANTP, Sub- coordenador t\u00e9cnico do contrato Detro &#8211; Cons\u00f3rcio Oficina, Logit e Sinergia<\/p>\n\n\t\t<\/div>\n\t\t\t\t\n<style>\n#col-17323822 > .col-inner {\n  margin: 0px 0px -20px 0px;\n}\n<\/style>\n\t<\/div>\n\n\t\n\n<\/div>\n\n\t\t<\/div>\n\t\t\t\t\n<style>\n#col-184475487 > .col-inner {\n  padding: 20px 20px 10px 20px;\n  margin: 0px 0px -15px 0px;\n  border-radius: 15px;\n}\n<\/style>\n\t<\/div>\n\n\t\n\n\t<div id=\"col-1033522003\" class=\"col small-12 large-12\"  >\n\t\t\t\t<div class=\"col-inner box-shadow-1\" style=\"background-color:rgb(255,255,255);\" >\n\t\t\t\n\t\t\t\n\n<div class=\"row\"  id=\"row-1386814705\">\n\n\n\t<div id=\"col-1220905158\" class=\"col medium-2 small-12 large-2\"  >\n\t\t\t\t<div class=\"col-inner\"  >\n\t\t\t\n\t\t\t\n\n\t<div id=\"text-2589878842\" class=\"text\">\n\t\t\n\n<p>18:00<\/p>\n\t\t\n<style>\n#text-2589878842 {\n  text-align: center;\n  color: rgb(105, 73, 243);\n}\n#text-2589878842 > * {\n  color: rgb(105, 73, 243);\n}\n<\/style>\n\t<\/div>\n\t\n\n\t\t<\/div>\n\t\t\t\t\n<style>\n#col-1220905158 > .col-inner {\n  margin: 0px 0px -20px 0px;\n}\n<\/style>\n\t<\/div>\n\n\t\n\n\t<div id=\"col-779268100\" class=\"col medium-10 small-12 large-10\"  >\n\t\t\t\t<div class=\"col-inner\"  >\n\t\t\t\n\t\t\t\n\n\t<div id=\"text-544565795\" class=\"text\">\n\t\t\n\n<p>ENCERRAMENTO<\/p>\n\t\t\n<style>\n#text-544565795 {\n  color: rgb(0,0,0);\n}\n#text-544565795 > * {\n  color: rgb(0,0,0);\n}\n<\/style>\n\t<\/div>\n\t\n\n\t\t<\/div>\n\t\t\t\t\n<style>\n#col-779268100 > .col-inner {\n  margin: 0px 0px -20px 0px;\n}\n<\/style>\n\t<\/div>\n\n\t\n\n<\/div>\n\n\t\t<\/div>\n\t\t\t\t\n<style>\n#col-1033522003 > .col-inner {\n  padding: 20px 20px 10px 20px;\n  margin: 0px 0px -15px 0px;\n  border-radius: 15px;\n}\n<\/style>\n\t<\/div>\n\n\t\n\n<\/div>\n\n<\/div>\n<div id=\"tab_4-de-fevereiro\" class=\"panel entry-content\" role=\"tabpanel\" aria-labelledby=\"tab-4-de-fevereiro\">\n\n\t<div id=\"gap-1600044996\" class=\"gap-element clearfix\" style=\"display:block; height:auto;\">\n\t\t\n<style>\n#gap-1600044996 {\n  padding-top: 30px;\n}\n<\/style>\n\t<\/div>\n\t\n\n<div class=\"row\"  id=\"row-867807070\">\n\n\n\t<div id=\"col-1902811479\" class=\"col small-12 large-12\"  >\n\t\t\t\t<div class=\"col-inner box-shadow-1\" style=\"background-color:rgb(255,255,255);\" >\n\t\t\t\n\t\t\t\n\n<div class=\"row\"  id=\"row-1391273949\">\n\n\n\t<div id=\"col-1656434569\" class=\"col medium-2 small-12 large-2\"  >\n\t\t\t\t<div class=\"col-inner\"  >\n\t\t\t\n\t\t\t\n\n\t<div id=\"text-3213035843\" class=\"text\">\n\t\t\n\n<p>8:00<\/p>\n\t\t\n<style>\n#text-3213035843 {\n  text-align: center;\n  color: #0a69d2;\n}\n#text-3213035843 > * {\n  color: #0a69d2;\n}\n<\/style>\n\t<\/div>\n\t\n\n\t\t<\/div>\n\t\t\t\t\n<style>\n#col-1656434569 > .col-inner {\n  margin: 0px 0px -20px 0px;\n}\n<\/style>\n\t<\/div>\n\n\t\n\n\t<div id=\"col-825365697\" class=\"col medium-10 small-12 large-10\"  >\n\t\t\t\t<div class=\"col-inner\"  >\n\t\t\t\n\t\t\t\n\n\t<div id=\"text-537413095\" class=\"text\">\n\t\t\n\n<p>Welcome Coffee<\/p>\n\t\t\n<style>\n#text-537413095 {\n  color: rgb(0,0,0);\n}\n#text-537413095 > * {\n  color: rgb(0,0,0);\n}\n<\/style>\n\t<\/div>\n\t\n\n\t\t<\/div>\n\t\t\t\t\n<style>\n#col-825365697 > .col-inner {\n  margin: 0px 0px -20px 0px;\n}\n<\/style>\n\t<\/div>\n\n\t\n\n<\/div>\n\n\t\t<\/div>\n\t\t\t\t\n<style>\n#col-1902811479 > .col-inner {\n  padding: 20px 20px 10px 20px;\n  margin: 0px 0px -15px 0px;\n  border-radius: 15px;\n}\n<\/style>\n\t<\/div>\n\n\t\n\n\t<div id=\"col-1711473210\" class=\"col small-12 large-12\"  >\n\t\t\t\t<div class=\"col-inner box-shadow-1\" style=\"background-color:rgb(255,255,255);\" >\n\t\t\t\n\t\t\t\n\n<div class=\"row\"  id=\"row-538846019\">\n\n\n\t<div id=\"col-98493531\" class=\"col medium-2 small-12 large-2\"  >\n\t\t\t\t<div class=\"col-inner\"  >\n\t\t\t\n\t\t\t\n\n\t<div id=\"text-4061412879\" class=\"text\">\n\t\t\n\n<p>8:30<\/p>\n\t\t\n<style>\n#text-4061412879 {\n  text-align: center;\n  color: rgb(105, 73, 243);\n}\n#text-4061412879 > * {\n  color: rgb(105, 73, 243);\n}\n<\/style>\n\t<\/div>\n\t\n\n\t\t<\/div>\n\t\t\t\t\n<style>\n#col-98493531 > .col-inner {\n  margin: 0px 0px -20px 0px;\n}\n<\/style>\n\t<\/div>\n\n\t\n\n\t<div id=\"col-313240682\" class=\"col medium-10 small-12 large-10\"  >\n\t\t\t\t<div class=\"col-inner\"  >\n\t\t\t\n\t\t\t\n\n<p><span style=\"color: #000000;\">Abertura<\/p>\n\n\t\t<\/div>\n\t\t\t\t\n<style>\n#col-313240682 > .col-inner {\n  margin: 0px 0px -20px 0px;\n}\n<\/style>\n\t<\/div>\n\n\t\n\n<\/div>\n\n\t\t<\/div>\n\t\t\t\t\n<style>\n#col-1711473210 > .col-inner {\n  padding: 20px 20px 10px 20px;\n  margin: 0px 0px -15px 0px;\n  border-radius: 15px;\n}\n<\/style>\n\t<\/div>\n\n\t\n\n\t<div id=\"col-2135090113\" class=\"col small-12 large-12\"  >\n\t\t\t\t<div class=\"col-inner box-shadow-1\" style=\"background-color:rgb(255,255,255);\" >\n\t\t\t\n\t\t\t\n\n<div class=\"row\"  id=\"row-1122989191\">\n\n\n\t<div id=\"col-332705193\" class=\"col medium-2 small-12 large-2\"  >\n\t\t\t\t<div class=\"col-inner\"  >\n\t\t\t\n\t\t\t\n\n\t<div id=\"text-3559655633\" class=\"text\">\n\t\t\n\n<p>9:00<\/p>\n\t\t\n<style>\n#text-3559655633 {\n  text-align: center;\n  color: rgb(105, 73, 243);\n}\n#text-3559655633 > * {\n  color: rgb(105, 73, 243);\n}\n<\/style>\n\t<\/div>\n\t\n\n\t\t<\/div>\n\t\t\t\t\n<style>\n#col-332705193 > .col-inner {\n  margin: 0px 0px -20px 0px;\n}\n<\/style>\n\t<\/div>\n\n\t\n\n\t<div id=\"col-2062736919\" class=\"col medium-10 small-12 large-10\"  >\n\t\t\t\t<div class=\"col-inner\"  >\n\t\t\t\n\t\t\t\n\n\t<div id=\"text-1775789365\" class=\"text\">\n\t\t\n\n<p><span style=\"color: #6949f3;\">Palestra 2:<\/span> Experi\u00eancia em Eletromobilidade de Santiago do Chile<\/p>\n\t\t\n<style>\n#text-1775789365 {\n  color: rgb(0,0,0);\n}\n#text-1775789365 > * {\n  color: rgb(0,0,0);\n}\n<\/style>\n\t<\/div>\n\t\n<p><span style=\"color: #000000;\">Palestrante:<\/span> Rodrigo Valladares &#8211; Secret\u00e1rio Regional Ministerial de Transportes e Telecomunica\u00e7\u00f5es de Santiago &#8211; Chile<\/p>\n\n\t\t<\/div>\n\t\t\t\t\n<style>\n#col-2062736919 > .col-inner {\n  margin: 0px 0px -20px 0px;\n}\n<\/style>\n\t<\/div>\n\n\t\n\n<\/div>\n\n\t\t<\/div>\n\t\t\t\t\n<style>\n#col-2135090113 > .col-inner {\n  padding: 20px 20px 10px 20px;\n  margin: 0px 0px -15px 0px;\n  border-radius: 15px;\n}\n<\/style>\n\t<\/div>\n\n\t\n\n\t<div id=\"col-1217841675\" class=\"col small-12 large-12\"  >\n\t\t\t\t<div class=\"col-inner box-shadow-1\" style=\"background-color:rgb(255,255,255);\" >\n\t\t\t\n\t\t\t\n\n<div class=\"row\"  id=\"row-958456899\">\n\n\n\t<div id=\"col-1711182795\" class=\"col medium-2 small-12 large-2\"  >\n\t\t\t\t<div class=\"col-inner\"  >\n\t\t\t\n\t\t\t\n\n\t<div id=\"text-2614809070\" class=\"text\">\n\t\t\n\n<p>10:00<\/p>\n\t\t\n<style>\n#text-2614809070 {\n  text-align: center;\n  color: rgb(255, 147, 30);\n}\n#text-2614809070 > * {\n  color: rgb(255, 147, 30);\n}\n<\/style>\n\t<\/div>\n\t\n\n\t\t<\/div>\n\t\t\t\t\n<style>\n#col-1711182795 > .col-inner {\n  margin: 0px 0px -20px 0px;\n}\n<\/style>\n\t<\/div>\n\n\t\n\n\t<div id=\"col-1387630456\" class=\"col medium-10 small-12 large-10\"  >\n\t\t\t\t<div class=\"col-inner\"  >\n\t\t\t\n\t\t\t\n\n\t<div id=\"text-1883835559\" class=\"text\">\n\t\t\n\n<p><span style=\"color: #ff931e;\">Apresenta\u00e7\u00f5es:<\/span> Solu\u00e7\u00f5es em infraestrutura de recarga implementadas pelos gestores p\u00fablicos e privados para a opera\u00e7\u00e3o do transporte p\u00fablico coletivo<\/p>\n\t\t\n<style>\n#text-1883835559 {\n  color: rgb(0,0,0);\n}\n#text-1883835559 > * {\n  color: rgb(0,0,0);\n}\n<\/style>\n\t<\/div>\n\t\n<p><span style=\"color: #000000;\">Ricardo Estefano Rosa &#8211; <\/span>Gerente de Vendas EV Charging Solution \u2013 WEG<\/p>\n<p><span style=\"color: #000000;\">Dener Felipe de Lima Andrade \u2013<\/span> Key Account Manager na Nansen<\/p>\n<p><span style=\"color: #000000;\">Eduardo Souza &#8211;<\/span> CEO da Electric Mobility Brasil<\/p>\n<p><span style=\"color: #000000;\">Gabriel Kropsch &#8211;<\/span> S\u00f3cio-fundador da Sinerg\u00e1s e Diretor Executivo do Comit\u00ea Nacional do GNV<\/p>\n\n\t\t<\/div>\n\t\t\t\t\n<style>\n#col-1387630456 > .col-inner {\n  margin: 0px 0px -20px 0px;\n}\n<\/style>\n\t<\/div>\n\n\t\n\n<\/div>\n\n\t\t<\/div>\n\t\t\t\t\n<style>\n#col-1217841675 > .col-inner {\n  padding: 20px 20px 10px 20px;\n  margin: 0px 0px -15px 0px;\n  border-radius: 15px;\n}\n<\/style>\n\t<\/div>\n\n\t\n\n\t<div id=\"col-1730821833\" class=\"col small-12 large-12\"  >\n\t\t\t\t<div class=\"col-inner box-shadow-1\" style=\"background-color:rgb(255,255,255);\" >\n\t\t\t\n\t\t\t\n\n<div class=\"row\"  id=\"row-1862378359\">\n\n\n\t<div id=\"col-203695858\" class=\"col medium-2 small-12 large-2\"  >\n\t\t\t\t<div class=\"col-inner\"  >\n\t\t\t\n\t\t\t\n\n\t<div id=\"text-435859754\" class=\"text\">\n\t\t\n\n<p>11:00<\/p>\n\t\t\n<style>\n#text-435859754 {\n  text-align: center;\n  color: rgb(255, 147, 30);\n}\n#text-435859754 > * {\n  color: rgb(255, 147, 30);\n}\n<\/style>\n\t<\/div>\n\t\n\n\t\t<\/div>\n\t\t\t\t\n<style>\n#col-203695858 > .col-inner {\n  margin: 0px 0px -20px 0px;\n}\n<\/style>\n\t<\/div>\n\n\t\n\n\t<div id=\"col-1978617471\" class=\"col medium-10 small-12 large-10\"  >\n\t\t\t\t<div class=\"col-inner\"  >\n\t\t\t\n\t\t\t\n\n\t<div id=\"text-3857772776\" class=\"text\">\n\t\t\n\n<p><span style=\"color: #ff931e;\">Palestra 3:<\/span> Transi\u00e7\u00e3o energ\u00e9tica das Barcas<\/p>\n\t\t\n<style>\n#text-3857772776 {\n  color: rgb(0,0,0);\n}\n#text-3857772776 > * {\n  color: rgb(0,0,0);\n}\n<\/style>\n\t<\/div>\n\t\n<p><span style=\"color: #000000;\">Palestrante: Breno Tostes &#8211;<\/span> Assessor-chefe de Planejamento e Concess\u00f5es da Secretaria de Estado de Transporte e Mobilidade Urbana do Rio de Janeiro \u2013 Setram\/RJ<\/p>\n<p><span style=\"color: #000000;\">Palestrante: Hugo Rodrigues Aguiar &#8211;<\/span> Superintendente de \u00d3leo e G\u00e1s da Secretaria de Energia e Economia do Mar<\/p>\n<p><span style=\"color: #000000;\">Amauri Ribeiro \u2013<\/span> Diretor da Sorion\/Endurance<\/p>\n\n\t\t<\/div>\n\t\t\t\t\n<style>\n#col-1978617471 > .col-inner {\n  margin: 0px 0px -20px 0px;\n}\n<\/style>\n\t<\/div>\n\n\t\n\n<\/div>\n\n\t\t<\/div>\n\t\t\t\t\n<style>\n#col-1730821833 > .col-inner {\n  padding: 20px 20px 10px 20px;\n  margin: 0px 0px -15px 0px;\n  border-radius: 15px;\n}\n<\/style>\n\t<\/div>\n\n\t\n\n\t<div id=\"col-15296970\" class=\"col small-12 large-12\"  >\n\t\t\t\t<div class=\"col-inner box-shadow-1\" style=\"background-color:rgb(255,255,255);\" >\n\t\t\t\n\t\t\t\n\n<div class=\"row\"  id=\"row-354277999\">\n\n\n\t<div id=\"col-604391157\" class=\"col medium-2 small-12 large-2\"  >\n\t\t\t\t<div class=\"col-inner\"  >\n\t\t\t\n\t\t\t\n\n\t<div id=\"text-117494190\" class=\"text\">\n\t\t\n\n<p>11:30<\/p>\n\t\t\n<style>\n#text-117494190 {\n  text-align: center;\n  color: rgb(255, 147, 30);\n}\n#text-117494190 > * {\n  color: rgb(255, 147, 30);\n}\n<\/style>\n\t<\/div>\n\t\n\n\t\t<\/div>\n\t\t\t\t\n<style>\n#col-604391157 > .col-inner {\n  margin: 0px 0px -20px 0px;\n}\n<\/style>\n\t<\/div>\n\n\t\n\n\t<div id=\"col-823526470\" class=\"col medium-10 small-12 large-10\"  >\n\t\t\t\t<div class=\"col-inner\"  >\n\t\t\t\n\t\t\t\n\n\t<div id=\"text-1297887059\" class=\"text\">\n\t\t\n\n<p><span style=\"color: #ff931e;\">Apresenta\u00e7\u00e3o:<\/span> Solu\u00e7\u00f5es para requalifica\u00e7\u00e3o do servi\u00e7o de transporte p\u00fablico coletivo<\/p>\n\t\t\n<style>\n#text-1297887059 {\n  color: rgb(0,0,0);\n}\n#text-1297887059 > * {\n  color: rgb(0,0,0);\n}\n<\/style>\n\t<\/div>\n\t\n<p><span style=\"color: #000000;\">Richele Cabral &#8211;<\/span> Diretora de Mobilidade Urbana da Semove<\/p>\n<p><span style=\"color: #000000;\">Glaydston Ribeiro &#8211;<\/span> Professor do PET\/coppe\/UFRJ e diretor executivo da Funda\u00e7\u00e3o Coppetec<\/p>\n<p><span style=\"color: #000000;\">Livia Pereira &#8211;<\/span> S\u00f3cia- diretora da Sinergia Estudos e Projetos<\/p>\n\n\t\t<\/div>\n\t\t\t\t\n<style>\n#col-823526470 > .col-inner {\n  margin: 0px 0px -20px 0px;\n}\n<\/style>\n\t<\/div>\n\n\t\n\n<\/div>\n\n\t\t<\/div>\n\t\t\t\t\n<style>\n#col-15296970 > .col-inner {\n  padding: 20px 20px 10px 20px;\n  margin: 0px 0px -15px 0px;\n  border-radius: 15px;\n}\n<\/style>\n\t<\/div>\n\n\t\n\n\t<div id=\"col-571930748\" class=\"col small-12 large-12\"  >\n\t\t\t\t<div class=\"col-inner box-shadow-1\" style=\"background-color:rgb(255,255,255);\" >\n\t\t\t\n\t\t\t\n\n<div class=\"row\"  id=\"row-1508679933\">\n\n\n\t<div id=\"col-329379240\" class=\"col medium-2 small-12 large-2\"  >\n\t\t\t\t<div class=\"col-inner\"  >\n\t\t\t\n\t\t\t\n\n\t<div id=\"text-872586015\" class=\"text\">\n\t\t\n\n<p>12:30<\/p>\n\t\t\n<style>\n#text-872586015 {\n  text-align: center;\n  color: #0a69d2;\n}\n#text-872586015 > * {\n  color: #0a69d2;\n}\n<\/style>\n\t<\/div>\n\t\n\n\t\t<\/div>\n\t\t\t\t\n<style>\n#col-329379240 > .col-inner {\n  margin: 0px 0px -20px 0px;\n}\n<\/style>\n\t<\/div>\n\n\t\n\n\t<div id=\"col-832689374\" class=\"col medium-10 small-12 large-10\"  >\n\t\t\t\t<div class=\"col-inner\"  >\n\t\t\t\n\t\t\t\n\n\t<div id=\"text-392454193\" class=\"text\">\n\t\t\n\n<p>Intervalo<\/p>\n\t\t\n<style>\n#text-392454193 {\n  color: rgb(0,0,0);\n}\n#text-392454193 > * {\n  color: rgb(0,0,0);\n}\n<\/style>\n\t<\/div>\n\t\n\n\t\t<\/div>\n\t\t\t\t\n<style>\n#col-832689374 > .col-inner {\n  margin: 0px 0px -20px 0px;\n}\n<\/style>\n\t<\/div>\n\n\t\n\n<\/div>\n\n\t\t<\/div>\n\t\t\t\t\n<style>\n#col-571930748 > .col-inner {\n  padding: 20px 20px 10px 20px;\n  margin: 0px 0px -15px 0px;\n  border-radius: 15px;\n}\n<\/style>\n\t<\/div>\n\n\t\n\n\t<div id=\"col-557933152\" class=\"col small-12 large-12\"  >\n\t\t\t\t<div class=\"col-inner box-shadow-1\" style=\"background-color:rgb(255,255,255);\" >\n\t\t\t\n\t\t\t\n\n<div class=\"row\"  id=\"row-225374777\">\n\n\n\t<div id=\"col-2003189314\" class=\"col medium-2 small-12 large-2\"  >\n\t\t\t\t<div class=\"col-inner\"  >\n\t\t\t\n\t\t\t\n\n\t<div id=\"text-4135899797\" class=\"text\">\n\t\t\n\n<p>14:00<\/p>\n\t\t\n<style>\n#text-4135899797 {\n  text-align: center;\n  color: rgb(255, 147, 30);\n}\n#text-4135899797 > * {\n  color: rgb(255, 147, 30);\n}\n<\/style>\n\t<\/div>\n\t\n\n\t\t<\/div>\n\t\t\t\t\n<style>\n#col-2003189314 > .col-inner {\n  margin: 0px 0px -20px 0px;\n}\n<\/style>\n\t<\/div>\n\n\t\n\n\t<div id=\"col-1223253621\" class=\"col medium-10 small-12 large-10\"  >\n\t\t\t\t<div class=\"col-inner\"  >\n\t\t\t\n\t\t\t\n\n\t<div id=\"text-2936019646\" class=\"text\">\n\t\t\n\n<p><span style=\"color: #ff931e;\">Painel 4:<\/span> Resultados obtidos em testes e opera\u00e7\u00f5es com diferentes tecnologias de<br \/>\n\u00f4nibus do transporte p\u00fablico e os desafios para iniciar a transi\u00e7\u00e3o da matriz energ\u00e9tica<\/p>\n\t\t\n<style>\n#text-2936019646 {\n  color: rgb(0,0,0);\n}\n#text-2936019646 > * {\n  color: rgb(0,0,0);\n}\n<\/style>\n\t<\/div>\n\t\n\t<div id=\"text-11065802\" class=\"text\">\n\t\t\n\n<p>Debatedores:<\/p>\n\t\t\n<style>\n#text-11065802 {\n  color: rgb(0,0,0);\n}\n#text-11065802 > * {\n  color: rgb(0,0,0);\n}\n<\/style>\n\t<\/div>\n\t\n<p><span style=\"color: #000000;\">Anderson Cesar Leite &#8211;<\/span> Gerente de Opera\u00e7\u00f5es BRT de Goi\u00e2nia\/GO<\/p>\n<p><span style=\"color: #000000;\">Thiago Augusto Sielski Marquardt &#8211;<\/span> Gestor de Planejamento e Desenvolvimento na URBS Curitiba<\/p>\n<p><span style=\"color: #000000;\">Vagner Rigon &#8211;<\/span> Diretor de Opera\u00e7\u00f5es Grupo SHC &#8211; Ankai Brasil<\/p>\n<p><span style=\"color: #000000;\">Ma\u00edna Celid\u00f4nio &#8211;<\/span> Secret\u00e1ria Municipal de Transportes do Rio de Janeiro\u00a0\u2013 RJ<\/p>\n<p><span style=\"color: #000000;\">Raphael Salgado \u2013<\/span> Presidente do Detro\/RJ<\/p>\n<p><span style=\"color: #000000;\">Celso Haddad Lopes &#8211;<\/span> Presidente da Empresa P\u00fablica de Transportes de Maric\u00e1\/RJ<\/p>\n<p><span style=\"color: #000000;\">Celso Bastos \u2013<\/span> Gestor de Projetos da G\u00e1s Verde<\/p>\n<p><span style=\"color: #000000;\">Moderador: <\/span>Ol\u00edmpio de Melo Alvares J\u00fanior &#8211; Coordenador da Comiss\u00e3o de Meio Ambiente da ANTP<\/p>\n\n\t\t<\/div>\n\t\t\t\t\n<style>\n#col-1223253621 > .col-inner {\n  margin: 0px 0px -20px 0px;\n}\n<\/style>\n\t<\/div>\n\n\t\n\n<\/div>\n\n\t\t<\/div>\n\t\t\t\t\n<style>\n#col-557933152 > .col-inner {\n  padding: 20px 20px 10px 20px;\n  margin: 0px 0px -15px 0px;\n  border-radius: 15px;\n}\n<\/style>\n\t<\/div>\n\n\t\n\n\t<div id=\"col-1256274998\" class=\"col small-12 large-12\"  >\n\t\t\t\t<div class=\"col-inner box-shadow-1\" style=\"background-color:rgb(255,255,255);\" >\n\t\t\t\n\t\t\t\n\n<div class=\"row\"  id=\"row-1784829686\">\n\n\n\t<div id=\"col-1790063198\" class=\"col medium-2 small-12 large-2\"  >\n\t\t\t\t<div class=\"col-inner\"  >\n\t\t\t\n\t\t\t\n\n\t<div id=\"text-3521702224\" class=\"text\">\n\t\t\n\n<p>15:30<\/p>\n\t\t\n<style>\n#text-3521702224 {\n  text-align: center;\n  color: rgb(255, 147, 30);\n}\n#text-3521702224 > * {\n  color: rgb(255, 147, 30);\n}\n<\/style>\n\t<\/div>\n\t\n\n\t\t<\/div>\n\t\t\t\t\n<style>\n#col-1790063198 > .col-inner {\n  margin: 0px 0px -20px 0px;\n}\n<\/style>\n\t<\/div>\n\n\t\n\n\t<div id=\"col-1162821188\" class=\"col medium-10 small-12 large-10\"  >\n\t\t\t\t<div class=\"col-inner\"  >\n\t\t\t\n\t\t\t\n\n\t<div id=\"text-413961446\" class=\"text\">\n\t\t\n\n<p><span style=\"color: #ff931e;\">Painel 5:<\/span> Financiamentos: como captar recursos para implanta\u00e7\u00e3o de projetos de descarboniza\u00e7\u00e3o de frotas<\/p>\n\t\t\n<style>\n#text-413961446 {\n  color: rgb(0,0,0);\n}\n#text-413961446 > * {\n  color: rgb(0,0,0);\n}\n<\/style>\n\t<\/div>\n\t\n\t<div id=\"text-2510222000\" class=\"text\">\n\t\t\n\n<p>Debatedores:<\/p>\n\t\t\n<style>\n#text-2510222000 {\n  color: rgb(0,0,0);\n}\n#text-2510222000 > * {\n  color: rgb(0,0,0);\n}\n<\/style>\n\t<\/div>\n\t\n<p><span style=\"color: #000000;\">Rafael Murta Resende &#8211;<\/span> Superintendente de Mobilidade de Belo Horizonte\/MG<\/p>\n<p><span style=\"color: #000000;\">Pablo Souza &#8211;<\/span> Secret\u00e1rio de Mobilidade de Salvador\/BA<\/p>\n<p><span style=\"color: #000000;\">Cristina Albuquerque \u2013<\/span> Especialista em Mobilidade Urbana e Ex-Diretora Global de Mobilidade El\u00e9trica do WRI<\/p>\n<p><span style=\"color: #000000;\">Bernardo Serra &#8211;<\/span> Consultor em Transporte do Banco Mundial<\/p>\n<p><span style=\"color: #000000;\">Ana Paula Morais da Silva \u2013<\/span> Coordenadora-Geral de Projetos Especiais na Secretaria Nacional de Mobilidade Urbana\/MCID<\/p>\n<p><span style=\"color: #000000;\">Moderador:<\/span> Elimar Oliveira Jr &#8211; Colaborador do Portal de Boas Pr\u00e1ticas ANTP<\/p>\n\n\t\t<\/div>\n\t\t\t\t\n<style>\n#col-1162821188 > .col-inner {\n  margin: 0px 0px -20px 0px;\n}\n<\/style>\n\t<\/div>\n\n\t\n\n<\/div>\n\n\t\t<\/div>\n\t\t\t\t\n<style>\n#col-1256274998 > .col-inner {\n  padding: 20px 20px 10px 20px;\n  margin: 0px 0px -15px 0px;\n  border-radius: 15px;\n}\n<\/style>\n\t<\/div>\n\n\t\n\n\t<div id=\"col-1714683086\" class=\"col small-12 large-12\"  >\n\t\t\t\t<div class=\"col-inner box-shadow-1\" style=\"background-color:rgb(255,255,255);\" >\n\t\t\t\n\t\t\t\n\n<div class=\"row\"  id=\"row-106600569\">\n\n\n\t<div id=\"col-1877162312\" class=\"col medium-2 small-12 large-2\"  >\n\t\t\t\t<div class=\"col-inner\"  >\n\t\t\t\n\t\t\t\n\n\t<div id=\"text-900814835\" class=\"text\">\n\t\t\n\n<p>16:30<\/p>\n\t\t\n<style>\n#text-900814835 {\n  text-align: center;\n  color: rgb(105, 73, 243);\n}\n#text-900814835 > * {\n  color: rgb(105, 73, 243);\n}\n<\/style>\n\t<\/div>\n\t\n\n\t\t<\/div>\n\t\t\t\t\n<style>\n#col-1877162312 > .col-inner {\n  margin: 0px 0px -20px 0px;\n}\n<\/style>\n\t<\/div>\n\n\t\n\n\t<div id=\"col-1985302189\" class=\"col medium-10 small-12 large-10\"  >\n\t\t\t\t<div class=\"col-inner\"  >\n\t\t\t\n\t\t\t\n\n\t<div id=\"text-2677784375\" class=\"text\">\n\t\t\n\n<p>ENCERRAMENTO<\/p>\n\t\t\n<style>\n#text-2677784375 {\n  color: rgb(0,0,0);\n}\n#text-2677784375 > * {\n  color: rgb(0,0,0);\n}\n<\/style>\n\t<\/div>\n\t\n\n\t\t<\/div>\n\t\t\t\t\n<style>\n#col-1985302189 > .col-inner {\n  margin: 0px 0px -20px 0px;\n}\n<\/style>\n\t<\/div>\n\n\t\n\n<\/div>\n\n\t\t<\/div>\n\t\t\t\t\n<style>\n#col-1714683086 > .col-inner {\n  padding: 20px 20px 10px 20px;\n  margin: 0px 0px -15px 0px;\n  border-radius: 15px;\n}\n<\/style>\n\t<\/div>\n\n\t\n\n<\/div>\n\n<\/div><\/div><\/div>\n\n\t\t<\/div>\n\t\t\t\t\n<style>\n#col-1374328148 > .col-inner {\n  padding: 0px 0px 0px 20px;\n}\n<\/style>\n\t<\/div>\n\n\t\n\n<\/div>\n<div class=\"row\"  id=\"row-421748076\">\n\n\n\t<div id=\"col-1230155648\" class=\"col small-12 large-12\"  >\n\t\t\t\t<div class=\"col-inner text-center\"  >\n\t\t\t\n\t\t\t\n\n<a href=\"https:\/\/www.sympla.com.br\/evento\/forum-de-transicao-energetica-no-transporte-publico-do-estado-do-rio-de-janeiro\/3263455\" target=\"_blank\" class=\"button success reveal-icon hide-for-medium\" rel=\"noopener\"  style=\"border-radius:99px;padding:8px 50px 8px 50px;\">\n    <span>fa\u00e7a sua inscri\u00e7\u00e3o gratuita<\/span>\n  <i class=\"icon-angle-right\" aria-hidden=\"true\" ><\/i><\/a>\n\n\n<a class=\"button primary expand show-for-small\"  style=\"border-radius:99px;padding:8px 50px 8px 50px;\">\n    <span>fa\u00e7a sua inscri\u00e7\u00e3o gratuita<\/span>\n  <\/a>\n\n\n\n\t\t<\/div>\n\t\t\t\t\t<\/div>\n\n\t\n\n<\/div>\n\t<div id=\"gap-1666601300\" class=\"gap-element clearfix\" style=\"display:block; height:auto;\">\n\t\t\n<style>\n#gap-1666601300 {\n  padding-top: 30px;\n}\n<\/style>\n\t<\/div>\n\t\n\n<div class=\"row align-center\"  id=\"row-1162217975\">\n\n\n\t<div id=\"col-988419989\" class=\"col medium-7 small-12 large-7\"  >\n\t\t\t\t<div class=\"col-inner text-center\"  >\n\t\t\t\n\t\t\t\n\n\t<div class=\"img has-hover x md-x lg-x y md-y lg-y\" id=\"image_1732087378\">\n\t\t\t\t\t\t\t\t<div class=\"img-inner dark\" >\n\t\t\t<img loading=\"lazy\" decoding=\"async\" width=\"1\" height=\"1\" src=\"https:\/\/nexuscidadesinteligentes.com.br\/forum-transporte\/wp-content\/uploads\/2026\/01\/Palestrantes-e-Painelistas-Confirmados.svg\" class=\"attachment-large size-large\" alt=\"\" \/>\t\t\t\t\t\t\n\t\t\t\t\t<\/div>\n\t\t\t\t\t\t\t\t\n<style>\n#image_1732087378 {\n  width: 60%;\n}\n<\/style>\n\t<\/div>\n\t\n\n\t<div id=\"gap-345705879\" class=\"gap-element clearfix\" style=\"display:block; height:auto;\">\n\t\t\n<style>\n#gap-345705879 {\n  padding-top: 15px;\n}\n<\/style>\n\t<\/div>\n\t\n\n\t<div id=\"text-491035396\" class=\"text\">\n\t\t\n\n<p>O F\u00f3rum contar\u00e1 com especialistas, operadores, secret\u00e1rios e dirigentes de mobilidade urbana de grandes cidades, incluindo experi\u00eancias em fase de planejamento, implanta\u00e7\u00e3o e opera\u00e7\u00e3o.<\/p>\n\t\t\n<style>\n#text-491035396 {\n  color: #042042;\n}\n#text-491035396 > * {\n  color: #042042;\n}\n<\/style>\n\t<\/div>\n\t\n\n\t\t<\/div>\n\t\t\t\t\t<\/div>\n\n\t\n\n<\/div>\n<div class=\"row row-small\" style=\"max-width:1200px\" id=\"row-742532243\">\n\n\n\t<div id=\"col-305683937\" class=\"col medium-4 small-12 large-4\"  >\n\t\t\t\t<div class=\"col-inner text-center\" style=\"background-color:rgb(255,255,255);\" >\n\t\t\t\n\t\t\t\n\n\t<div class=\"img has-hover circle x md-x lg-x y md-y lg-y\" id=\"image_817671025\">\n\t\t\t\t\t\t\t\t<div class=\"img-inner dark\" >\n\t\t\t<img loading=\"lazy\" decoding=\"async\" width=\"300\" height=\"300\" src=\"https:\/\/nexuscidadesinteligentes.com.br\/forum-transporte\/wp-content\/uploads\/2026\/01\/Pablo-Souza-300x300-1.png\" class=\"attachment-large size-large\" alt=\"\" srcset=\"https:\/\/nexuscidadesinteligentes.com.br\/forum-transporte\/wp-content\/uploads\/2026\/01\/Pablo-Souza-300x300-1.png 300w, https:\/\/nexuscidadesinteligentes.com.br\/forum-transporte\/wp-content\/uploads\/2026\/01\/Pablo-Souza-300x300-1-150x150.png 150w\" sizes=\"auto, (max-width: 300px) 100vw, 300px\" \/>\t\t\t\t\t\t\n\t\t\t\t\t<\/div>\n\t\t\t\t\t\t\t\t\n<style>\n#image_817671025 {\n  width: 45%;\n}\n<\/style>\n\t<\/div>\n\t\n\n<h2>Pablo Souza<br \/>\n<\/h2>\n<p>Secret\u00e1rio de Mobilidade de Salvador-BA, Economista pela UFB e Especialista em Gerenciamento de Projetos pela FGV.<\/p>\n\n\t\t<\/div>\n\t\t\t\t\n<style>\n#col-305683937 > .col-inner {\n  padding: 30px 30px 58px 30px;\n  border-radius: 15px;\n}\n<\/style>\n\t<\/div>\n\n\t\n\n\t<div id=\"col-1069747698\" class=\"col medium-4 small-12 large-4\"  >\n\t\t\t\t<div class=\"col-inner text-center\" style=\"background-color:rgb(255,255,255);\" >\n\t\t\t\n\t\t\t\n\n\t<div class=\"img has-hover circle x md-x lg-x y md-y lg-y\" id=\"image_2122246026\">\n\t\t\t\t\t\t\t\t<div class=\"img-inner dark\" >\n\t\t\t<img loading=\"lazy\" decoding=\"async\" width=\"300\" height=\"300\" src=\"https:\/\/nexuscidadesinteligentes.com.br\/forum-transporte\/wp-content\/uploads\/2026\/01\/Adao-de-Castro-Junior-300x300-1.png\" class=\"attachment-large size-large\" alt=\"\" srcset=\"https:\/\/nexuscidadesinteligentes.com.br\/forum-transporte\/wp-content\/uploads\/2026\/01\/Adao-de-Castro-Junior-300x300-1.png 300w, https:\/\/nexuscidadesinteligentes.com.br\/forum-transporte\/wp-content\/uploads\/2026\/01\/Adao-de-Castro-Junior-300x300-1-150x150.png 150w\" sizes=\"auto, (max-width: 300px) 100vw, 300px\" \/>\t\t\t\t\t\t\n\t\t\t\t\t<\/div>\n\t\t\t\t\t\t\t\t\n<style>\n#image_2122246026 {\n  width: 45%;\n}\n<\/style>\n\t<\/div>\n\t\n\n<h2>Ad\u00e3o de Castro J\u00fanior<br \/>\n<\/h2>\n<p>Secret\u00e1rio Municipal de Mobilidade Urbana de Porto Alegre-RS, Especialista em Engenharia de Tr\u00e1fego, Mobilidade Urbana e Planejamento de Transportes.<\/p>\n\n\t\t<\/div>\n\t\t\t\t\n<style>\n#col-1069747698 > .col-inner {\n  padding: 30px 30px 30px 30px;\n  border-radius: 15px;\n}\n<\/style>\n\t<\/div>\n\n\t\n\n\t<div id=\"col-791655476\" class=\"col medium-4 small-12 large-4\"  >\n\t\t\t\t<div class=\"col-inner text-center\" style=\"background-color:rgb(255,255,255);\" >\n\t\t\t\n\t\t\t\n\n\t<div class=\"img has-hover circle x md-x lg-x y md-y lg-y\" id=\"image_2077043796\">\n\t\t\t\t\t\t\t\t<div class=\"img-inner dark\" >\n\t\t\t<img loading=\"lazy\" decoding=\"async\" width=\"300\" height=\"300\" src=\"https:\/\/nexuscidadesinteligentes.com.br\/forum-transporte\/wp-content\/uploads\/2026\/01\/Raphael-Salgado-300x300-1.png\" class=\"attachment-large size-large\" alt=\"\" srcset=\"https:\/\/nexuscidadesinteligentes.com.br\/forum-transporte\/wp-content\/uploads\/2026\/01\/Raphael-Salgado-300x300-1.png 300w, https:\/\/nexuscidadesinteligentes.com.br\/forum-transporte\/wp-content\/uploads\/2026\/01\/Raphael-Salgado-300x300-1-150x150.png 150w\" sizes=\"auto, (max-width: 300px) 100vw, 300px\" \/>\t\t\t\t\t\t\n\t\t\t\t\t<\/div>\n\t\t\t\t\t\t\t\t\n<style>\n#image_2077043796 {\n  width: 45%;\n}\n<\/style>\n\t<\/div>\n\t\n\n<h2>Raphael Salgado<br \/>\n<\/h2>\n<p>Presidente do Detro-RJ<\/p>\n\n\t\t<\/div>\n\t\t\t\t\n<style>\n#col-791655476 > .col-inner {\n  padding: 30px 30px 106px 30px;\n  border-radius: 15px;\n}\n<\/style>\n\t<\/div>\n\n\t\n\n\t<div id=\"col-924060144\" class=\"col medium-4 small-12 large-4\"  >\n\t\t\t\t<div class=\"col-inner text-center\" style=\"background-color:rgb(255,255,255);\" >\n\t\t\t\n\t\t\t\n\n\t<div class=\"img has-hover circle x md-x lg-x y md-y lg-y\" id=\"image_217964532\">\n\t\t\t\t\t\t\t\t<div class=\"img-inner dark\" >\n\t\t\t<img loading=\"lazy\" decoding=\"async\" width=\"300\" height=\"300\" src=\"https:\/\/nexuscidadesinteligentes.com.br\/forum-transporte\/wp-content\/uploads\/2026\/01\/Niege-Chaves-300x300-1.png\" class=\"attachment-large size-large\" alt=\"\" srcset=\"https:\/\/nexuscidadesinteligentes.com.br\/forum-transporte\/wp-content\/uploads\/2026\/01\/Niege-Chaves-300x300-1.png 300w, https:\/\/nexuscidadesinteligentes.com.br\/forum-transporte\/wp-content\/uploads\/2026\/01\/Niege-Chaves-300x300-1-150x150.png 150w\" sizes=\"auto, (max-width: 300px) 100vw, 300px\" \/>\t\t\t\t\t\t\n\t\t\t\t\t<\/div>\n\t\t\t\t\t\t\t\t\n<style>\n#image_217964532 {\n  width: 45%;\n}\n<\/style>\n\t<\/div>\n\t\n\n<h2>Niege Chaves<br \/>\n<\/h2>\n<p>Presidente do Conselho da Mobibrasil<\/p>\n\n\t\t<\/div>\n\t\t\t\t\n<style>\n#col-924060144 > .col-inner {\n  padding: 30px 30px 117px 30px;\n  border-radius: 15px;\n}\n<\/style>\n\t<\/div>\n\n\t\n\n\t<div id=\"col-1463184647\" class=\"col medium-4 small-12 large-4\"  >\n\t\t\t\t<div class=\"col-inner text-center\" style=\"background-color:rgb(255,255,255);\" >\n\t\t\t\n\t\t\t\n\n\t<div class=\"img has-hover circle x md-x lg-x y md-y lg-y\" id=\"image_760578411\">\n\t\t\t\t\t\t\t\t<div class=\"img-inner dark\" >\n\t\t\t<img loading=\"lazy\" decoding=\"async\" width=\"300\" height=\"300\" src=\"https:\/\/nexuscidadesinteligentes.com.br\/forum-transporte\/wp-content\/uploads\/2026\/01\/Tiago-Santovito-300x300-1.png\" class=\"attachment-large size-large\" alt=\"\" srcset=\"https:\/\/nexuscidadesinteligentes.com.br\/forum-transporte\/wp-content\/uploads\/2026\/01\/Tiago-Santovito-300x300-1.png 300w, https:\/\/nexuscidadesinteligentes.com.br\/forum-transporte\/wp-content\/uploads\/2026\/01\/Tiago-Santovito-300x300-1-150x150.png 150w\" sizes=\"auto, (max-width: 300px) 100vw, 300px\" \/>\t\t\t\t\t\t\n\t\t\t\t\t<\/div>\n\t\t\t\t\t\t\t\t\n<style>\n#image_760578411 {\n  width: 45%;\n}\n<\/style>\n\t<\/div>\n\t\n\n<h2>Tiago Santovito<br \/>\n<\/h2>\n<p>Diretor Executivo da Abiog\u00e1s, Graduado em Contabilidade com especializa\u00e7\u00e3o em Controladoria, Petr\u00f3leo, G\u00e1s Natural e Energia Renov\u00e1vel.<\/p>\n\n\t\t<\/div>\n\t\t\t\t\n<style>\n#col-1463184647 > .col-inner {\n  padding: 30px 30px 36px 30px;\n  border-radius: 15px;\n}\n<\/style>\n\t<\/div>\n\n\t\n\n\t<div id=\"col-200369991\" class=\"col medium-4 small-12 large-4\"  >\n\t\t\t\t<div class=\"col-inner text-center\" style=\"background-color:rgb(255,255,255);\" >\n\t\t\t\n\t\t\t\n\n\t<div class=\"img has-hover circle x md-x lg-x y md-y lg-y\" id=\"image_753485177\">\n\t\t\t\t\t\t\t\t<div class=\"img-inner dark\" >\n\t\t\t<img loading=\"lazy\" decoding=\"async\" width=\"300\" height=\"300\" src=\"https:\/\/nexuscidadesinteligentes.com.br\/forum-transporte\/wp-content\/uploads\/2026\/01\/Rafael-Murta-Resende-300x300-1.png\" class=\"attachment-large size-large\" alt=\"\" srcset=\"https:\/\/nexuscidadesinteligentes.com.br\/forum-transporte\/wp-content\/uploads\/2026\/01\/Rafael-Murta-Resende-300x300-1.png 300w, https:\/\/nexuscidadesinteligentes.com.br\/forum-transporte\/wp-content\/uploads\/2026\/01\/Rafael-Murta-Resende-300x300-1-150x150.png 150w\" sizes=\"auto, (max-width: 300px) 100vw, 300px\" \/>\t\t\t\t\t\t\n\t\t\t\t\t<\/div>\n\t\t\t\t\t\t\t\t\n<style>\n#image_753485177 {\n  width: 45%;\n}\n<\/style>\n\t<\/div>\n\t\n\n<h2>Rafael Murta Resende<br \/>\n<\/h2>\n<p>Superintendente de Mobilidade de Belo Horizonte-MG, Engenheiro Civil, Mestre em Transportes, Especialista em Gest\u00e3o de Projetos e Gest\u00e3o P\u00fablica.<\/p>\n\n\t\t<\/div>\n\t\t\t\t\n<style>\n#col-200369991 > .col-inner {\n  padding: 30px 30px 35px 30px;\n  border-radius: 15px;\n}\n<\/style>\n\t<\/div>\n\n\t\n\n\t<div id=\"col-1179669452\" class=\"col medium-4 small-12 large-4\"  >\n\t\t\t\t<div class=\"col-inner text-center\" style=\"background-color:rgb(255,255,255);\" >\n\t\t\t\n\t\t\t\n\n\t<div class=\"img has-hover circle x md-x lg-x y md-y lg-y\" id=\"image_807049775\">\n\t\t\t\t\t\t\t\t<div class=\"img-inner dark\" >\n\t\t\t<img loading=\"lazy\" decoding=\"async\" width=\"300\" height=\"300\" src=\"https:\/\/nexuscidadesinteligentes.com.br\/forum-transporte\/wp-content\/uploads\/2026\/01\/Anderson-Cesar-Leite-300x300-1.png\" class=\"attachment-large size-large\" alt=\"\" srcset=\"https:\/\/nexuscidadesinteligentes.com.br\/forum-transporte\/wp-content\/uploads\/2026\/01\/Anderson-Cesar-Leite-300x300-1.png 300w, https:\/\/nexuscidadesinteligentes.com.br\/forum-transporte\/wp-content\/uploads\/2026\/01\/Anderson-Cesar-Leite-300x300-1-150x150.png 150w\" sizes=\"auto, (max-width: 300px) 100vw, 300px\" \/>\t\t\t\t\t\t\n\t\t\t\t\t<\/div>\n\t\t\t\t\t\t\t\t\n<style>\n#image_807049775 {\n  width: 45%;\n}\n<\/style>\n\t<\/div>\n\t\n\n<h2>Anderson Cesar Leite <\/h2>\n<p>Gerente de Opera\u00e7\u00f5es BRT do Cons\u00f3rcio BRT de Goi\u00e2nia-GO, Economista e MBA em Gest\u00e3o Empresarial pela FGV.<\/p>\n\n\t\t<\/div>\n\t\t\t\t\n<style>\n#col-1179669452 > .col-inner {\n  padding: 30px 30px 131px 30px;\n  border-radius: 15px;\n}\n<\/style>\n\t<\/div>\n\n\t\n\n\t<div id=\"col-2010705296\" class=\"col medium-4 small-12 large-4\"  >\n\t\t\t\t<div class=\"col-inner text-center\" style=\"background-color:rgb(255,255,255);\" >\n\t\t\t\n\t\t\t\n\n\t<div class=\"img has-hover circle x md-x lg-x y md-y lg-y\" id=\"image_709680459\">\n\t\t\t\t\t\t\t\t<div class=\"img-inner dark\" >\n\t\t\t<img loading=\"lazy\" decoding=\"async\" width=\"300\" height=\"300\" src=\"https:\/\/nexuscidadesinteligentes.com.br\/forum-transporte\/wp-content\/uploads\/2026\/01\/Richele-Cabral-300x300-1.png\" class=\"attachment-large size-large\" alt=\"\" srcset=\"https:\/\/nexuscidadesinteligentes.com.br\/forum-transporte\/wp-content\/uploads\/2026\/01\/Richele-Cabral-300x300-1.png 300w, https:\/\/nexuscidadesinteligentes.com.br\/forum-transporte\/wp-content\/uploads\/2026\/01\/Richele-Cabral-300x300-1-150x150.png 150w\" sizes=\"auto, (max-width: 300px) 100vw, 300px\" \/>\t\t\t\t\t\t\n\t\t\t\t\t<\/div>\n\t\t\t\t\t\t\t\t\n<style>\n#image_709680459 {\n  width: 45%;\n}\n<\/style>\n\t<\/div>\n\t\n\n<h2>Richele Cabral<\/h2>\n<p>Diretora de Mobilidade Urbana da Semove \u2013 Federa\u00e7\u00e3o das Empresas de Mobilidade do Estado do Rio de Janeiro. Engenheira Civil pela UFMG, Mestre em Engenharia de Transportes pela Coppe\/UFRJ e MBA em Gest\u00e3o de Neg\u00f3cios com \u00eanfase em Transportes pela Funda\u00e7\u00e3o Dom Cabral.<\/p>\n\n\t\t<\/div>\n\t\t\t\t\n<style>\n#col-2010705296 > .col-inner {\n  padding: 30px 30px 30px 30px;\n  border-radius: 15px;\n}\n<\/style>\n\t<\/div>\n\n\t\n\n\t<div id=\"col-2100903059\" class=\"col medium-4 small-12 large-4\"  >\n\t\t\t\t<div class=\"col-inner text-center\" style=\"background-color:rgb(255,255,255);\" >\n\t\t\t\n\t\t\t\n\n\t<div class=\"img has-hover circle x md-x lg-x y md-y lg-y\" id=\"image_358720525\">\n\t\t\t\t\t\t\t\t<div class=\"img-inner dark\" >\n\t\t\t<img loading=\"lazy\" decoding=\"async\" width=\"300\" height=\"292\" src=\"https:\/\/nexuscidadesinteligentes.com.br\/forum-transporte\/wp-content\/uploads\/2026\/01\/WhatsApp-Image-2026-01-12-at-16.45.10-300x292-1.jpeg\" class=\"attachment-large size-large\" alt=\"\" \/>\t\t\t\t\t\t\n\t\t\t\t\t<\/div>\n\t\t\t\t\t\t\t\t\n<style>\n#image_358720525 {\n  width: 45%;\n}\n<\/style>\n\t<\/div>\n\t\n\n<h2>Guilherme Wilson<br \/>\n<\/h2>\n<p>Gerente de Planejamento e Controle da SEMOVE. Engenheiro mec\u00e2nico formado pela UFMG, Mestrado em Planejamento Energ\u00e9tico pela Coppe\/UFRJ, p\u00f3s graduado em Direito Ambiental pela UERJ e MBA em Gest\u00e3o de Neg\u00f3cios com \u00eanfase em Transportes pela Funda\u00e7\u00e3o Dom Cabral.<\/p>\n\n\t\t<\/div>\n\t\t\t\t\n<style>\n#col-2100903059 > .col-inner {\n  padding: 30px 30px 33px 30px;\n  border-radius: 15px;\n}\n<\/style>\n\t<\/div>\n\n\t\n\n\t<div id=\"col-1857415900\" class=\"col medium-4 small-12 large-4\"  >\n\t\t\t\t<div class=\"col-inner text-center\" style=\"background-color:rgb(255,255,255);\" >\n\t\t\t\n\t\t\t\n\n\t<div class=\"img has-hover circle x md-x lg-x y md-y lg-y\" id=\"image_689730826\">\n\t\t\t\t\t\t\t\t<div class=\"img-inner dark\" >\n\t\t\t<img loading=\"lazy\" decoding=\"async\" width=\"300\" height=\"300\" src=\"https:\/\/nexuscidadesinteligentes.com.br\/forum-transporte\/wp-content\/uploads\/2026\/01\/Cristina-Albuquerque-300x300-1.png\" class=\"attachment-large size-large\" alt=\"\" srcset=\"https:\/\/nexuscidadesinteligentes.com.br\/forum-transporte\/wp-content\/uploads\/2026\/01\/Cristina-Albuquerque-300x300-1.png 300w, https:\/\/nexuscidadesinteligentes.com.br\/forum-transporte\/wp-content\/uploads\/2026\/01\/Cristina-Albuquerque-300x300-1-150x150.png 150w\" sizes=\"auto, (max-width: 300px) 100vw, 300px\" \/>\t\t\t\t\t\t\n\t\t\t\t\t<\/div>\n\t\t\t\t\t\t\t\t\n<style>\n#image_689730826 {\n  width: 45%;\n}\n<\/style>\n\t<\/div>\n\t\n\n<h2>Cristina Albuquerque<\/h2>\n<p>Especialista em Mobilidade Urbana, Transporte Sustent\u00e1vel e ex-diretora global do WRI.<\/p>\n\n\t\t<\/div>\n\t\t\t\t\n<style>\n#col-1857415900 > .col-inner {\n  padding: 30px 30px 128px 30px;\n  border-radius: 15px;\n}\n<\/style>\n\t<\/div>\n\n\t\n\n\t<div id=\"col-1536922770\" class=\"col medium-4 small-12 large-4\"  >\n\t\t\t\t<div class=\"col-inner text-center\" style=\"background-color:rgb(255,255,255);\" >\n\t\t\t\n\t\t\t\n\n\t<div class=\"img has-hover circle x md-x lg-x y md-y lg-y\" id=\"image_735799632\">\n\t\t\t\t\t\t\t\t<div class=\"img-inner dark\" >\n\t\t\t<img loading=\"lazy\" decoding=\"async\" width=\"300\" height=\"300\" src=\"https:\/\/nexuscidadesinteligentes.com.br\/forum-transporte\/wp-content\/uploads\/2026\/01\/Rodrigo-Valladares-Marchant-300x300-1.png\" class=\"attachment-large size-large\" alt=\"\" srcset=\"https:\/\/nexuscidadesinteligentes.com.br\/forum-transporte\/wp-content\/uploads\/2026\/01\/Rodrigo-Valladares-Marchant-300x300-1.png 300w, https:\/\/nexuscidadesinteligentes.com.br\/forum-transporte\/wp-content\/uploads\/2026\/01\/Rodrigo-Valladares-Marchant-300x300-1-150x150.png 150w\" sizes=\"auto, (max-width: 300px) 100vw, 300px\" \/>\t\t\t\t\t\t\n\t\t\t\t\t<\/div>\n\t\t\t\t\t\t\t\t\n<style>\n#image_735799632 {\n  width: 45%;\n}\n<\/style>\n\t<\/div>\n\t\n\n<h2>Rodrigo Valladares <\/h2>\n<p>Secret\u00e1rio Ministerial Regional de Transportes e Telecomunica\u00e7\u00f5es da Regi\u00e3o Metropolitana de Santiago do Chile. Advogado pela Universidade Andr\u00e9s Bello, Mestre em Estudos de Conflitos e Desenvolvimento pela Universidade de Ghent, na B\u00e9lgica.<\/p>\n\n\t\t<\/div>\n\t\t\t\t\n<style>\n#col-1536922770 > .col-inner {\n  padding: 30px 30px 26px 30px;\n  border-radius: 15px;\n}\n<\/style>\n\t<\/div>\n\n\t\n\n\t<div id=\"col-965851574\" class=\"col medium-4 small-12 large-4\"  >\n\t\t\t\t<div class=\"col-inner text-center\" style=\"background-color:rgb(255,255,255);\" >\n\t\t\t\n\t\t\t\n\n\t<div class=\"img has-hover circle x md-x lg-x y md-y lg-y\" id=\"image_1583136960\">\n\t\t\t\t\t\t\t\t<div class=\"img-inner dark\" >\n\t\t\t<img loading=\"lazy\" decoding=\"async\" width=\"300\" height=\"300\" src=\"https:\/\/nexuscidadesinteligentes.com.br\/forum-transporte\/wp-content\/uploads\/2026\/01\/Aline-Leite-300x300-1.jpeg\" class=\"attachment-large size-large\" alt=\"\" srcset=\"https:\/\/nexuscidadesinteligentes.com.br\/forum-transporte\/wp-content\/uploads\/2026\/01\/Aline-Leite-300x300-1.jpeg 300w, https:\/\/nexuscidadesinteligentes.com.br\/forum-transporte\/wp-content\/uploads\/2026\/01\/Aline-Leite-300x300-1-150x150.jpeg 150w\" sizes=\"auto, (max-width: 300px) 100vw, 300px\" \/>\t\t\t\t\t\t\n\t\t\t\t\t<\/div>\n\t\t\t\t\t\t\t\t\n<style>\n#image_1583136960 {\n  width: 45%;\n}\n<\/style>\n\t<\/div>\n\t\n\n<h2>Aline Leite<\/h2>\n<p>Coordenadora de Transporte P\u00fablico do ITDP, Doutoranda, mestra em Engenharia de Transportes e especialista em Engenharia Urbana pela UFRJ. Especialista em Sistemas de Informa\u00e7\u00f5es Geogr\u00e1ficas (SIG) pela Universidade de Salzburgo, \u00c1ustria, e ge\u00f3grafa pela Universidade Federal do Amazonas (UFAM).<\/p>\n\n\t\t<\/div>\n\t\t\t\t\n<style>\n#col-965851574 > .col-inner {\n  padding: 30px 30px 0px 30px;\n  border-radius: 15px;\n}\n<\/style>\n\t<\/div>\n\n\t\n\n\t<div id=\"col-103439410\" class=\"col medium-4 small-12 large-4\"  >\n\t\t\t\t<div class=\"col-inner text-center\" style=\"background-color:rgb(255,255,255);\" >\n\t\t\t\n\t\t\t\n\n\t<div class=\"img has-hover circle x md-x lg-x y md-y lg-y\" id=\"image_98323349\">\n\t\t\t\t\t\t\t\t<div class=\"img-inner dark\" >\n\t\t\t<img loading=\"lazy\" decoding=\"async\" width=\"194\" height=\"201\" src=\"https:\/\/nexuscidadesinteligentes.com.br\/forum-transporte\/wp-content\/uploads\/2026\/01\/Vagner-Rigon-.jpeg\" class=\"attachment-large size-large\" alt=\"\" \/>\t\t\t\t\t\t\n\t\t\t\t\t<\/div>\n\t\t\t\t\t\t\t\t\n<style>\n#image_98323349 {\n  width: 45%;\n}\n<\/style>\n\t<\/div>\n\t\n\n<h2>Vagner Rigon<\/h2>\n<p>Diretor de Opera\u00e7\u00f5es do Grupo SHC, Ankai Brasil. Membro do LEVE \u2013 UNICAMP. Economista, com MBA em Marketing e mestrando em Pol\u00edtica Cient\u00edfica e Tecnol\u00f3gica, com \u00eanfase em Transporte P\u00fablico El\u00e9trico.<\/p>\n\n\t\t<\/div>\n\t\t\t\t\n<style>\n#col-103439410 > .col-inner {\n  padding: 30px 30px 77px 30px;\n  border-radius: 15px;\n}\n<\/style>\n\t<\/div>\n\n\t\n\n\t<div id=\"col-1379865342\" class=\"col medium-4 small-12 large-4\"  >\n\t\t\t\t<div class=\"col-inner text-center\" style=\"background-color:rgb(255,255,255);\" >\n\t\t\t\n\t\t\t\n\n\t<div class=\"img has-hover circle x md-x lg-x y md-y lg-y\" id=\"image_1322735888\">\n\t\t\t\t\t\t\t\t<div class=\"img-inner dark\" >\n\t\t\t<img loading=\"lazy\" decoding=\"async\" width=\"300\" height=\"300\" src=\"https:\/\/nexuscidadesinteligentes.com.br\/forum-transporte\/wp-content\/uploads\/2026\/01\/Olimpio-alvares-300x300-1.jpeg\" class=\"attachment-large size-large\" alt=\"\" srcset=\"https:\/\/nexuscidadesinteligentes.com.br\/forum-transporte\/wp-content\/uploads\/2026\/01\/Olimpio-alvares-300x300-1.jpeg 300w, https:\/\/nexuscidadesinteligentes.com.br\/forum-transporte\/wp-content\/uploads\/2026\/01\/Olimpio-alvares-300x300-1-150x150.jpeg 150w\" sizes=\"auto, (max-width: 300px) 100vw, 300px\" \/>\t\t\t\t\t\t\n\t\t\t\t\t<\/div>\n\t\t\t\t\t\t\t\t\n<style>\n#image_1322735888 {\n  width: 45%;\n}\n<\/style>\n\t<\/div>\n\t\n\n<h2>Olimpio Alvares<\/h2>\n\t<div id=\"text-747383191\" class=\"text\">\n\t\t\n\n<p>Coordenador da Comiss\u00e3o de Meio Ambiente da ANTP. Consultor do Banco Mundial, CAF, SUDERF (SC), GIZ, ANTP e SPUrbanuss. Engenheiro Mec\u00e2nico formado pela Escola Polit\u00e9cnica da USP, especializado no Jap\u00e3o e Su\u00e9cia em Controle de Emiss\u00f5es Veiculares e Transporte Sustent\u00e1vel.<\/p>\n\t\t\n<style>\n#text-747383191 {\n  font-size: 1rem;\n}\n<\/style>\n\t<\/div>\n\t\n\n\t\t<\/div>\n\t\t\t\t\n<style>\n#col-1379865342 > .col-inner {\n  padding: 30px 30px 30px 30px;\n  border-radius: 15px;\n}\n<\/style>\n\t<\/div>\n\n\t\n\n\t<div id=\"col-2058727057\" class=\"col medium-4 small-12 large-4\"  >\n\t\t\t\t<div class=\"col-inner text-center\" style=\"background-color:rgb(255,255,255);\" >\n\t\t\t\n\t\t\t\n\n\t<div class=\"img has-hover circle x md-x lg-x y md-y lg-y\" id=\"image_1817756864\">\n\t\t\t\t\t\t\t\t<div class=\"img-inner dark\" >\n\t\t\t<img loading=\"lazy\" decoding=\"async\" width=\"300\" height=\"300\" src=\"https:\/\/nexuscidadesinteligentes.com.br\/forum-transporte\/wp-content\/uploads\/2026\/01\/Carolina-Oliveira-300x300-1.png\" class=\"attachment-large size-large\" alt=\"\" srcset=\"https:\/\/nexuscidadesinteligentes.com.br\/forum-transporte\/wp-content\/uploads\/2026\/01\/Carolina-Oliveira-300x300-1.png 300w, https:\/\/nexuscidadesinteligentes.com.br\/forum-transporte\/wp-content\/uploads\/2026\/01\/Carolina-Oliveira-300x300-1-150x150.png 150w\" sizes=\"auto, (max-width: 300px) 100vw, 300px\" \/>\t\t\t\t\t\t\n\t\t\t\t\t<\/div>\n\t\t\t\t\t\t\t\t\n<style>\n#image_1817756864 {\n  width: 45%;\n}\n<\/style>\n\t<\/div>\n\t\n\n<h2>Carolina Oliveira<\/h2>\n\t<div id=\"text-4135822869\" class=\"text\">\n\t\t\n\n<p>Superintendente de Efici\u00eancia Energ\u00e9tica da SEENEMAR e Coordenadora do Programa de governo dos Corredores Sustent\u00e1veis. Graduada em Administra\u00e7\u00e3o de pela PUCRJ e p\u00f3s graduada em Gest\u00e3o Empresarial pela FGV-RJ.<\/p>\n\t\t\n<style>\n#text-4135822869 {\n  font-size: 1rem;\n}\n<\/style>\n\t<\/div>\n\t\n\n\t\t<\/div>\n\t\t\t\t\n<style>\n#col-2058727057 > .col-inner {\n  padding: 30px 30px 81px 30px;\n  border-radius: 15px;\n}\n<\/style>\n\t<\/div>\n\n\t\n\n\t<div id=\"col-211231552\" class=\"col medium-4 small-12 large-4\"  >\n\t\t\t\t<div class=\"col-inner text-center\" style=\"background-color:rgb(255,255,255);\" >\n\t\t\t\n\t\t\t\n\n\t<div class=\"img has-hover circle x md-x lg-x y md-y lg-y\" id=\"image_598161905\">\n\t\t\t\t\t\t\t\t<div class=\"img-inner dark\" >\n\t\t\t<img loading=\"lazy\" decoding=\"async\" width=\"300\" height=\"300\" src=\"https:\/\/nexuscidadesinteligentes.com.br\/forum-transporte\/wp-content\/uploads\/2026\/01\/Vinicios-pereira-300x300-1.png\" class=\"attachment-large size-large\" alt=\"\" srcset=\"https:\/\/nexuscidadesinteligentes.com.br\/forum-transporte\/wp-content\/uploads\/2026\/01\/Vinicios-pereira-300x300-1.png 300w, https:\/\/nexuscidadesinteligentes.com.br\/forum-transporte\/wp-content\/uploads\/2026\/01\/Vinicios-pereira-300x300-1-150x150.png 150w\" sizes=\"auto, (max-width: 300px) 100vw, 300px\" \/>\t\t\t\t\t\t\n\t\t\t\t\t<\/div>\n\t\t\t\t\t\t\t\t\n<style>\n#image_598161905 {\n  width: 45%;\n}\n<\/style>\n\t<\/div>\n\t\n\n<h2>Vin\u00edcius Pereira Santos<br \/>\n<\/h2>\n\t<div id=\"text-2503424670\" class=\"text\">\n\t\t\n\n<p>Presidente da Empresa Municipal de Planejamento, Gest\u00e3o e Educa\u00e7\u00e3o em Tr\u00e2nsito e Transportes de Montes Claros, Engenheiro Civil, Especialista em Engenharia de Tr\u00e1fego e Mestrando em Modelagem Computacional e Sistemas.<\/p>\n\t\t\n<style>\n#text-2503424670 {\n  font-size: 1rem;\n}\n<\/style>\n\t<\/div>\n\t\n\n\t\t<\/div>\n\t\t\t\t\n<style>\n#col-211231552 > .col-inner {\n  padding: 30px 30px 152px 30px;\n  border-radius: 15px;\n}\n<\/style>\n\t<\/div>\n\n\t\n\n\t<div id=\"col-47408971\" class=\"col medium-4 small-12 large-4\"  >\n\t\t\t\t<div class=\"col-inner text-center\" style=\"background-color:rgb(255,255,255);\" >\n\t\t\t\n\t\t\t\n\n\t<div class=\"img has-hover circle x md-x lg-x y md-y lg-y\" id=\"image_2030010420\">\n\t\t\t\t\t\t\t\t<div class=\"img-inner dark\" >\n\t\t\t<img loading=\"lazy\" decoding=\"async\" width=\"500\" height=\"500\" src=\"https:\/\/nexuscidadesinteligentes.com.br\/forum-transporte\/wp-content\/uploads\/2026\/01\/celso.png\" class=\"attachment-large size-large\" alt=\"\" srcset=\"https:\/\/nexuscidadesinteligentes.com.br\/forum-transporte\/wp-content\/uploads\/2026\/01\/celso.png 500w, https:\/\/nexuscidadesinteligentes.com.br\/forum-transporte\/wp-content\/uploads\/2026\/01\/celso-300x300.png 300w, https:\/\/nexuscidadesinteligentes.com.br\/forum-transporte\/wp-content\/uploads\/2026\/01\/celso-150x150.png 150w\" sizes=\"auto, (max-width: 500px) 100vw, 500px\" \/>\t\t\t\t\t\t\n\t\t\t\t\t<\/div>\n\t\t\t\t\t\t\t\t\n<style>\n#image_2030010420 {\n  width: 45%;\n}\n<\/style>\n\t<\/div>\n\t\n\n<h2>Celso Haddad Lopes<br \/>\n<\/h2>\n\t<div id=\"text-910286400\" class=\"text\">\n\t\t\n\n<p>Presidente da Empresa P\u00fablica de Transportes (EPT) de Maric\u00e1\/RJ. Bacharel em Direito pela Universidade Augusto Motta e p\u00f3s-graduado em Direito Eleitoral.<\/p>\n\t\t\n<style>\n#text-910286400 {\n  font-size: 1rem;\n}\n<\/style>\n\t<\/div>\n\t\n\n\t\t<\/div>\n\t\t\t\t\n<style>\n#col-47408971 > .col-inner {\n  padding: 30px 30px 200px 30px;\n  border-radius: 15px;\n}\n<\/style>\n\t<\/div>\n\n\t\n\n\t<div id=\"col-1109705199\" class=\"col medium-4 small-12 large-4\"  >\n\t\t\t\t<div class=\"col-inner text-center\" style=\"background-color:rgb(255,255,255);\" >\n\t\t\t\n\t\t\t\n\n\t<div class=\"img has-hover circle x md-x lg-x y md-y lg-y\" id=\"image_1972200739\">\n\t\t\t\t\t\t\t\t<div class=\"img-inner dark\" >\n\t\t\t<img loading=\"lazy\" decoding=\"async\" width=\"500\" height=\"500\" src=\"https:\/\/nexuscidadesinteligentes.com.br\/forum-transporte\/wp-content\/uploads\/2026\/01\/breno.png\" class=\"attachment-large size-large\" alt=\"\" srcset=\"https:\/\/nexuscidadesinteligentes.com.br\/forum-transporte\/wp-content\/uploads\/2026\/01\/breno.png 500w, https:\/\/nexuscidadesinteligentes.com.br\/forum-transporte\/wp-content\/uploads\/2026\/01\/breno-300x300.png 300w, https:\/\/nexuscidadesinteligentes.com.br\/forum-transporte\/wp-content\/uploads\/2026\/01\/breno-150x150.png 150w\" sizes=\"auto, (max-width: 500px) 100vw, 500px\" \/>\t\t\t\t\t\t\n\t\t\t\t\t<\/div>\n\t\t\t\t\t\t\t\t\n<style>\n#image_1972200739 {\n  width: 45%;\n}\n<\/style>\n\t<\/div>\n\t\n\n<h2>Breno Tostes<br \/>\n<\/h2>\n\t<div id=\"text-1497530341\" class=\"text\">\n\t\t\n\n<p>Assessor-chefe de Planejamento e Concess\u00f5es da Secretaria de Estado de Transporte e Mobilidade Urbana do Rio de Janeiro &#8211; SETRAM-RJ.<br \/>\nMembro do Conselho Estadual de Tr\u00e2nsito (CETRAN) e do Conselho Municipal de Transporte e Mobilidade Urbana do RJ (CMTR). Graduado em Engenharia de Produ\u00e7\u00e3o pela UVA-RJ, \u00e9 Mestre e Doutor em Engenharia de Transportes pela UFRJ\/COPPE.<\/p>\n\t\t\n<style>\n#text-1497530341 {\n  font-size: 1rem;\n}\n<\/style>\n\t<\/div>\n\t\n\n\t\t<\/div>\n\t\t\t\t\n<style>\n#col-1109705199 > .col-inner {\n  padding: 30px 30px 24px 30px;\n  border-radius: 15px;\n}\n<\/style>\n\t<\/div>\n\n\t\n\n\t<div id=\"col-2096664939\" class=\"col medium-4 small-12 large-4\"  >\n\t\t\t\t<div class=\"col-inner text-center\" style=\"background-color:rgb(255,255,255);\" >\n\t\t\t\n\t\t\t\n\n\t<div class=\"img has-hover circle x md-x lg-x y md-y lg-y\" id=\"image_1812896408\">\n\t\t\t\t\t\t\t\t<div class=\"img-inner dark\" >\n\t\t\t<img loading=\"lazy\" decoding=\"async\" width=\"500\" height=\"500\" src=\"https:\/\/nexuscidadesinteligentes.com.br\/forum-transporte\/wp-content\/uploads\/2026\/01\/CRISTIAN-MALEVIC.png\" class=\"attachment-large size-large\" alt=\"\" srcset=\"https:\/\/nexuscidadesinteligentes.com.br\/forum-transporte\/wp-content\/uploads\/2026\/01\/CRISTIAN-MALEVIC.png 500w, https:\/\/nexuscidadesinteligentes.com.br\/forum-transporte\/wp-content\/uploads\/2026\/01\/CRISTIAN-MALEVIC-300x300.png 300w, https:\/\/nexuscidadesinteligentes.com.br\/forum-transporte\/wp-content\/uploads\/2026\/01\/CRISTIAN-MALEVIC-150x150.png 150w\" sizes=\"auto, (max-width: 500px) 100vw, 500px\" \/>\t\t\t\t\t\t\n\t\t\t\t\t<\/div>\n\t\t\t\t\t\t\t\t\n<style>\n#image_1812896408 {\n  width: 45%;\n}\n<\/style>\n\t<\/div>\n\t\n\n<h2>Cristian Malevic<br \/>\n<\/h2>\n\t<div id=\"text-3453046180\" class=\"text\">\n\t\t\n\n<p>Vice-Presidente de Energia e Descarboniza\u00e7\u00e3o da MWM Motores e Geradores. Engenheiro mec\u00e2nico pelo Instituto Mau\u00e1, com especializa\u00e7\u00e3o em desenvolvimento de gest\u00e3o pela FGV-SP e MBA pela BSP e Suffolk University \u2013 Sawyer Business School Boston-USA.<\/p>\n\t\t\n<style>\n#text-3453046180 {\n  font-size: 1rem;\n}\n<\/style>\n\t<\/div>\n\t\n\n\t\t<\/div>\n\t\t\t\t\n<style>\n#col-2096664939 > .col-inner {\n  padding: 30px 30px 30px 30px;\n  border-radius: 15px;\n}\n<\/style>\n\t<\/div>\n\n\t\n\n\t<div id=\"col-1017190832\" class=\"col medium-4 small-12 large-4\"  >\n\t\t\t\t<div class=\"col-inner text-center\" style=\"background-color:rgb(255,255,255);\" >\n\t\t\t\n\t\t\t\n\n\t<div class=\"img has-hover circle x md-x lg-x y md-y lg-y\" id=\"image_1834397877\">\n\t\t\t\t\t\t\t\t<div class=\"img-inner dark\" >\n\t\t\t<img loading=\"lazy\" decoding=\"async\" width=\"800\" height=\"800\" src=\"https:\/\/nexuscidadesinteligentes.com.br\/forum-transporte\/wp-content\/uploads\/2026\/01\/ALEXANDRE.png\" class=\"attachment-large size-large\" alt=\"\" srcset=\"https:\/\/nexuscidadesinteligentes.com.br\/forum-transporte\/wp-content\/uploads\/2026\/01\/ALEXANDRE.png 800w, https:\/\/nexuscidadesinteligentes.com.br\/forum-transporte\/wp-content\/uploads\/2026\/01\/ALEXANDRE-300x300.png 300w, https:\/\/nexuscidadesinteligentes.com.br\/forum-transporte\/wp-content\/uploads\/2026\/01\/ALEXANDRE-150x150.png 150w, https:\/\/nexuscidadesinteligentes.com.br\/forum-transporte\/wp-content\/uploads\/2026\/01\/ALEXANDRE-768x768.png 768w\" sizes=\"auto, (max-width: 800px) 100vw, 800px\" \/>\t\t\t\t\t\t\n\t\t\t\t\t<\/div>\n\t\t\t\t\t\t\t\t\n<style>\n#image_1834397877 {\n  width: 45%;\n}\n<\/style>\n\t<\/div>\n\t\n\n<h2>Alexandre Daiuto<br \/>\n<\/h2>\n\t<div id=\"text-1819835421\" class=\"text\">\n\t\t\n\n<p>Subsecret\u00e1rio de Integra\u00e7\u00e3o e Bilhetagem da Secretaria de Transporte e Mobilidade Urbana do Rio de Janeiro (SETRAM-RJ). Professor universit\u00e1rio, nas disciplinas de Direito P\u00fabico, MBA em Direito da Economia e da Empresa, Mestre em Direito e P\u00f3s-graduado em Direito Processual.<\/p>\n\t\t\n<style>\n#text-1819835421 {\n  font-size: 1rem;\n}\n<\/style>\n\t<\/div>\n\t\n\n\t\t<\/div>\n\t\t\t\t\n<style>\n#col-1017190832 > .col-inner {\n  padding: 30px 30px 30px 30px;\n  border-radius: 15px;\n}\n<\/style>\n\t<\/div>\n\n\t\n\n\t<div id=\"col-642413075\" class=\"col medium-4 small-12 large-4\"  >\n\t\t\t\t<div class=\"col-inner text-center\" style=\"background-color:rgb(255,255,255);\" >\n\t\t\t\n\t\t\t\n\n\t<div class=\"img has-hover circle x md-x lg-x y md-y lg-y\" id=\"image_1542650391\">\n\t\t\t\t\t\t\t\t<div class=\"img-inner dark\" >\n\t\t\t<img loading=\"lazy\" decoding=\"async\" width=\"800\" height=\"800\" src=\"https:\/\/nexuscidadesinteligentes.com.br\/forum-transporte\/wp-content\/uploads\/2026\/01\/JEAN.png\" class=\"attachment-large size-large\" alt=\"\" srcset=\"https:\/\/nexuscidadesinteligentes.com.br\/forum-transporte\/wp-content\/uploads\/2026\/01\/JEAN.png 800w, https:\/\/nexuscidadesinteligentes.com.br\/forum-transporte\/wp-content\/uploads\/2026\/01\/JEAN-300x300.png 300w, https:\/\/nexuscidadesinteligentes.com.br\/forum-transporte\/wp-content\/uploads\/2026\/01\/JEAN-150x150.png 150w, https:\/\/nexuscidadesinteligentes.com.br\/forum-transporte\/wp-content\/uploads\/2026\/01\/JEAN-768x768.png 768w\" sizes=\"auto, (max-width: 800px) 100vw, 800px\" \/>\t\t\t\t\t\t\n\t\t\t\t\t<\/div>\n\t\t\t\t\t\t\t\t\n<style>\n#image_1542650391 {\n  width: 45%;\n}\n<\/style>\n\t<\/div>\n\t\n\n<h2>Jean Carlos Flohr<br \/>\n<\/h2>\n\t<div id=\"text-303440808\" class=\"text\">\n\t\t\n\n<p>Gestor de Vendas EV Charging Infrastructure &#8211; WEG. Engenheiro Eletricista com MBA em Gest\u00e3o empresarial e MBA em Mobilidade el\u00e9trica e energias renov\u00e1veis.<\/p>\n\t\t\n<style>\n#text-303440808 {\n  font-size: 1rem;\n}\n<\/style>\n\t<\/div>\n\t\n\n\t\t<\/div>\n\t\t\t\t\n<style>\n#col-642413075 > .col-inner {\n  padding: 30px 30px 80px 30px;\n  border-radius: 15px;\n}\n<\/style>\n\t<\/div>\n\n\t\n\n\t<div id=\"col-676111517\" class=\"col medium-4 small-12 large-4\"  >\n\t\t\t\t<div class=\"col-inner text-center\" style=\"background-color:rgb(255,255,255);\" >\n\t\t\t\n\t\t\t\n\n\t<div class=\"img has-hover circle x md-x lg-x y md-y lg-y\" id=\"image_1468024333\">\n\t\t\t\t\t\t\t\t<div class=\"img-inner dark\" >\n\t\t\t<img loading=\"lazy\" decoding=\"async\" width=\"800\" height=\"800\" src=\"https:\/\/nexuscidadesinteligentes.com.br\/forum-transporte\/wp-content\/uploads\/2026\/01\/Ricardo.jpeg\" class=\"attachment-large size-large\" alt=\"\" srcset=\"https:\/\/nexuscidadesinteligentes.com.br\/forum-transporte\/wp-content\/uploads\/2026\/01\/Ricardo.jpeg 800w, https:\/\/nexuscidadesinteligentes.com.br\/forum-transporte\/wp-content\/uploads\/2026\/01\/Ricardo-300x300.jpeg 300w, https:\/\/nexuscidadesinteligentes.com.br\/forum-transporte\/wp-content\/uploads\/2026\/01\/Ricardo-150x150.jpeg 150w, https:\/\/nexuscidadesinteligentes.com.br\/forum-transporte\/wp-content\/uploads\/2026\/01\/Ricardo-768x768.jpeg 768w\" sizes=\"auto, (max-width: 800px) 100vw, 800px\" \/>\t\t\t\t\t\t\n\t\t\t\t\t<\/div>\n\t\t\t\t\t\t\t\t\n<style>\n#image_1468024333 {\n  width: 45%;\n}\n<\/style>\n\t<\/div>\n\t\n\n<h2>Ricardo Estefano Rosa<br \/>\n<\/h2>\n\t<div id=\"text-4207235031\" class=\"text\">\n\t\t\n\n<p>Gerente de Vendas EV Charging Solution &#8211; WEG.<\/p>\n\t\t\n<style>\n#text-4207235031 {\n  font-size: 1rem;\n}\n<\/style>\n\t<\/div>\n\t\n\n\t\t<\/div>\n\t\t\t\t\n<style>\n#col-676111517 > .col-inner {\n  padding: 30px 30px 137px 30px;\n  border-radius: 15px;\n}\n<\/style>\n\t<\/div>\n\n\t\n\n\t<div id=\"col-1099347437\" class=\"col medium-4 small-12 large-4\"  >\n\t\t\t\t<div class=\"col-inner text-center\" style=\"background-color:rgb(255,255,255);\" >\n\t\t\t\n\t\t\t\n\n\t<div class=\"img has-hover circle x md-x lg-x y md-y lg-y\" id=\"image_809827406\">\n\t\t\t\t\t\t\t\t<div class=\"img-inner dark\" >\n\t\t\t<img loading=\"lazy\" decoding=\"async\" width=\"200\" height=\"200\" src=\"https:\/\/nexuscidadesinteligentes.com.br\/forum-transporte\/wp-content\/uploads\/2026\/01\/Thiago.jpeg\" class=\"attachment-large size-large\" alt=\"\" srcset=\"https:\/\/nexuscidadesinteligentes.com.br\/forum-transporte\/wp-content\/uploads\/2026\/01\/Thiago.jpeg 200w, https:\/\/nexuscidadesinteligentes.com.br\/forum-transporte\/wp-content\/uploads\/2026\/01\/Thiago-150x150.jpeg 150w\" sizes=\"auto, (max-width: 200px) 100vw, 200px\" \/>\t\t\t\t\t\t\n\t\t\t\t\t<\/div>\n\t\t\t\t\t\t\t\t\n<style>\n#image_809827406 {\n  width: 45%;\n}\n<\/style>\n\t<\/div>\n\t\n\n<h2>Thiago Augusto Sielski<br \/>\n<\/h2>\n\t<div id=\"text-2333262637\" class=\"text\">\n\t\t\n\n<p>Gestor de Planejamento e Desenvolvimento na URBS Curitiba. Engenheiro Industrial Mec\u00e2nico pela UTFPR, MBA em Gest\u00e3o Empresarial pela FGV, P\u00f3s Graduado em Finan\u00e7as pela FAE.<\/p>\n\t\t\n<style>\n#text-2333262637 {\n  font-size: 1rem;\n}\n<\/style>\n\t<\/div>\n\t\n\n\t\t<\/div>\n\t\t\t\t\n<style>\n#col-1099347437 > .col-inner {\n  padding: 30px 30px 59px 30px;\n  border-radius: 15px;\n}\n<\/style>\n\t<\/div>\n\n\t\n\n\t<div id=\"col-1788049814\" class=\"col medium-4 small-12 large-4\"  >\n\t\t\t\t<div class=\"col-inner text-center\" style=\"background-color:rgb(255,255,255);\" >\n\t\t\t\n\t\t\t\n\n\t<div class=\"img has-hover circle x md-x lg-x y md-y lg-y\" id=\"image_600627295\">\n\t\t\t\t\t\t\t\t<div class=\"img-inner dark\" >\n\t\t\t<img loading=\"lazy\" decoding=\"async\" width=\"1020\" height=\"1020\" src=\"https:\/\/nexuscidadesinteligentes.com.br\/forum-transporte\/wp-content\/uploads\/2026\/01\/hugo-1024x1024.png\" class=\"attachment-large size-large\" alt=\"\" srcset=\"https:\/\/nexuscidadesinteligentes.com.br\/forum-transporte\/wp-content\/uploads\/2026\/01\/hugo-1024x1024.png 1024w, https:\/\/nexuscidadesinteligentes.com.br\/forum-transporte\/wp-content\/uploads\/2026\/01\/hugo-300x300.png 300w, https:\/\/nexuscidadesinteligentes.com.br\/forum-transporte\/wp-content\/uploads\/2026\/01\/hugo-150x150.png 150w, https:\/\/nexuscidadesinteligentes.com.br\/forum-transporte\/wp-content\/uploads\/2026\/01\/hugo-768x768.png 768w, https:\/\/nexuscidadesinteligentes.com.br\/forum-transporte\/wp-content\/uploads\/2026\/01\/hugo.png 1080w\" sizes=\"auto, (max-width: 1020px) 100vw, 1020px\" \/>\t\t\t\t\t\t\n\t\t\t\t\t<\/div>\n\t\t\t\t\t\t\t\t\n<style>\n#image_600627295 {\n  width: 45%;\n}\n<\/style>\n\t<\/div>\n\t\n\n<h2>Hugo Rodrigues Aguiar <br \/>\n<\/h2>\n\t<div id=\"text-4034125098\" class=\"text\">\n\t\t\n\n<p>Superintendente de \u00d3leo e G\u00e1s da Secretaria de Energia e Economia do Mar &#8211; SEENEMAR. Formado em Engenharia Industrial Mec\u00e2nica, p\u00f3s-graduado em Marketing e Administra\u00e7\u00e3o de Empresas e Neg\u00f3cios pela FGV.<\/p>\n\t\t\n<style>\n#text-4034125098 {\n  font-size: 1rem;\n}\n<\/style>\n\t<\/div>\n\t\n\n\t\t<\/div>\n\t\t\t\t\n<style>\n#col-1788049814 > .col-inner {\n  padding: 30px 30px 33px 30px;\n  border-radius: 15px;\n}\n<\/style>\n\t<\/div>\n\n\t\n\n\t<div id=\"col-1168484803\" class=\"col medium-4 small-12 large-4\"  >\n\t\t\t\t<div class=\"col-inner text-center\" style=\"background-color:rgb(255,255,255);\" >\n\t\t\t\n\t\t\t\n\n\t<div class=\"img has-hover circle x md-x lg-x y md-y lg-y\" id=\"image_601178678\">\n\t\t\t\t\t\t\t\t<div class=\"img-inner dark\" >\n\t\t\t<img loading=\"lazy\" decoding=\"async\" width=\"1020\" height=\"1020\" src=\"https:\/\/nexuscidadesinteligentes.com.br\/forum-transporte\/wp-content\/uploads\/2026\/01\/sergio-1024x1024.png\" class=\"attachment-large size-large\" alt=\"\" srcset=\"https:\/\/nexuscidadesinteligentes.com.br\/forum-transporte\/wp-content\/uploads\/2026\/01\/sergio-1024x1024.png 1024w, https:\/\/nexuscidadesinteligentes.com.br\/forum-transporte\/wp-content\/uploads\/2026\/01\/sergio-300x300.png 300w, https:\/\/nexuscidadesinteligentes.com.br\/forum-transporte\/wp-content\/uploads\/2026\/01\/sergio-150x150.png 150w, https:\/\/nexuscidadesinteligentes.com.br\/forum-transporte\/wp-content\/uploads\/2026\/01\/sergio-768x768.png 768w, https:\/\/nexuscidadesinteligentes.com.br\/forum-transporte\/wp-content\/uploads\/2026\/01\/sergio.png 1080w\" sizes=\"auto, (max-width: 1020px) 100vw, 1020px\" \/>\t\t\t\t\t\t\n\t\t\t\t\t<\/div>\n\t\t\t\t\t\t\t\t\n<style>\n#image_601178678 {\n  width: 45%;\n}\n<\/style>\n\t<\/div>\n\t\n\n<h2>Sergio Habib<br \/>\n<\/h2>\n\t<div id=\"text-3172752769\" class=\"text\">\n\t\t\n\n<p>Fundador do Grupo SHC e Presidente da JAC Motors<\/p>\n\t\t\n<style>\n#text-3172752769 {\n  font-size: 1rem;\n}\n<\/style>\n\t<\/div>\n\t\n\n\t\t<\/div>\n\t\t\t\t\n<style>\n#col-1168484803 > .col-inner {\n  padding: 30px 30px 137px 30px;\n  border-radius: 15px;\n}\n<\/style>\n\t<\/div>\n\n\t\n\n\t<div id=\"col-1784960577\" class=\"col medium-4 small-12 large-4\"  >\n\t\t\t\t<div class=\"col-inner text-center\" style=\"background-color:rgb(255,255,255);\" >\n\t\t\t\n\t\t\t\n\n\t<div class=\"img has-hover circle x md-x lg-x y md-y lg-y\" id=\"image_720434110\">\n\t\t\t\t\t\t\t\t<div class=\"img-inner dark\" >\n\t\t\t<img loading=\"lazy\" decoding=\"async\" width=\"720\" height=\"720\" src=\"https:\/\/nexuscidadesinteligentes.com.br\/forum-transporte\/wp-content\/uploads\/2026\/01\/mike.png\" class=\"attachment-large size-large\" alt=\"\" srcset=\"https:\/\/nexuscidadesinteligentes.com.br\/forum-transporte\/wp-content\/uploads\/2026\/01\/mike.png 720w, https:\/\/nexuscidadesinteligentes.com.br\/forum-transporte\/wp-content\/uploads\/2026\/01\/mike-300x300.png 300w, https:\/\/nexuscidadesinteligentes.com.br\/forum-transporte\/wp-content\/uploads\/2026\/01\/mike-150x150.png 150w\" sizes=\"auto, (max-width: 720px) 100vw, 720px\" \/>\t\t\t\t\t\t\n\t\t\t\t\t<\/div>\n\t\t\t\t\t\t\t\t\n<style>\n#image_720434110 {\n  width: 45%;\n}\n<\/style>\n\t<\/div>\n\t\n\n<h2>Mike Munhato<br \/>\n<\/h2>\n\t<div id=\"text-3267376683\" class=\"text\">\n\t\t\n\n<p> Gerente de mobilidade el\u00e9trica na Mercedes-Benz Caminh\u00f5es o \u00d4nibus. Formado em Engenharia Mecatr\u00f4nica e Tecnologia em Produ\u00e7\u00e3o Industrial, especialista em Gest\u00e3o de Produtos, Mobilidade El\u00e9trica e con MBA Executivo no Insper.De<\/p>\n\t\t\n<style>\n#text-3267376683 {\n  font-size: 1rem;\n}\n<\/style>\n\t<\/div>\n\t\n\n\t\t<\/div>\n\t\t\t\t\n<style>\n#col-1784960577 > .col-inner {\n  padding: 30px 30px 10px 30px;\n  border-radius: 15px;\n}\n<\/style>\n\t<\/div>\n\n\t\n\n\t<div id=\"col-1009726689\" class=\"col medium-4 small-12 large-4\"  >\n\t\t\t\t<div class=\"col-inner text-center\" style=\"background-color:rgb(255,255,255);\" >\n\t\t\t\n\t\t\t\n\n\t<div class=\"img has-hover circle x md-x lg-x y md-y lg-y\" id=\"image_1884904763\">\n\t\t\t\t\t\t\t\t<div class=\"img-inner dark\" >\n\t\t\t<img loading=\"lazy\" decoding=\"async\" width=\"720\" height=\"720\" src=\"https:\/\/nexuscidadesinteligentes.com.br\/forum-transporte\/wp-content\/uploads\/2026\/01\/dener.png\" class=\"attachment-large size-large\" alt=\"\" srcset=\"https:\/\/nexuscidadesinteligentes.com.br\/forum-transporte\/wp-content\/uploads\/2026\/01\/dener.png 720w, https:\/\/nexuscidadesinteligentes.com.br\/forum-transporte\/wp-content\/uploads\/2026\/01\/dener-300x300.png 300w, https:\/\/nexuscidadesinteligentes.com.br\/forum-transporte\/wp-content\/uploads\/2026\/01\/dener-150x150.png 150w\" sizes=\"auto, (max-width: 720px) 100vw, 720px\" \/>\t\t\t\t\t\t\n\t\t\t\t\t<\/div>\n\t\t\t\t\t\t\t\t\n<style>\n#image_1884904763 {\n  width: 45%;\n}\n<\/style>\n\t<\/div>\n\t\n\n<h2>Dener Felipe de Lima<br \/>\n<\/h2>\n\t<div id=\"text-3540087775\" class=\"text\">\n\t\t\n\n<p>Key Account Manager da Nansen. MBA Gest\u00e3o de vendas &#8211; USP ESALQ. Engenheiro eletr\u00f4nico e telecomunica\u00e7\u00f5es &#8211; PUC MG e T\u00e9cnico em eletr\u00f4nica &#8211; CEFET BH\n<\/p>\n\t\t\n<style>\n#text-3540087775 {\n  font-size: 1rem;\n}\n<\/style>\n\t<\/div>\n\t\n\n\t\t<\/div>\n\t\t\t\t\n<style>\n#col-1009726689 > .col-inner {\n  padding: 30px 30px 85px 30px;\n  border-radius: 15px;\n}\n<\/style>\n\t<\/div>\n\n\t\n\n\t<div id=\"col-1558349652\" class=\"col medium-4 small-12 large-4\"  >\n\t\t\t\t<div class=\"col-inner text-center\" style=\"background-color:rgb(255,255,255);\" >\n\t\t\t\n\t\t\t\n\n\t<div class=\"img has-hover circle x md-x lg-x y md-y lg-y\" id=\"image_135099011\">\n\t\t\t\t\t\t\t\t<div class=\"img-inner dark\" >\n\t\t\t<img loading=\"lazy\" decoding=\"async\" width=\"1020\" height=\"1020\" src=\"https:\/\/nexuscidadesinteligentes.com.br\/forum-transporte\/wp-content\/uploads\/2026\/01\/Juliana-Galiza-1024x1024.png\" class=\"attachment-large size-large\" alt=\"\" srcset=\"https:\/\/nexuscidadesinteligentes.com.br\/forum-transporte\/wp-content\/uploads\/2026\/01\/Juliana-Galiza-1024x1024.png 1024w, https:\/\/nexuscidadesinteligentes.com.br\/forum-transporte\/wp-content\/uploads\/2026\/01\/Juliana-Galiza-300x300.png 300w, https:\/\/nexuscidadesinteligentes.com.br\/forum-transporte\/wp-content\/uploads\/2026\/01\/Juliana-Galiza-150x150.png 150w, https:\/\/nexuscidadesinteligentes.com.br\/forum-transporte\/wp-content\/uploads\/2026\/01\/Juliana-Galiza-768x768.png 768w, https:\/\/nexuscidadesinteligentes.com.br\/forum-transporte\/wp-content\/uploads\/2026\/01\/Juliana-Galiza.png 1080w\" sizes=\"auto, (max-width: 1020px) 100vw, 1020px\" \/>\t\t\t\t\t\t\n\t\t\t\t\t<\/div>\n\t\t\t\t\t\t\t\t\n<style>\n#image_135099011 {\n  width: 45%;\n}\n<\/style>\n\t<\/div>\n\t\n\n<h2>Juliana Galiza<br \/>\n<\/h2>\n\t<div id=\"text-3142249767\" class=\"text\">\n\t\t\n\n<p>Gerente de Engenharia e Estudos El\u00e9tricos da Light, formada pelo CEFET\/RJ e MBA em Gest\u00e3o Empresarial pela FGV\/RJ.\n<\/p>\n\t\t\n<style>\n#text-3142249767 {\n  font-size: 1rem;\n}\n<\/style>\n\t<\/div>\n\t\n\n\t\t<\/div>\n\t\t\t\t\n<style>\n#col-1558349652 > .col-inner {\n  padding: 30px 30px 193px 30px;\n  border-radius: 15px;\n}\n<\/style>\n\t<\/div>\n\n\t\n\n\t<div id=\"col-36093618\" class=\"col medium-4 small-12 large-4\"  >\n\t\t\t\t<div class=\"col-inner text-center\" style=\"background-color:rgb(255,255,255);\" >\n\t\t\t\n\t\t\t\n\n\t<div class=\"img has-hover circle x md-x lg-x y md-y lg-y\" id=\"image_1309107609\">\n\t\t\t\t\t\t\t\t<div class=\"img-inner dark\" >\n\t\t\t<img loading=\"lazy\" decoding=\"async\" width=\"1020\" height=\"1020\" src=\"https:\/\/nexuscidadesinteligentes.com.br\/forum-transporte\/wp-content\/uploads\/2026\/01\/DSADASD-1024x1024.png\" class=\"attachment-large size-large\" alt=\"\" srcset=\"https:\/\/nexuscidadesinteligentes.com.br\/forum-transporte\/wp-content\/uploads\/2026\/01\/DSADASD-1024x1024.png 1024w, https:\/\/nexuscidadesinteligentes.com.br\/forum-transporte\/wp-content\/uploads\/2026\/01\/DSADASD-300x300.png 300w, https:\/\/nexuscidadesinteligentes.com.br\/forum-transporte\/wp-content\/uploads\/2026\/01\/DSADASD-150x150.png 150w, https:\/\/nexuscidadesinteligentes.com.br\/forum-transporte\/wp-content\/uploads\/2026\/01\/DSADASD-768x768.png 768w, https:\/\/nexuscidadesinteligentes.com.br\/forum-transporte\/wp-content\/uploads\/2026\/01\/DSADASD.png 1080w\" sizes=\"auto, (max-width: 1020px) 100vw, 1020px\" \/>\t\t\t\t\t\t\n\t\t\t\t\t<\/div>\n\t\t\t\t\t\t\t\t\n<style>\n#image_1309107609 {\n  width: 45%;\n}\n<\/style>\n\t<\/div>\n\t\n\n<h2>Willian Alberto de Aquino<br \/>\n<\/h2>\n\t<div id=\"text-1002524321\" class=\"text\">\n\t\t\n\n<p>Coordenador Regional Rio de Janeiro da ANTP e S\u00f3cio Diretor T\u00e9cnico da Sinergia Estudos e Projetos. Engenheiro Civil (EEUFJF), Mestre em Ci\u00eancias (COPPE-UFRJ), p\u00f3s-gradua\u00e7\u00e3o em n\u00edvel de Doutorado nos cursos de especializa\u00e7\u00e3o em pavimenta\u00e7\u00e3o rodovi\u00e1ria (IPR\/DNER\/UFJF), concreto protendido (EEUFJF), transporte a\u00e9reo (PUC-RJ), engenharia ferrovi\u00e1ria (USU-RJ).\n<\/p>\n\t\t\n<style>\n#text-1002524321 {\n  font-size: 1rem;\n}\n<\/style>\n\t<\/div>\n\t\n\n\t\t<\/div>\n\t\t\t\t\n<style>\n#col-36093618 > .col-inner {\n  padding: 30px 30px 12px 30px;\n  border-radius: 15px;\n}\n<\/style>\n\t<\/div>\n\n\t\n\n\t<div id=\"col-31157411\" class=\"col medium-4 small-12 large-4\"  >\n\t\t\t\t<div class=\"col-inner text-center\" style=\"background-color:rgb(255,255,255);\" >\n\t\t\t\n\t\t\t\n\n\t<div class=\"img has-hover circle x md-x lg-x y md-y lg-y\" id=\"image_2000641702\">\n\t\t\t\t\t\t\t\t<div class=\"img-inner dark\" >\n\t\t\t<img loading=\"lazy\" decoding=\"async\" width=\"1020\" height=\"1020\" src=\"https:\/\/nexuscidadesinteligentes.com.br\/forum-transporte\/wp-content\/uploads\/2026\/01\/GABRI-1024x1024.png\" class=\"attachment-large size-large\" alt=\"\" srcset=\"https:\/\/nexuscidadesinteligentes.com.br\/forum-transporte\/wp-content\/uploads\/2026\/01\/GABRI-1024x1024.png 1024w, https:\/\/nexuscidadesinteligentes.com.br\/forum-transporte\/wp-content\/uploads\/2026\/01\/GABRI-300x300.png 300w, https:\/\/nexuscidadesinteligentes.com.br\/forum-transporte\/wp-content\/uploads\/2026\/01\/GABRI-150x150.png 150w, https:\/\/nexuscidadesinteligentes.com.br\/forum-transporte\/wp-content\/uploads\/2026\/01\/GABRI-768x768.png 768w, https:\/\/nexuscidadesinteligentes.com.br\/forum-transporte\/wp-content\/uploads\/2026\/01\/GABRI.png 1080w\" sizes=\"auto, (max-width: 1020px) 100vw, 1020px\" \/>\t\t\t\t\t\t\n\t\t\t\t\t<\/div>\n\t\t\t\t\t\t\t\t\n<style>\n#image_2000641702 {\n  width: 45%;\n}\n<\/style>\n\t<\/div>\n\t\n\n<h2>Gabriel Kropsch<br \/>\n<\/h2>\n\t<div id=\"text-1536026750\" class=\"text\">\n\t\t\n\n<p>Presidente do Conselho Empresarial de Energia e Transi\u00e7\u00e3o Energ\u00e9tica da ACRJ, fundador e conselheiro da ABiog\u00e1s e Diretor Executivo do Comit\u00ea Nacional do GNV. Formado em Administra\u00e7\u00e3o pela PUC\/RJ, com MBA pela Coppead\/UFRJ e certifica\u00e7\u00e3o em Governan\u00e7a Corporativa pela FGV. Alumni do programa OPM da Harvard Business School.<\/p>\n\t\t\n<style>\n#text-1536026750 {\n  font-size: 1rem;\n}\n<\/style>\n\t<\/div>\n\t\n\n\t\t<\/div>\n\t\t\t\t\n<style>\n#col-31157411 > .col-inner {\n  padding: 30px 30px 37px 30px;\n  border-radius: 15px;\n}\n<\/style>\n\t<\/div>\n\n\t\n\n\t<div id=\"col-311147208\" class=\"col medium-4 small-12 large-4\"  >\n\t\t\t\t<div class=\"col-inner text-center\" style=\"background-color:rgb(255,255,255);\" >\n\t\t\t\n\t\t\t\n\n\t<div class=\"img has-hover circle x md-x lg-x y md-y lg-y\" id=\"image_288873168\">\n\t\t\t\t\t\t\t\t<div class=\"img-inner dark\" >\n\t\t\t<img loading=\"lazy\" decoding=\"async\" width=\"1020\" height=\"1020\" src=\"https:\/\/nexuscidadesinteligentes.com.br\/forum-transporte\/wp-content\/uploads\/2026\/01\/sdqwe-1024x1024.png\" class=\"attachment-large size-large\" alt=\"\" srcset=\"https:\/\/nexuscidadesinteligentes.com.br\/forum-transporte\/wp-content\/uploads\/2026\/01\/sdqwe-1024x1024.png 1024w, https:\/\/nexuscidadesinteligentes.com.br\/forum-transporte\/wp-content\/uploads\/2026\/01\/sdqwe-300x300.png 300w, https:\/\/nexuscidadesinteligentes.com.br\/forum-transporte\/wp-content\/uploads\/2026\/01\/sdqwe-150x150.png 150w, https:\/\/nexuscidadesinteligentes.com.br\/forum-transporte\/wp-content\/uploads\/2026\/01\/sdqwe-768x768.png 768w, https:\/\/nexuscidadesinteligentes.com.br\/forum-transporte\/wp-content\/uploads\/2026\/01\/sdqwe.png 1080w\" sizes=\"auto, (max-width: 1020px) 100vw, 1020px\" \/>\t\t\t\t\t\t\n\t\t\t\t\t<\/div>\n\t\t\t\t\t\t\t\t\n<style>\n#image_288873168 {\n  width: 45%;\n}\n<\/style>\n\t<\/div>\n\t\n\n<h2>Elimar Oliveira Jr<br \/>\n<\/h2>\n\t<div id=\"text-2360414094\" class=\"text\">\n\t\t\n\n<p>Diretor Administrativo do F\u00f3rum Baiano de Secret\u00e1rios e Dirigentes de Mobilidade Urbana e Assessor da Diretoria Executiva do F\u00f3rum Nacional de Secret\u00e1rios e Dirigentes de Mobilidade Urbana<\/p>\n\t\t\n<style>\n#text-2360414094 {\n  font-size: 1rem;\n}\n<\/style>\n\t<\/div>\n\t\n\n\t\t<\/div>\n\t\t\t\t\n<style>\n#col-311147208 > .col-inner {\n  padding: 30px 30px 88px 30px;\n  border-radius: 15px;\n}\n<\/style>\n\t<\/div>\n\n\t\n\n\t<div id=\"col-1665871510\" class=\"col medium-4 small-12 large-4\"  >\n\t\t\t\t<div class=\"col-inner text-center\" style=\"background-color:rgb(255,255,255);\" >\n\t\t\t\n\t\t\t\n\n\t<div class=\"img has-hover circle x md-x lg-x y md-y lg-y\" id=\"image_1327582563\">\n\t\t\t\t\t\t\t\t<div class=\"img-inner dark\" >\n\t\t\t<img loading=\"lazy\" decoding=\"async\" width=\"768\" height=\"768\" src=\"https:\/\/nexuscidadesinteligentes.com.br\/forum-transporte\/wp-content\/uploads\/2026\/01\/glaydston.png\" class=\"attachment-large size-large\" alt=\"\" srcset=\"https:\/\/nexuscidadesinteligentes.com.br\/forum-transporte\/wp-content\/uploads\/2026\/01\/glaydston.png 768w, https:\/\/nexuscidadesinteligentes.com.br\/forum-transporte\/wp-content\/uploads\/2026\/01\/glaydston-300x300.png 300w, https:\/\/nexuscidadesinteligentes.com.br\/forum-transporte\/wp-content\/uploads\/2026\/01\/glaydston-150x150.png 150w\" sizes=\"auto, (max-width: 768px) 100vw, 768px\" \/>\t\t\t\t\t\t\n\t\t\t\t\t<\/div>\n\t\t\t\t\t\t\t\t\n<style>\n#image_1327582563 {\n  width: 45%;\n}\n<\/style>\n\t<\/div>\n\t\n\n<h2>Glaydston Ribeiro<br \/>\n<\/h2>\n\t<div id=\"text-1721875282\" class=\"text\">\n\t\t\n\n<p>Professor do PET\/COPPE\/UFRJ e diretor executivo da Funda\u00e7\u00e3o Coppetec. Possui Gradua\u00e7\u00e3o em Engenharia Civil pela UFES, Mestrado em Engenharia de Transportes pelo IME e Doutorado em Computa\u00e7\u00e3o Aplicada pelo INPE. P\u00f3s-Doutorado pela HEC-Montr\u00e9al\/Universidade de Montr\u00e9al.<\/p>\n\t\t\n<style>\n#text-1721875282 {\n  font-size: 1rem;\n}\n<\/style>\n\t<\/div>\n\t\n\n\t\t<\/div>\n\t\t\t\t\n<style>\n#col-1665871510 > .col-inner {\n  padding: 30px 30px 37px 30px;\n  border-radius: 15px;\n}\n<\/style>\n\t<\/div>\n\n\t\n\n\t<div id=\"col-348755216\" class=\"col medium-4 small-12 large-4\"  >\n\t\t\t\t<div class=\"col-inner text-center\" style=\"background-color:rgb(255,255,255);\" >\n\t\t\t\n\t\t\t\n\n\t<div class=\"img has-hover circle x md-x lg-x y md-y lg-y\" id=\"image_1411017001\">\n\t\t\t\t\t\t\t\t<div class=\"img-inner dark\" >\n\t\t\t<img loading=\"lazy\" decoding=\"async\" width=\"768\" height=\"768\" src=\"https:\/\/nexuscidadesinteligentes.com.br\/forum-transporte\/wp-content\/uploads\/2026\/01\/Eduardo.png\" class=\"attachment-large size-large\" alt=\"\" srcset=\"https:\/\/nexuscidadesinteligentes.com.br\/forum-transporte\/wp-content\/uploads\/2026\/01\/Eduardo.png 768w, https:\/\/nexuscidadesinteligentes.com.br\/forum-transporte\/wp-content\/uploads\/2026\/01\/Eduardo-300x300.png 300w, https:\/\/nexuscidadesinteligentes.com.br\/forum-transporte\/wp-content\/uploads\/2026\/01\/Eduardo-150x150.png 150w\" sizes=\"auto, (max-width: 768px) 100vw, 768px\" \/>\t\t\t\t\t\t\n\t\t\t\t\t<\/div>\n\t\t\t\t\t\t\t\t\n<style>\n#image_1411017001 {\n  width: 45%;\n}\n<\/style>\n\t<\/div>\n\t\n\n<h2>Eduardo Jos\u00e9 de Sousa<br \/>\n<\/h2>\n\t<div id=\"text-2952911188\" class=\"text\">\n\t\t\n\n<p>Fundador e CEO da Electric Mobility Brasil. Formado em Engenharia Eletr\u00f4nica Industrial na Universidade do Minho em Portugal e especialista em telecomunica\u00e7\u00f5es, energia e transportes p\u00fablicos.<\/p>\n\t\t\n<style>\n#text-2952911188 {\n  font-size: 1rem;\n}\n<\/style>\n\t<\/div>\n\t\n\n\t\t<\/div>\n\t\t\t\t\n<style>\n#col-348755216 > .col-inner {\n  padding: 30px 30px 64px 30px;\n  border-radius: 15px;\n}\n<\/style>\n\t<\/div>\n\n\t\n\n\t<div id=\"col-1827614463\" class=\"col medium-4 small-12 large-4\"  >\n\t\t\t\t<div class=\"col-inner text-center\" style=\"background-color:rgb(255,255,255);\" >\n\t\t\t\n\t\t\t\n\n\t<div class=\"img has-hover circle x md-x lg-x y md-y lg-y\" id=\"image_1059168748\">\n\t\t\t\t\t\t\t\t<div class=\"img-inner dark\" >\n\t\t\t<img loading=\"lazy\" decoding=\"async\" width=\"768\" height=\"768\" src=\"https:\/\/nexuscidadesinteligentes.com.br\/forum-transporte\/wp-content\/uploads\/2026\/01\/Livia.png\" class=\"attachment-large size-large\" alt=\"\" srcset=\"https:\/\/nexuscidadesinteligentes.com.br\/forum-transporte\/wp-content\/uploads\/2026\/01\/Livia.png 768w, https:\/\/nexuscidadesinteligentes.com.br\/forum-transporte\/wp-content\/uploads\/2026\/01\/Livia-300x300.png 300w, https:\/\/nexuscidadesinteligentes.com.br\/forum-transporte\/wp-content\/uploads\/2026\/01\/Livia-150x150.png 150w\" sizes=\"auto, (max-width: 768px) 100vw, 768px\" \/>\t\t\t\t\t\t\n\t\t\t\t\t<\/div>\n\t\t\t\t\t\t\t\t\n<style>\n#image_1059168748 {\n  width: 45%;\n}\n<\/style>\n\t<\/div>\n\t\n\n<h2>Livia Pereira<br \/>\n<\/h2>\n\t<div id=\"text-4147951256\" class=\"text\">\n\t\t\n\n<p>Socia- diretora da Sinergia Estudos e Projetos. Engenheira de Produ\u00e7\u00e3o pela UFRJ, M.Sc. pelo COPPEAD\/UFRJ com interc\u00e2mbio na ESSEC Business School.<\/p>\n\t\t\n<style>\n#text-4147951256 {\n  font-size: 1rem;\n}\n<\/style>\n\t<\/div>\n\t\n\n\t\t<\/div>\n\t\t\t\t\n<style>\n#col-1827614463 > .col-inner {\n  padding: 30px 30px 130px 30px;\n  border-radius: 15px;\n}\n<\/style>\n\t<\/div>\n\n\t\n\n\t<div id=\"col-1380536701\" class=\"col medium-4 small-12 large-4\"  >\n\t\t\t\t<div class=\"col-inner text-center\" style=\"background-color:rgb(255,255,255);\" >\n\t\t\t\n\t\t\t\n\n\t<div class=\"img has-hover circle x md-x lg-x y md-y lg-y\" id=\"image_734063699\">\n\t\t\t\t\t\t\t\t<div class=\"img-inner dark\" >\n\t\t\t<img loading=\"lazy\" decoding=\"async\" width=\"800\" height=\"800\" src=\"https:\/\/nexuscidadesinteligentes.com.br\/forum-transporte\/wp-content\/uploads\/2026\/01\/Melissa-.jpeg\" class=\"attachment-large size-large\" alt=\"\" srcset=\"https:\/\/nexuscidadesinteligentes.com.br\/forum-transporte\/wp-content\/uploads\/2026\/01\/Melissa-.jpeg 800w, https:\/\/nexuscidadesinteligentes.com.br\/forum-transporte\/wp-content\/uploads\/2026\/01\/Melissa--300x300.jpeg 300w, https:\/\/nexuscidadesinteligentes.com.br\/forum-transporte\/wp-content\/uploads\/2026\/01\/Melissa--150x150.jpeg 150w, https:\/\/nexuscidadesinteligentes.com.br\/forum-transporte\/wp-content\/uploads\/2026\/01\/Melissa--768x768.jpeg 768w\" sizes=\"auto, (max-width: 800px) 100vw, 800px\" \/>\t\t\t\t\t\t\n\t\t\t\t\t<\/div>\n\t\t\t\t\t\t\t\t\n<style>\n#image_734063699 {\n  width: 45%;\n}\n<\/style>\n\t<\/div>\n\t\n\n<h2>Melissa Sartori<br \/>\n<\/h2>\n\t<div id=\"text-3956719485\" class=\"text\">\n\t\t\n\n<p>Gerente de Marketing e Produto na Mais.Mobi. Formada em Comunica\u00e7\u00e3o Social, com MBA em Marketing e certifica\u00e7\u00f5es em Customer Experience, Inbound e Outbound Marketing.\n<\/p>\n\t\t\n<style>\n#text-3956719485 {\n  font-size: 1rem;\n}\n<\/style>\n\t<\/div>\n\t\n\n\t\t<\/div>\n\t\t\t\t\n<style>\n#col-1380536701 > .col-inner {\n  padding: 30px 30px 103px 30px;\n  border-radius: 15px;\n}\n<\/style>\n\t<\/div>\n\n\t\n\n\t<div id=\"col-635402877\" class=\"col medium-4 small-12 large-4\"  >\n\t\t\t\t<div class=\"col-inner text-center\" style=\"background-color:rgb(255,255,255);\" >\n\t\t\t\n\t\t\t\n\n\t<div class=\"img has-hover circle x md-x lg-x y md-y lg-y\" id=\"image_2089721595\">\n\t\t\t\t\t\t\t\t<div class=\"img-inner dark\" >\n\t\t\t<img loading=\"lazy\" decoding=\"async\" width=\"768\" height=\"768\" src=\"https:\/\/nexuscidadesinteligentes.com.br\/forum-transporte\/wp-content\/uploads\/2026\/01\/Maina.png\" class=\"attachment-large size-large\" alt=\"\" srcset=\"https:\/\/nexuscidadesinteligentes.com.br\/forum-transporte\/wp-content\/uploads\/2026\/01\/Maina.png 768w, https:\/\/nexuscidadesinteligentes.com.br\/forum-transporte\/wp-content\/uploads\/2026\/01\/Maina-300x300.png 300w, https:\/\/nexuscidadesinteligentes.com.br\/forum-transporte\/wp-content\/uploads\/2026\/01\/Maina-150x150.png 150w\" sizes=\"auto, (max-width: 768px) 100vw, 768px\" \/>\t\t\t\t\t\t\n\t\t\t\t\t<\/div>\n\t\t\t\t\t\t\t\t\n<style>\n#image_2089721595 {\n  width: 45%;\n}\n<\/style>\n\t<\/div>\n\t\n\n<h2>Ma\u00edna Celidonio<br \/>\n<\/h2>\n\t<div id=\"text-3287384593\" class=\"text\">\n\t\t\n\n<p>Doutora em Economia na PUC-Rio e Secret\u00e1ria Municipal de Transportes do Rio de Janeiro. Formada em Economia pela PUC-Rio, tem mestrado em Economia com \u00eanfase em Estudos do Trabalho e Pol\u00edticas Sociais. Foi diretora de Desenvolvimento Econ\u00f4mico do Instituto Pereira Passos e analista em Avalia\u00e7\u00e3o de Impacto para Ger\u00eancia de Projetos do Ita\u00fa Unibanco.<\/p>\n\t\t\n<style>\n#text-3287384593 {\n  font-size: 1rem;\n}\n<\/style>\n\t<\/div>\n\t\n\n\t\t<\/div>\n\t\t\t\t\n<style>\n#col-635402877 > .col-inner {\n  padding: 30px 30px 1px 30px;\n  border-radius: 15px;\n}\n<\/style>\n\t<\/div>\n\n\t\n\n\t<div id=\"col-739162644\" class=\"col medium-4 small-12 large-4\"  >\n\t\t\t\t<div class=\"col-inner text-center\" style=\"background-color:rgb(255,255,255);\" >\n\t\t\t\n\t\t\t\n\n\t<div class=\"img has-hover circle x md-x lg-x y md-y lg-y\" id=\"image_1307048573\">\n\t\t\t\t\t\t\t\t<div class=\"img-inner dark\" >\n\t\t\t<img loading=\"lazy\" decoding=\"async\" width=\"500\" height=\"500\" src=\"https:\/\/nexuscidadesinteligentes.com.br\/forum-transporte\/wp-content\/uploads\/2026\/02\/celso-dsad-2.png\" class=\"attachment-large size-large\" alt=\"\" srcset=\"https:\/\/nexuscidadesinteligentes.com.br\/forum-transporte\/wp-content\/uploads\/2026\/02\/celso-dsad-2.png 500w, https:\/\/nexuscidadesinteligentes.com.br\/forum-transporte\/wp-content\/uploads\/2026\/02\/celso-dsad-2-300x300.png 300w, https:\/\/nexuscidadesinteligentes.com.br\/forum-transporte\/wp-content\/uploads\/2026\/02\/celso-dsad-2-150x150.png 150w\" sizes=\"auto, (max-width: 500px) 100vw, 500px\" \/>\t\t\t\t\t\t\n\t\t\t\t\t<\/div>\n\t\t\t\t\t\t\t\t\n<style>\n#image_1307048573 {\n  width: 45%;\n}\n<\/style>\n\t<\/div>\n\t\n\n<h2>Celso Bastos<br \/>\n<\/h2>\n\t<div id=\"text-501669667\" class=\"text\">\n\t\t\n\n<p>Gestor de projetos da G\u00e1s Verde. Formado em ci\u00eancias econ\u00f4micas pela UFRJ, ex-Superintendente de G\u00e1s e Infraestrutura do Governo do Estado do Rio de Janeiro.<\/p>\n\t\t\n<style>\n#text-501669667 {\n  font-size: 1rem;\n}\n<\/style>\n\t<\/div>\n\t\n\n\t\t<\/div>\n\t\t\t\t\n<style>\n#col-739162644 > .col-inner {\n  padding: 30px 30px 185px 30px;\n  border-radius: 15px;\n}\n<\/style>\n\t<\/div>\n\n\t\n\n\t<div id=\"col-1177725895\" class=\"col medium-4 small-12 large-4\"  >\n\t\t\t\t<div class=\"col-inner text-center\" style=\"background-color:rgb(255,255,255);\" >\n\t\t\t\n\t\t\t\n\n\t<div class=\"img has-hover circle x md-x lg-x y md-y lg-y\" id=\"image_1210475849\">\n\t\t\t\t\t\t\t\t<div class=\"img-inner dark\" >\n\t\t\t<img loading=\"lazy\" decoding=\"async\" width=\"1020\" height=\"1020\" src=\"https:\/\/nexuscidadesinteligentes.com.br\/forum-transporte\/wp-content\/uploads\/2026\/02\/Amauri.jpeg\" class=\"attachment-large size-large\" alt=\"\" srcset=\"https:\/\/nexuscidadesinteligentes.com.br\/forum-transporte\/wp-content\/uploads\/2026\/02\/Amauri.jpeg 1024w, https:\/\/nexuscidadesinteligentes.com.br\/forum-transporte\/wp-content\/uploads\/2026\/02\/Amauri-300x300.jpeg 300w, https:\/\/nexuscidadesinteligentes.com.br\/forum-transporte\/wp-content\/uploads\/2026\/02\/Amauri-150x150.jpeg 150w, https:\/\/nexuscidadesinteligentes.com.br\/forum-transporte\/wp-content\/uploads\/2026\/02\/Amauri-768x768.jpeg 768w\" sizes=\"auto, (max-width: 1020px) 100vw, 1020px\" \/>\t\t\t\t\t\t\n\t\t\t\t\t<\/div>\n\t\t\t\t\t\t\t\t\n<style>\n#image_1210475849 {\n  width: 45%;\n}\n<\/style>\n\t<\/div>\n\t\n\n<h2>Amauri Ribeiro<br \/>\n<\/h2>\n\t<div id=\"text-4293316242\" class=\"text\">\n\t\t\n\n<p>Diretor da Sorion Automa\u00e7\u00e3o de Processos. Engenheiro eletricista e p\u00f3s-graduado em Administra\u00e7\u00e3o. Participou e coordenou o desenvolvimento de solu\u00e7\u00f5es com RFID, medi\u00e7\u00e3o de vaz\u00e3o, instrumenta\u00e7\u00e3o eletr\u00f4nica avan\u00e7ada e sistemas de automa\u00e7\u00e3o industrial, com certifica\u00e7\u00f5es junto a \u00f3rg\u00e3os como INMETRO e parcerias com institui\u00e7\u00f5es acad\u00eamicas de refer\u00eancia, como a University of Oxford.<\/p>\n\t\t\n<style>\n#text-4293316242 {\n  font-size: 1rem;\n}\n<\/style>\n\t<\/div>\n\t\n\n\t\t<\/div>\n\t\t\t\t\n<style>\n#col-1177725895 > .col-inner {\n  padding: 30px 30px 30px 30px;\n  border-radius: 15px;\n}\n<\/style>\n\t<\/div>\n\n\t\n\n\t<div id=\"col-1172928195\" class=\"col medium-4 small-12 large-4\"  >\n\t\t\t\t<div class=\"col-inner text-center\" style=\"background-color:rgb(255,255,255);\" >\n\t\t\t\n\t\t\t\n\n\t<div class=\"img has-hover circle x md-x lg-x y md-y lg-y\" id=\"image_1576722955\">\n\t\t\t\t\t\t\t\t<div class=\"img-inner dark\" >\n\t\t\t<img loading=\"lazy\" decoding=\"async\" width=\"640\" height=\"641\" src=\"https:\/\/nexuscidadesinteligentes.com.br\/forum-transporte\/wp-content\/uploads\/2026\/02\/Ana-paula-.jpeg\" class=\"attachment-large size-large\" alt=\"\" srcset=\"https:\/\/nexuscidadesinteligentes.com.br\/forum-transporte\/wp-content\/uploads\/2026\/02\/Ana-paula-.jpeg 640w, https:\/\/nexuscidadesinteligentes.com.br\/forum-transporte\/wp-content\/uploads\/2026\/02\/Ana-paula--300x300.jpeg 300w, https:\/\/nexuscidadesinteligentes.com.br\/forum-transporte\/wp-content\/uploads\/2026\/02\/Ana-paula--150x150.jpeg 150w\" sizes=\"auto, (max-width: 640px) 100vw, 640px\" \/>\t\t\t\t\t\t\n\t\t\t\t\t<\/div>\n\t\t\t\t\t\t\t\t\n<style>\n#image_1576722955 {\n  width: 45%;\n}\n<\/style>\n\t<\/div>\n\t\n\n<h2>Ana Paula Morais da Silva<br \/>\n<\/h2>\n\t<div id=\"text-2374926760\" class=\"text\">\n\t\t\n\n<p>Coordenadora-Geral de Projetos Especiais na Secretaria Nacional de Mobilidade Urbana do Minist\u00e9rio das Cidades. Arquiteta e Urbanista, \u00e9 ex-Secret\u00e1ria Municipal de Tr\u00e2nsito, Transporte e Mobilidade de Patos de Minas\/MG.<\/p>\n\t\t\n<style>\n#text-2374926760 {\n  font-size: 1rem;\n}\n<\/style>\n\t<\/div>\n\t\n\n\t\t<\/div>\n\t\t\t\t\n<style>\n#col-1172928195 > .col-inner {\n  padding: 30px 30px 134px 30px;\n  border-radius: 15px;\n}\n<\/style>\n\t<\/div>\n\n\t\n\n<\/div>\n<div class=\"row\"  id=\"row-139333454\">\n\n\n\t<div id=\"col-1320275503\" class=\"col small-12 large-12\"  >\n\t\t\t\t<div class=\"col-inner text-center\"  >\n\t\t\t\n\t\t\t\n\n<a href=\"https:\/\/www.sympla.com.br\/evento\/forum-de-transicao-energetica-no-transporte-publico-do-estado-do-rio-de-janeiro\/3263455\" target=\"_blank\" class=\"button success reveal-icon hide-for-medium\" rel=\"noopener\"  style=\"border-radius:99px;padding:8px 50px 8px 50px;\">\n    <span>fa\u00e7a sua inscri\u00e7\u00e3o gratuita<\/span>\n  <i class=\"icon-angle-right\" aria-hidden=\"true\" ><\/i><\/a>\n\n\n<span class=\"scroll-to\" data-label=\"Scroll to: #obj\" data-bullet=\"false\" data-link=\"#obj\" data-title=\"obj\" ><a name=\"obj\"><\/a><\/span>\n\n\n\t\t<\/div>\n\t\t\t\t\n<style>\n#col-1320275503 > .col-inner {\n  margin: 15px 0px 87px 0px;\n}\n<\/style>\n\t<\/div>\n\n\t\n\n<\/div>\n\n\t\t<\/div>\n\n\t\t\n<style>\n#section_1013378750 {\n  padding-top: 30px;\n  padding-bottom: 30px;\n}\n#section_1013378750 .section-bg-overlay {\n  background-color: rgba(75, 144, 222, 0.035);\n}\n#section_1013378750 .section-bg.bg-loaded {\n  background-image: url(https:\/\/nexuscidadesinteligentes.com.br\/forum-transporte\/wp-content\/uploads\/2026\/01\/BG-01-scaled.png);\n}\n#section_1013378750 .section-bg {\n  background-position: 86% 0%;\n}\n<\/style>\n\t<\/section>\n\t\n\t<section class=\"section\" id=\"section_707834271\">\n\t\t<div class=\"bg section-bg fill bg-fill  \" >\n\n\t\t\t\n\t\t\t<div class=\"section-bg-overlay absolute fill\"><\/div>\n\t\t\t\n\n\t\t<\/div>\n\n\t\t\n\n\t\t<div class=\"section-content relative\">\n\t\t\t\n\n<div class=\"row\"  id=\"row-1267641205\">\n\n\n\t<div id=\"col-1106415783\" class=\"col small-12 large-12\"  >\n\t\t\t\t<div class=\"col-inner text-center\" style=\"background-color:rgb(255,255,255);\" >\n\t\t\t\n\t\t\t\n\n\t<div class=\"img has-hover x md-x lg-x y md-y lg-y\" id=\"image_684895519\">\n\t\t\t\t\t\t\t\t<div class=\"img-inner dark\" >\n\t\t\t<img loading=\"lazy\" decoding=\"async\" width=\"1\" height=\"1\" src=\"https:\/\/nexuscidadesinteligentes.com.br\/forum-transporte\/wp-content\/uploads\/2026\/01\/Principais-Objetivos.svg\" class=\"attachment-large size-large\" alt=\"\" \/>\t\t\t\t\t\t\n\t\t\t\t\t<\/div>\n\t\t\t\t\t\t\t\t\n<style>\n#image_684895519 {\n  width: 76%;\n}\n@media (min-width:550px) {\n  #image_684895519 {\n    width: 25%;\n  }\n}\n<\/style>\n\t<\/div>\n\t\n\n\t<div id=\"gap-684639613\" class=\"gap-element clearfix\" style=\"display:block; height:auto;\">\n\t\t\n<style>\n#gap-684639613 {\n  padding-top: 30px;\n}\n<\/style>\n\t<\/div>\n\t\n\n<div class=\"row row-small row-solid\"  id=\"row-169128211\">\n\n\n\t<div id=\"col-277888660\" class=\"col medium-4 small-12 large-4\"  >\n\t\t\t\t<div class=\"col-inner\"  >\n\t\t\t\n\t\t\t\n\n\n\t\t<div class=\"icon-box featured-box icon-box-left text-left\"  >\n\t\t\t\t\t<div class=\"icon-box-img\" style=\"width: 46px\">\n\t\t\t\t<div class=\"icon\">\n\t\t\t\t\t<div class=\"icon-inner\" >\n\t\t\t\t\t\t<img loading=\"lazy\" decoding=\"async\" width=\"1\" height=\"1\" src=\"https:\/\/nexuscidadesinteligentes.com.br\/forum-transporte\/wp-content\/uploads\/2026\/01\/01.svg\" class=\"attachment-medium size-medium\" alt=\"\" \/>\t\t\t\t\t<\/div>\n\t\t\t\t<\/div>\n\t\t\t<\/div>\n\t\t\t\t<div class=\"icon-box-text last-reset\">\n\t\t\t\t\t\t\t\t\t\n\n\t<div id=\"text-542658974\" class=\"text\">\n\t\t\n\n<p>Apresentar as vantagens das tecnologias dispon\u00edveis para descarboniza\u00e7\u00e3o do transporte p\u00fablico.<\/p>\n\t\t\n<style>\n#text-542658974 {\n  color: #042042;\n}\n#text-542658974 > * {\n  color: #042042;\n}\n<\/style>\n\t<\/div>\n\t\n\n\t\t<\/div>\n\t<\/div>\n\t\n\t\n\n\t\t<\/div>\n\t\t\t\t\n<style>\n#col-277888660 > .col-inner {\n  padding: 20px 40px 20px 40px;\n}\n@media (min-width:550px) {\n  #col-277888660 > .col-inner {\n    padding: 20px 50px 20px 50px;\n  }\n}\n<\/style>\n\t<\/div>\n\n\t\n\n\t<div id=\"col-1033796625\" class=\"col medium-4 small-12 large-4\"  >\n\t\t\t\t<div class=\"col-inner\"  >\n\t\t\t\n\t\t\t\n\n\n\t\t<div class=\"icon-box featured-box icon-box-left text-left\"  >\n\t\t\t\t\t<div class=\"icon-box-img\" style=\"width: 46px\">\n\t\t\t\t<div class=\"icon\">\n\t\t\t\t\t<div class=\"icon-inner\" >\n\t\t\t\t\t\t<img loading=\"lazy\" decoding=\"async\" width=\"1\" height=\"1\" src=\"https:\/\/nexuscidadesinteligentes.com.br\/forum-transporte\/wp-content\/uploads\/2026\/01\/02.svg\" class=\"attachment-medium size-medium\" alt=\"\" \/>\t\t\t\t\t<\/div>\n\t\t\t\t<\/div>\n\t\t\t<\/div>\n\t\t\t\t<div class=\"icon-box-text last-reset\">\n\t\t\t\t\t\t\t\t\t\n\n\t<div id=\"text-4162191683\" class=\"text\">\n\t\t\n\n<p>Promover troca de experi\u00eancias no cen\u00e1rio nacional e internacional.<\/p>\n\t\t\n<style>\n#text-4162191683 {\n  color: #042042;\n}\n#text-4162191683 > * {\n  color: #042042;\n}\n<\/style>\n\t<\/div>\n\t\n\n\t\t<\/div>\n\t<\/div>\n\t\n\t\n\n\t\t<\/div>\n\t\t\t\t\n<style>\n#col-1033796625 > .col-inner {\n  padding: 20px 40px 20px 40px;\n}\n@media (min-width:550px) {\n  #col-1033796625 > .col-inner {\n    padding: 20px 50px 20px 50px;\n  }\n}\n<\/style>\n\t<\/div>\n\n\t\n\n\t<div id=\"col-243760070\" class=\"col medium-4 small-12 large-4\"  >\n\t\t\t\t<div class=\"col-inner\"  >\n\t\t\t\n\t\t\t\n\n\n\t\t<div class=\"icon-box featured-box icon-box-left text-left\"  >\n\t\t\t\t\t<div class=\"icon-box-img\" style=\"width: 46px\">\n\t\t\t\t<div class=\"icon\">\n\t\t\t\t\t<div class=\"icon-inner\" >\n\t\t\t\t\t\t<img loading=\"lazy\" decoding=\"async\" width=\"1\" height=\"1\" src=\"https:\/\/nexuscidadesinteligentes.com.br\/forum-transporte\/wp-content\/uploads\/2026\/01\/03.svg\" class=\"attachment-medium size-medium\" alt=\"\" \/>\t\t\t\t\t<\/div>\n\t\t\t\t<\/div>\n\t\t\t<\/div>\n\t\t\t\t<div class=\"icon-box-text last-reset\">\n\t\t\t\t\t\t\t\t\t\n\n\t<div id=\"text-3202327279\" class=\"text\">\n\t\t\n\n<p>Contribuir tecnicamente com stakeholders do RJ e de outros estados.<\/p>\n\t\t\n<style>\n#text-3202327279 {\n  color: #042042;\n}\n#text-3202327279 > * {\n  color: #042042;\n}\n<\/style>\n\t<\/div>\n\t\n\n\t\t<\/div>\n\t<\/div>\n\t\n\t\n\n\t\t<\/div>\n\t\t\t\t\n<style>\n#col-243760070 > .col-inner {\n  padding: 20px 40px 20px 40px;\n}\n@media (min-width:550px) {\n  #col-243760070 > .col-inner {\n    padding: 20px 50px 20px 50px;\n  }\n}\n<\/style>\n\t<\/div>\n\n\t\n\n\t<div id=\"col-962917528\" class=\"col medium-4 small-12 large-4\"  >\n\t\t\t\t<div class=\"col-inner\"  >\n\t\t\t\n\t\t\t\n\n\n\t\t<div class=\"icon-box featured-box icon-box-left text-left\"  >\n\t\t\t\t\t<div class=\"icon-box-img\" style=\"width: 46px\">\n\t\t\t\t<div class=\"icon\">\n\t\t\t\t\t<div class=\"icon-inner\" >\n\t\t\t\t\t\t<img loading=\"lazy\" decoding=\"async\" width=\"1\" height=\"1\" src=\"https:\/\/nexuscidadesinteligentes.com.br\/forum-transporte\/wp-content\/uploads\/2026\/01\/04.svg\" class=\"attachment-medium size-medium\" alt=\"\" \/>\t\t\t\t\t<\/div>\n\t\t\t\t<\/div>\n\t\t\t<\/div>\n\t\t\t\t<div class=\"icon-box-text last-reset\">\n\t\t\t\t\t\t\t\t\t\n\n\t<div id=\"text-651985705\" class=\"text\">\n\t\t\n\n<p>Debater desafios da ado\u00e7\u00e3o de novas tecnologias nas frotas.<\/p>\n\t\t\n<style>\n#text-651985705 {\n  color: #042042;\n}\n#text-651985705 > * {\n  color: #042042;\n}\n<\/style>\n\t<\/div>\n\t\n\n\t\t<\/div>\n\t<\/div>\n\t\n\t\n\n\t\t<\/div>\n\t\t\t\t\n<style>\n#col-962917528 > .col-inner {\n  padding: 20px 40px 20px 40px;\n}\n@media (min-width:550px) {\n  #col-962917528 > .col-inner {\n    padding: 20px 50px 20px 50px;\n  }\n}\n<\/style>\n\t<\/div>\n\n\t\n\n\t<div id=\"col-795512876\" class=\"col medium-4 small-12 large-4\"  >\n\t\t\t\t<div class=\"col-inner\"  >\n\t\t\t\n\t\t\t\n\n\n\t\t<div class=\"icon-box featured-box icon-box-left text-left\"  >\n\t\t\t\t\t<div class=\"icon-box-img\" style=\"width: 46px\">\n\t\t\t\t<div class=\"icon\">\n\t\t\t\t\t<div class=\"icon-inner\" >\n\t\t\t\t\t\t<img loading=\"lazy\" decoding=\"async\" width=\"1\" height=\"1\" src=\"https:\/\/nexuscidadesinteligentes.com.br\/forum-transporte\/wp-content\/uploads\/2026\/01\/05.svg\" class=\"attachment-medium size-medium\" alt=\"\" \/>\t\t\t\t\t<\/div>\n\t\t\t\t<\/div>\n\t\t\t<\/div>\n\t\t\t\t<div class=\"icon-box-text last-reset\">\n\t\t\t\t\t\t\t\t\t\n\n\t<div id=\"text-1578922671\" class=\"text\">\n\t\t\n\n<p>Mostrar casos reais para requalifica\u00e7\u00e3o do servi\u00e7o no Brasil.<\/p>\n\t\t\n<style>\n#text-1578922671 {\n  color: #042042;\n}\n#text-1578922671 > * {\n  color: #042042;\n}\n<\/style>\n\t<\/div>\n\t\n\n\t\t<\/div>\n\t<\/div>\n\t\n\t\n\n\t\t<\/div>\n\t\t\t\t\n<style>\n#col-795512876 > .col-inner {\n  padding: 20px 40px 20px 40px;\n}\n@media (min-width:550px) {\n  #col-795512876 > .col-inner {\n    padding: 20px 50px 20px 50px;\n  }\n}\n<\/style>\n\t<\/div>\n\n\t\n\n\t<div id=\"col-2099797611\" class=\"col medium-4 small-12 large-4\"  >\n\t\t\t\t<div class=\"col-inner\"  >\n\t\t\t\n\t\t\t\n\n\n\t\t<div class=\"icon-box featured-box icon-box-left text-left\"  >\n\t\t\t\t\t<div class=\"icon-box-img\" style=\"width: 46px\">\n\t\t\t\t<div class=\"icon\">\n\t\t\t\t\t<div class=\"icon-inner\" >\n\t\t\t\t\t\t<img loading=\"lazy\" decoding=\"async\" width=\"1\" height=\"1\" src=\"https:\/\/nexuscidadesinteligentes.com.br\/forum-transporte\/wp-content\/uploads\/2026\/01\/06.svg\" class=\"attachment-medium size-medium\" alt=\"\" \/>\t\t\t\t\t<\/div>\n\t\t\t\t<\/div>\n\t\t\t<\/div>\n\t\t\t\t<div class=\"icon-box-text last-reset\">\n\t\t\t\t\t\t\t\t\t\n\n\t<div id=\"text-1766136821\" class=\"text\">\n\t\t\n\n<p>Subsidiar gestores p\u00fablicos e privados na tomada de decis\u00e3o sobre inova\u00e7\u00e3o e moderniza\u00e7\u00e3o.<\/p>\n\t\t\n<style>\n#text-1766136821 {\n  color: #042042;\n}\n#text-1766136821 > * {\n  color: #042042;\n}\n<\/style>\n\t<\/div>\n\t\n\n\t\t<\/div>\n\t<\/div>\n\t\n\t\n\n\t\t<\/div>\n\t\t\t\t\n<style>\n#col-2099797611 > .col-inner {\n  padding: 20px 40px 20px 40px;\n}\n@media (min-width:550px) {\n  #col-2099797611 > .col-inner {\n    padding: 20px 50px 20px 50px;\n  }\n}\n<\/style>\n\t<\/div>\n\n\t\n\n<\/div>\n\n\t\t<\/div>\n\t\t\t\t\n<style>\n#col-1106415783 > .col-inner {\n  padding: 40px 20px 30px 20px;\n  margin: -75px 0px -2px 0px;\n  border-radius: 26px;\n}\n@media (min-width:550px) {\n  #col-1106415783 > .col-inner {\n    padding: 60px 60px 60px 60px;\n    margin: -110px 0px -2px 0px;\n  }\n}\n<\/style>\n\t<\/div>\n\n\t\n\n<\/div>\n\t<div id=\"gap-1680033319\" class=\"gap-element clearfix\" style=\"display:block; height:auto;\">\n\t\t\n<style>\n#gap-1680033319 {\n  padding-top: 30px;\n}\n<\/style>\n\t<\/div>\n\t\n\n<div class=\"row align-center\"  id=\"row-1741250449\">\n\n\n\t<div id=\"col-976953377\" class=\"col medium-8 small-12 large-8\"  >\n\t\t\t\t<div class=\"col-inner text-center dark\"  >\n\t\t\t\n\t\t\t\n\n\t<div class=\"img has-hover x md-x lg-x y md-y lg-y\" id=\"image_992206220\">\n\t\t\t\t\t\t\t\t<div class=\"img-inner dark\" >\n\t\t\t<img loading=\"lazy\" decoding=\"async\" width=\"1\" height=\"1\" src=\"https:\/\/nexuscidadesinteligentes.com.br\/forum-transporte\/wp-content\/uploads\/2026\/01\/energy_savings_leaf.svg\" class=\"attachment-large size-large\" alt=\"\" \/>\t\t\t\t\t\t\n\t\t\t\t\t<\/div>\n\t\t\t\t\t\t\t\t\n<style>\n#image_992206220 {\n  width: 17%;\n}\n@media (min-width:550px) {\n  #image_992206220 {\n    width: 8%;\n  }\n}\n<\/style>\n\t<\/div>\n\t\n\n\t<div class=\"img has-hover x md-x lg-x y md-y lg-y\" id=\"image_362410986\">\n\t\t\t\t\t\t\t\t<div class=\"img-inner dark\" >\n\t\t\t<img loading=\"lazy\" decoding=\"async\" width=\"1\" height=\"1\" src=\"https:\/\/nexuscidadesinteligentes.com.br\/forum-transporte\/wp-content\/uploads\/2026\/01\/Um-encontro-para-acelerar-a-transicao-energetica-no-transporte-publico.svg\" class=\"attachment-large size-large\" alt=\"\" \/>\t\t\t\t\t\t\n\t\t\t\t\t<\/div>\n\t\t\t\t\t\t\t\t\n<style>\n#image_362410986 {\n  width: 100%;\n}\n@media (min-width:550px) {\n  #image_362410986 {\n    width: 85%;\n  }\n}\n<\/style>\n\t<\/div>\n\t\n\n\t<div id=\"gap-1635632417\" class=\"gap-element clearfix\" style=\"display:block; height:auto;\">\n\t\t\n<style>\n#gap-1635632417 {\n  padding-top: 15px;\n}\n<\/style>\n\t<\/div>\n\t\n\n\t<div id=\"text-2033003380\" class=\"text\">\n\t\t\n\n<p>O F\u00f3rum re\u00fane autoridades, gestores, especialistas, operadores e empresas para compartilhar experi\u00eancias e discutir estrat\u00e9gias de transi\u00e7\u00e3o energ\u00e9tica e sustentabilidade no transporte p\u00fablico coletivo, com foco em solu\u00e7\u00f5es vi\u00e1veis para o Estado do Rio de Janeiro e para outras regi\u00f5es do Brasil.<\/p>\n\t\t\n<style>\n#text-2033003380 {\n  font-size: 0.85rem;\n}\n<\/style>\n\t<\/div>\n\t\n<a href=\"https:\/\/www.sympla.com.br\/evento\/forum-de-transicao-energetica-no-transporte-publico-do-estado-do-rio-de-janeiro\/3263455\" target=\"_blank\" class=\"button success reveal-icon hide-for-medium\" rel=\"noopener\"  style=\"border-radius:99px;padding:8px 50px 8px 50px;\">\n    <span>garanta sua vaga<\/span>\n  <i class=\"icon-angle-right\" aria-hidden=\"true\" ><\/i><\/a>\n\n\n<a href=\"https:\/\/www.sympla.com.br\/evento\/forum-de-transicao-energetica-no-transporte-publico-do-estado-do-rio-de-janeiro\/3263455\" target=\"_blank\" class=\"button success reveal-icon expand show-for-small\" rel=\"noopener\"  style=\"border-radius:99px;padding:8px 50px 8px 50px;\">\n    <span>garanta sua vaga<\/span>\n  <i class=\"icon-angle-right\" aria-hidden=\"true\" ><\/i><\/a>\n\n\n\t<div id=\"gap-101867440\" class=\"gap-element clearfix\" style=\"display:block; height:auto;\">\n\t\t\n<style>\n#gap-101867440 {\n  padding-top: 20px;\n}\n@media (min-width:550px) {\n  #gap-101867440 {\n    padding-top: 30px;\n  }\n}\n<\/style>\n\t<\/div>\n\t\n\n\t<div class=\"img has-hover hide-for-medium x md-x lg-x y md-y lg-y\" id=\"image_1467474584\">\n\t\t\t\t\t\t\t\t<div class=\"img-inner dark\" >\n\t\t\t<img loading=\"lazy\" decoding=\"async\" width=\"1\" height=\"1\" src=\"https:\/\/nexuscidadesinteligentes.com.br\/forum-transporte\/wp-content\/uploads\/2026\/01\/Group-13.svg\" class=\"attachment-large size-large\" alt=\"\" \/>\t\t\t\t\t\t\n\t\t\t\t\t<\/div>\n\t\t\t\t\t\t\t\t\n<style>\n#image_1467474584 {\n  width: 100%;\n}\n@media (min-width:550px) {\n  #image_1467474584 {\n    width: 57%;\n  }\n}\n<\/style>\n\t<\/div>\n\t\n\n\t<div class=\"img has-hover show-for-small x md-x lg-x y md-y lg-y\" id=\"image_1216631805\">\n\t\t\t\t\t\t\t\t<div class=\"img-inner dark\" >\n\t\t\t<img loading=\"lazy\" decoding=\"async\" width=\"1\" height=\"1\" src=\"https:\/\/nexuscidadesinteligentes.com.br\/forum-transporte\/wp-content\/uploads\/2026\/01\/Group-13-1.svg\" class=\"attachment-large size-large\" alt=\"\" \/>\t\t\t\t\t\t\n\t\t\t\t\t<\/div>\n\t\t\t\t\t\t\t\t\n<style>\n#image_1216631805 {\n  width: 98%;\n}\n@media (min-width:550px) {\n  #image_1216631805 {\n    width: 57%;\n  }\n}\n<\/style>\n\t<\/div>\n\t\n\n\t<div id=\"gap-140941552\" class=\"gap-element clearfix\" style=\"display:block; height:auto;\">\n\t\t\n<style>\n#gap-140941552 {\n  padding-top: 15px;\n}\n<\/style>\n\t<\/div>\n\t\n\n\n\t\t<\/div>\n\t\t\t\t\n<style>\n#col-976953377 > .col-inner {\n  padding: 0px 10px 0px 10px;\n}\n<\/style>\n\t<\/div>\n\n\t\n\n<\/div>\n\n\t\t<\/div>\n\n\t\t\n<style>\n#section_707834271 {\n  padding-top: 30px;\n  padding-bottom: 30px;\n  background-color: #042042;\n}\n#section_707834271 .section-bg-overlay {\n  background-color: rgba(0, 0, 0, 0.192);\n}\n#section_707834271 .section-bg.bg-loaded {\n  background-image: url(https:\/\/nexuscidadesinteligentes.com.br\/forum-transporte\/wp-content\/uploads\/2026\/01\/BG-cidade.png);\n}\n#section_707834271 .section-bg {\n  background-position: 63% 72%;\n}\n@media (min-width:550px) {\n  #section_707834271 .section-bg-overlay {\n    background-color: rgba(0, 0, 0, 0.192);\n  }\n}\n<\/style>\n\t<\/section>\n\t\n\n\n<div style=\"\n  position: relative;\n  width: 100%;\n  height: 700px;\n  overflow: hidden;\n  border-radius: 16px;\n\">\n  <iframe src=\"https:\/\/www.google.com\/maps\/d\/embed?mid=1Wdp4qT6HyVKffR3w7sEn0LhvjbbO2wI\" width=\"100%\" height=\"700\" style=\"\n      border:0;\n      position:absolute;\n      top:-70px;\n      left:0;\n    \" loading=\"lazy\">\n  <\/iframe>\n<\/div>\n\n\t<section class=\"section\" id=\"section_1860705480\">\n\t\t<div class=\"bg section-bg fill bg-fill  bg-loaded\" >\n\n\t\t\t\n\t\t\t\n\t\t\t\n\n\t\t<\/div>\n\n\t\t\n\n\t\t<div class=\"section-content relative\">\n\t\t\t\n\n<div class=\"row\"  id=\"row-1431180020\">\n\n\n\t<div id=\"col-144994709\" class=\"col hide-for-medium small-12 large-12\"  >\n\t\t\t\t<div class=\"col-inner text-right\"  >\n\t\t\t\n\t\t\t\n\n\t<div class=\"img has-hover x md-x lg-x y md-y lg-y\" id=\"image_375447811\">\n\t\t\t\t\t\t\t\t<div class=\"img-inner dark\" >\n\t\t\t<img loading=\"lazy\" decoding=\"async\" width=\"972\" height=\"153\" src=\"https:\/\/nexuscidadesinteligentes.com.br\/forum-transporte\/wp-content\/uploads\/2026\/01\/wqeqwe-1024x15deqweqas3.png\" class=\"attachment-large size-large\" alt=\"\" srcset=\"https:\/\/nexuscidadesinteligentes.com.br\/forum-transporte\/wp-content\/uploads\/2026\/01\/wqeqwe-1024x15deqweqas3.png 972w, https:\/\/nexuscidadesinteligentes.com.br\/forum-transporte\/wp-content\/uploads\/2026\/01\/wqeqwe-1024x15deqweqas3-300x47.png 300w, https:\/\/nexuscidadesinteligentes.com.br\/forum-transporte\/wp-content\/uploads\/2026\/01\/wqeqwe-1024x15deqweqas3-768x121.png 768w\" sizes=\"auto, (max-width: 972px) 100vw, 972px\" \/>\t\t\t\t\t\t\n\t\t\t\t\t<\/div>\n\t\t\t\t\t\t\t\t\n<style>\n#image_375447811 {\n  width: 34%;\n}\n<\/style>\n\t<\/div>\n\t\n\n\n\t\t<\/div>\n\t\t\t\t\t<\/div>\n\n\t\n\n\t<div id=\"col-437397197\" class=\"col show-for-small small-12 large-12\"  >\n\t\t\t\t<div class=\"col-inner text-center\"  >\n\t\t\t\n\t\t\t\n\n\t<div class=\"img has-hover x md-x lg-x y md-y lg-y\" id=\"image_270004825\">\n\t\t\t\t\t\t\t\t<div class=\"img-inner dark\" >\n\t\t\t<img loading=\"lazy\" decoding=\"async\" width=\"972\" height=\"153\" src=\"https:\/\/nexuscidadesinteligentes.com.br\/forum-transporte\/wp-content\/uploads\/2026\/01\/wqeqwe-1024x15deqweqas3.png\" class=\"attachment-large size-large\" alt=\"\" srcset=\"https:\/\/nexuscidadesinteligentes.com.br\/forum-transporte\/wp-content\/uploads\/2026\/01\/wqeqwe-1024x15deqweqas3.png 972w, https:\/\/nexuscidadesinteligentes.com.br\/forum-transporte\/wp-content\/uploads\/2026\/01\/wqeqwe-1024x15deqweqas3-300x47.png 300w, https:\/\/nexuscidadesinteligentes.com.br\/forum-transporte\/wp-content\/uploads\/2026\/01\/wqeqwe-1024x15deqweqas3-768x121.png 768w\" sizes=\"auto, (max-width: 972px) 100vw, 972px\" \/>\t\t\t\t\t\t\n\t\t\t\t\t<\/div>\n\t\t\t\t\t\t\t\t\n<style>\n#image_270004825 {\n  width: 100%;\n}\n@media (min-width:550px) {\n  #image_270004825 {\n    width: 34%;\n  }\n}\n<\/style>\n\t<\/div>\n\t\n\n\n\t\t<\/div>\n\t\t\t\t\n<style>\n#col-437397197 > .col-inner {\n  padding: 0px 10px 0px 10px;\n}\n<\/style>\n\t<\/div>\n\n\t\n\n<\/div>\n\n\t\t<\/div>\n\n\t\t\n<style>\n#section_1860705480 {\n  padding-top: 30px;\n  padding-bottom: 30px;\n}\n<\/style>\n\t<\/section>\n\t\n\n","protected":false},"excerpt":{"rendered":"","protected":false},"author":1,"featured_media":0,"parent":0,"menu_order":0,"comment_status":"closed","ping_status":"closed","template":"page-blank-landingpage.php","meta":{"footnotes":""},"class_list":["post-13","page","type-page","status-publish","hentry"],"_links":{"self":[{"href":"https:\/\/nexuscidadesinteligentes.com.br\/forum-transporte\/wp-json\/wp\/v2\/pages\/13","targetHints":{"allow":["GET"]}}],"collection":[{"href":"https:\/\/nexuscidadesinteligentes.com.br\/forum-transporte\/wp-json\/wp\/v2\/pages"}],"about":[{"href":"https:\/\/nexuscidadesinteligentes.com.br\/forum-transporte\/wp-json\/wp\/v2\/types\/page"}],"author":[{"embeddable":true,"href":"https:\/\/nexuscidadesinteligentes.com.br\/forum-transporte\/wp-json\/wp\/v2\/users\/1"}],"replies":[{"embeddable":true,"href":"https:\/\/nexuscidadesinteligentes.com.br\/forum-transporte\/wp-json\/wp\/v2\/comments?post=13"}],"version-history":[{"count":209,"href":"https:\/\/nexuscidadesinteligentes.com.br\/forum-transporte\/wp-json\/wp\/v2\/pages\/13\/revisions"}],"predecessor-version":[{"id":343,"href":"https:\/\/nexuscidadesinteligentes.com.br\/forum-transporte\/wp-json\/wp\/v2\/pages\/13\/revisions\/343"}],"wp:attachment":[{"href":"https:\/\/nexuscidadesinteligentes.com.br\/forum-transporte\/wp-json\/wp\/v2\/media?parent=13"}],"curies":[{"name":"wp","href":"https:\/\/api.w.org\/{rel}","templated":true}]}}